{"id":600,"date":"2025-06-27T09:59:00","date_gmt":"2025-06-27T07:59:00","guid":{"rendered":"https:\/\/cerda-advocats.es\/inici\/"},"modified":"2025-08-11T19:46:07","modified_gmt":"2025-08-11T17:46:07","slug":"inici","status":"publish","type":"page","link":"https:\/\/cerda-advocats.es\/ca\/","title":{"rendered":"Inici"},"content":{"rendered":"\t\t<div data-elementor-type=\"wp-page\" data-elementor-id=\"600\" class=\"elementor elementor-600 elementor-2\" data-elementor-post-type=\"page\">\n\t\t\t\t<div class=\"elementor-element elementor-element-5f0296a8 e-flex e-con-boxed e-con e-parent\" data-id=\"5f0296a8\" data-element_type=\"container\" data-settings=\"{&quot;background_background&quot;:&quot;slideshow&quot;,&quot;shape_divider_bottom&quot;:&quot;opacity-tilt&quot;,&quot;background_slideshow_gallery&quot;:[{&quot;id&quot;:421,&quot;url&quot;:&quot;https:\\\/\\\/cerda-advocats.es\\\/wp-content\\\/uploads\\\/2025\\\/07\\\/Ibiza_Town_Port_Area_1965_min.jpg&quot;},{&quot;id&quot;:427,&quot;url&quot;:&quot;https:\\\/\\\/cerda-advocats.es\\\/wp-content\\\/uploads\\\/2025\\\/07\\\/curiosidades-anecdotas-ibiza-ALBERT-SCHWARZ-3.jpg&quot;},{&quot;id&quot;:422,&quot;url&quot;:&quot;https:\\\/\\\/cerda-advocats.es\\\/wp-content\\\/uploads\\\/2025\\\/07\\\/despedida-barco-ibiza-anos-70.jpg&quot;},{&quot;id&quot;:423,&quot;url&quot;:&quot;https:\\\/\\\/cerda-advocats.es\\\/wp-content\\\/uploads\\\/2025\\\/07\\\/b33efa18-8566-458a-ae98-833000571bb8_16-9-discover-aspect-ratio_default_1111141.webp&quot;},{&quot;id&quot;:428,&quot;url&quot;:&quot;https:\\\/\\\/cerda-advocats.es\\\/wp-content\\\/uploads\\\/2025\\\/07\\\/Montesol-Ibiza-anos-70.jpg&quot;},{&quot;id&quot;:424,&quot;url&quot;:&quot;https:\\\/\\\/cerda-advocats.es\\\/wp-content\\\/uploads\\\/2025\\\/07\\\/payesas-hippies-Foto_josep-soler-soler-2.webp&quot;},{&quot;id&quot;:425,&quot;url&quot;:&quot;https:\\\/\\\/cerda-advocats.es\\\/wp-content\\\/uploads\\\/2025\\\/07\\\/rollos-de-papel-ibiza.jpg&quot;},{&quot;id&quot;:426,&quot;url&quot;:&quot;https:\\\/\\\/cerda-advocats.es\\\/wp-content\\\/uploads\\\/2025\\\/07\\\/FOndapepe1.jpg&quot;},{&quot;id&quot;:429,&quot;url&quot;:&quot;https:\\\/\\\/cerda-advocats.es\\\/wp-content\\\/uploads\\\/2025\\\/07\\\/891cad9f-9702-4675-b231-f5fe9569bd07_16-9-aspect-ratio_default_1050046.webp&quot;}],&quot;background_slideshow_loop&quot;:&quot;yes&quot;,&quot;background_slideshow_slide_duration&quot;:5000,&quot;background_slideshow_slide_transition&quot;:&quot;fade&quot;,&quot;background_slideshow_transition_duration&quot;:500,&quot;background_motion_fx_devices&quot;:[&quot;desktop&quot;,&quot;tablet&quot;,&quot;mobile&quot;]}\">\n\t\t\t\t\t<div class=\"e-con-inner\">\n\t\t\t\t<div class=\"elementor-shape elementor-shape-bottom\" aria-hidden=\"true\" data-negative=\"false\">\n\t\t\t<svg xmlns=\"http:\/\/www.w3.org\/2000\/svg\" viewBox=\"0 0 2600 131.1\" preserveAspectRatio=\"none\">\n\t<path class=\"elementor-shape-fill\" d=\"M0 0L2600 0 2600 69.1 0 0z\"\/>\n\t<path class=\"elementor-shape-fill\" style=\"opacity:0.5\" d=\"M0 0L2600 0 2600 69.1 0 69.1z\"\/>\n\t<path class=\"elementor-shape-fill\" style=\"opacity:0.25\" d=\"M2600 0L0 0 0 130.1 2600 69.1z\"\/>\n<\/svg>\t\t<\/div>\n\t\t\t\t<div class=\"elementor-element elementor-element-d29aeca elementor-widget-divider--view-line_text elementor-widget-divider--element-align-center elementor-invisible elementor-widget elementor-widget-divider\" data-id=\"d29aeca\" data-element_type=\"widget\" data-settings=\"{&quot;_animation&quot;:&quot;fadeInUp&quot;}\" data-widget_type=\"divider.default\">\n\t\t\t\t<div class=\"elementor-widget-container\">\n\t\t\t\t\t\t\t<div class=\"elementor-divider\">\n\t\t\t<span class=\"elementor-divider-separator\">\n\t\t\t\t\t\t\t<span class=\"elementor-divider__text elementor-divider__element\">\n\t\t\t\tDES DE 2010\t\t\t\t<\/span>\n\t\t\t\t\t\t<\/span>\n\t\t<\/div>\n\t\t\t\t\t\t<\/div>\n\t\t\t\t<\/div>\n\t\t\t\t<div class=\"elementor-element elementor-element-1c843ca blue-span elementor-invisible elementor-widget elementor-widget-heading\" data-id=\"1c843ca\" data-element_type=\"widget\" data-settings=\"{&quot;_animation&quot;:&quot;fadeInUp&quot;}\" data-widget_type=\"heading.default\">\n\t\t\t\t<div class=\"elementor-widget-container\">\n\t\t\t\t\t<div class=\"elementor-heading-title elementor-size-default\">Cerd\u00e0 <span>Advocats<\/span><\/div>\t\t\t\t<\/div>\n\t\t\t\t<\/div>\n\t\t\t\t<div class=\"elementor-element elementor-element-e5541ac elementor-invisible elementor-widget elementor-widget-heading\" data-id=\"e5541ac\" data-element_type=\"widget\" data-settings=\"{&quot;_animation&quot;:&quot;fadeInUp&quot;}\" data-widget_type=\"heading.default\">\n\t\t\t\t<div class=\"elementor-widget-container\">\n\t\t\t\t\t<h2 class=\"elementor-heading-title elementor-size-default\">DESPATX D'ADVOCATS<\/h2>\t\t\t\t<\/div>\n\t\t\t\t<\/div>\n\t\t\t\t\t<\/div>\n\t\t\t\t<\/div>\n\t\t<div class=\"elementor-element elementor-element-4cc71879 e-flex e-con-boxed e-con e-parent\" data-id=\"4cc71879\" data-element_type=\"container\">\n\t\t\t\t\t<div class=\"e-con-inner\">\n\t\t<div class=\"elementor-element elementor-element-64909833 e-con-full e-flex e-con e-child\" data-id=\"64909833\" data-element_type=\"container\">\n\t\t\t\t<div class=\"elementor-element elementor-element-323e5e16 elementor-invisible elementor-widget elementor-widget-heading\" data-id=\"323e5e16\" data-element_type=\"widget\" data-settings=\"{&quot;_animation&quot;:&quot;fadeInUp&quot;}\" data-widget_type=\"heading.default\">\n\t\t\t\t<div class=\"elementor-widget-container\">\n\t\t\t\t\t<p class=\"elementor-heading-title elementor-size-default\">Tenim la\nresposta legal\nque necessiteu<\/p>\t\t\t\t<\/div>\n\t\t\t\t<\/div>\n\t\t\t\t<div class=\"elementor-element elementor-element-4dd7180b elementor-invisible elementor-widget elementor-widget-heading\" data-id=\"4dd7180b\" data-element_type=\"widget\" data-settings=\"{&quot;_animation&quot;:&quot;fadeInUp&quot;}\" data-widget_type=\"heading.default\">\n\t\t\t\t<div class=\"elementor-widget-container\">\n\t\t\t\t\t<p class=\"elementor-heading-title elementor-size-default\">Cerd\u00e0 Advocats \u00e9s un despatx generalista a Eivissa.<\/p>\t\t\t\t<\/div>\n\t\t\t\t<\/div>\n\t\t\t\t<div class=\"elementor-element elementor-element-fd221b1 elementor-widget elementor-widget-text-editor\" data-id=\"fd221b1\" data-element_type=\"widget\" data-widget_type=\"text-editor.default\">\n\t\t\t\t<div class=\"elementor-widget-container\">\n\t\t\t\t\t\t\t\t\t<p>Resposta jur\u00eddica amb visi\u00f3 global i multidisciplin\u00e0ria a totes les necessitats dels seus clients.<\/p>\t\t\t\t\t\t\t\t<\/div>\n\t\t\t\t<\/div>\n\t\t\t\t<\/div>\n\t\t<div class=\"elementor-element elementor-element-c7393ea e-con-full e-flex e-con e-child\" data-id=\"c7393ea\" data-element_type=\"container\">\n\t\t\t\t<div class=\"elementor-element elementor-element-e94c8a2 elementor-widget elementor-widget-button\" data-id=\"e94c8a2\" data-element_type=\"widget\" data-widget_type=\"button.default\">\n\t\t\t\t<div class=\"elementor-widget-container\">\n\t\t\t\t\t\t\t\t\t<div class=\"elementor-button-wrapper\">\n\t\t\t\t\t<a class=\"elementor-button elementor-button-link elementor-size-sm\" href=\"https:\/\/cerda-advocats.es\/ca\/contacte\/\">\n\t\t\t\t\t\t<span class=\"elementor-button-content-wrapper\">\n\t\t\t\t\t\t\t\t\t<span class=\"elementor-button-text\">Vull una cita<\/span>\n\t\t\t\t\t<\/span>\n\t\t\t\t\t<\/a>\n\t\t\t\t<\/div>\n\t\t\t\t\t\t\t\t<\/div>\n\t\t\t\t<\/div>\n\t\t\t\t<div class=\"elementor-element elementor-element-db35882 elementor-widget elementor-widget-button\" data-id=\"db35882\" data-element_type=\"widget\" data-widget_type=\"button.default\">\n\t\t\t\t<div class=\"elementor-widget-container\">\n\t\t\t\t\t\t\t\t\t<div class=\"elementor-button-wrapper\">\n\t\t\t\t\t<a class=\"elementor-button elementor-button-link elementor-size-sm\" href=\"https:\/\/cerda-advocats.es\/ca\/qui-som\/\">\n\t\t\t\t\t\t<span class=\"elementor-button-content-wrapper\">\n\t\t\t\t\t\t\t\t\t<span class=\"elementor-button-text\">Sobre nosaltres<\/span>\n\t\t\t\t\t<\/span>\n\t\t\t\t\t<\/a>\n\t\t\t\t<\/div>\n\t\t\t\t\t\t\t\t<\/div>\n\t\t\t\t<\/div>\n\t\t\t\t<\/div>\n\t\t\t\t\t<\/div>\n\t\t\t\t<\/div>\n\t\t<div class=\"elementor-element elementor-element-4d2e9430 e-flex e-con-boxed e-con e-parent\" data-id=\"4d2e9430\" data-element_type=\"container\" data-settings=\"{&quot;background_background&quot;:&quot;classic&quot;}\">\n\t\t\t\t\t<div class=\"e-con-inner\">\n\t\t<div class=\"elementor-element elementor-element-6abea0b8 e-con-full e-flex e-con e-child\" data-id=\"6abea0b8\" data-element_type=\"container\">\n\t\t\t\t<div class=\"elementor-element elementor-element-1435d5d0 elementor-invisible elementor-widget elementor-widget-heading\" data-id=\"1435d5d0\" data-element_type=\"widget\" data-settings=\"{&quot;_animation&quot;:&quot;fadeInUp&quot;}\" data-widget_type=\"heading.default\">\n\t\t\t\t<div class=\"elementor-widget-container\">\n\t\t\t\t\t<h2 class=\"elementor-heading-title elementor-size-default\">Serveis<\/h2>\t\t\t\t<\/div>\n\t\t\t\t<\/div>\n\t\t\t\t<div class=\"elementor-element elementor-element-2f690501 elementor-invisible elementor-widget elementor-widget-heading\" data-id=\"2f690501\" data-element_type=\"widget\" data-settings=\"{&quot;_animation&quot;:&quot;fadeInUp&quot;}\" data-widget_type=\"heading.default\">\n\t\t\t\t<div class=\"elementor-widget-container\">\n\t\t\t\t\t<h3 class=\"elementor-heading-title elementor-size-default\">A Cerd\u00e0 Advocats, oferim assessorament expert en diverses \u00e0rees del dret.<\/h3>\t\t\t\t<\/div>\n\t\t\t\t<\/div>\n\t\t<div class=\"elementor-element elementor-element-71502a71 e-con-full e-flex elementor-invisible e-con e-child\" data-id=\"71502a71\" data-element_type=\"container\" data-settings=\"{&quot;animation&quot;:&quot;fadeInUp&quot;}\">\n\t\t<a class=\"elementor-element elementor-element-3feb857b e-con-full e-flex e-con e-child\" data-id=\"3feb857b\" data-element_type=\"container\" data-settings=\"{&quot;background_background&quot;:&quot;classic&quot;}\" href=\"https:\/\/cerda-advocats.es\/ca\/serveis\/advocat-dret-civil\/\">\n\t\t\t\t<div class=\"elementor-element elementor-element-b2cdc13 elementor-widget elementor-widget-image\" data-id=\"b2cdc13\" data-element_type=\"widget\" data-widget_type=\"image.default\">\n\t\t\t\t<div class=\"elementor-widget-container\">\n\t\t\t\t\t\t\t\t\t\t\t\t\t\t\t<img decoding=\"async\" width=\"75\" height=\"75\" src=\"https:\/\/cerda-advocats.es\/wp-content\/uploads\/2025\/07\/i-civil.png\" class=\"attachment-large size-large wp-image-573\" alt=\"\" \/>\t\t\t\t\t\t\t\t\t\t\t\t\t\t\t<\/div>\n\t\t\t\t<\/div>\n\t\t\t\t<div class=\"elementor-element elementor-element-3a68dea3 elementor-widget elementor-widget-icon-box\" data-id=\"3a68dea3\" data-element_type=\"widget\" data-widget_type=\"icon-box.default\">\n\t\t\t\t<div class=\"elementor-widget-container\">\n\t\t\t\t\t\t\t<div class=\"elementor-icon-box-wrapper\">\n\n\t\t\t\n\t\t\t\t\t\t<div class=\"elementor-icon-box-content\">\n\n\t\t\t\t\t\t\t\t\t<h4 class=\"elementor-icon-box-title\">\n\t\t\t\t\t\t<span  >\n\t\t\t\t\t\t\tAdvocat Dret Civil\t\t\t\t\t\t<\/span>\n\t\t\t\t\t<\/h4>\n\t\t\t\t\n\t\t\t\t\t\t\t\t\t<p class=\"elementor-icon-box-description\">\n\t\t\t\t\t\tA Cerd\u00e0-Advocats resolem conflictes civils amb rigor i experi\u00e8ncia: fam\u00edlia, contractes, propietat, successions i responsabilitat civil.\t\t\t\t\t<\/p>\n\t\t\t\t\n\t\t\t<\/div>\n\t\t\t\n\t\t<\/div>\n\t\t\t\t\t\t<\/div>\n\t\t\t\t<\/div>\n\t\t\t\t<\/a>\n\t\t<a class=\"elementor-element elementor-element-4e1f47ef e-con-full e-flex e-con e-child\" data-id=\"4e1f47ef\" data-element_type=\"container\" data-settings=\"{&quot;background_background&quot;:&quot;classic&quot;}\" href=\"https:\/\/cerda-advocats.es\/ca\/serveis\/advocats-de-familia\/\">\n\t\t\t\t<div class=\"elementor-element elementor-element-20ef3fb elementor-widget elementor-widget-image\" data-id=\"20ef3fb\" data-element_type=\"widget\" data-widget_type=\"image.default\">\n\t\t\t\t<div class=\"elementor-widget-container\">\n\t\t\t\t\t\t\t\t\t\t\t\t\t\t\t<img decoding=\"async\" width=\"75\" height=\"75\" src=\"https:\/\/cerda-advocats.es\/wp-content\/uploads\/2025\/07\/i-familia.png\" class=\"attachment-large size-large wp-image-572\" alt=\"\" \/>\t\t\t\t\t\t\t\t\t\t\t\t\t\t\t<\/div>\n\t\t\t\t<\/div>\n\t\t\t\t<div class=\"elementor-element elementor-element-409e9039 elementor-widget elementor-widget-icon-box\" data-id=\"409e9039\" data-element_type=\"widget\" data-widget_type=\"icon-box.default\">\n\t\t\t\t<div class=\"elementor-widget-container\">\n\t\t\t\t\t\t\t<div class=\"elementor-icon-box-wrapper\">\n\n\t\t\t\n\t\t\t\t\t\t<div class=\"elementor-icon-box-content\">\n\n\t\t\t\t\t\t\t\t\t<h4 class=\"elementor-icon-box-title\">\n\t\t\t\t\t\t<span  >\n\t\t\t\t\t\t\tAdvocats de Fam\u00edlia\t\t\t\t\t\t<\/span>\n\t\t\t\t\t<\/h4>\n\t\t\t\t\n\t\t\t\t\t\t\t\t\t<p class=\"elementor-icon-box-description\">\n\t\t\t\t\t\tAdvocats experts en Dret de Fam\u00edlia a Eivissa. T'acompanyem amb comprom\u00eds en divorcis, cust\u00f2dies i modificaci\u00f3 de mesures.\t\t\t\t\t<\/p>\n\t\t\t\t\n\t\t\t<\/div>\n\t\t\t\n\t\t<\/div>\n\t\t\t\t\t\t<\/div>\n\t\t\t\t<\/div>\n\t\t\t\t<\/a>\n\t\t<a class=\"elementor-element elementor-element-123f81ae e-con-full e-flex e-con e-child\" data-id=\"123f81ae\" data-element_type=\"container\" data-settings=\"{&quot;background_background&quot;:&quot;classic&quot;}\" href=\"https:\/\/cerda-advocats.es\/ca\/serveis\/advocats-de-dret-destrangeria\/\">\n\t\t\t\t<div class=\"elementor-element elementor-element-f2da28e elementor-widget elementor-widget-image\" data-id=\"f2da28e\" data-element_type=\"widget\" data-widget_type=\"image.default\">\n\t\t\t\t<div class=\"elementor-widget-container\">\n\t\t\t\t\t\t\t\t\t\t\t\t\t\t\t<img decoding=\"async\" width=\"75\" height=\"75\" src=\"https:\/\/cerda-advocats.es\/wp-content\/uploads\/2025\/07\/i-extranjeria.png\" class=\"attachment-large size-large wp-image-571\" alt=\"\" \/>\t\t\t\t\t\t\t\t\t\t\t\t\t\t\t<\/div>\n\t\t\t\t<\/div>\n\t\t\t\t<div class=\"elementor-element elementor-element-4c73c584 elementor-widget elementor-widget-icon-box\" data-id=\"4c73c584\" data-element_type=\"widget\" data-widget_type=\"icon-box.default\">\n\t\t\t\t<div class=\"elementor-widget-container\">\n\t\t\t\t\t\t\t<div class=\"elementor-icon-box-wrapper\">\n\n\t\t\t\n\t\t\t\t\t\t<div class=\"elementor-icon-box-content\">\n\n\t\t\t\t\t\t\t\t\t<h4 class=\"elementor-icon-box-title\">\n\t\t\t\t\t\t<span  >\n\t\t\t\t\t\t\tEstrangeria\t\t\t\t\t\t<\/span>\n\t\t\t\t\t<\/h4>\n\t\t\t\t\n\t\t\t\t\t\t\t\t\t<p class=\"elementor-icon-box-description\">\n\t\t\t\t\t\tEspecialistes en Dret d'Estrangeria, combinem experi\u00e8ncia judicial i coneixement administratiu per ajudar-te a assolir els teus objectius legals.\t\t\t\t\t<\/p>\n\t\t\t\t\n\t\t\t<\/div>\n\t\t\t\n\t\t<\/div>\n\t\t\t\t\t\t<\/div>\n\t\t\t\t<\/div>\n\t\t\t\t<\/a>\n\t\t\t\t<\/div>\n\t\t\t\t<div class=\"elementor-element elementor-element-45e2b41a elementor-align-right elementor-mobile-align-center elementor-invisible elementor-widget elementor-widget-button\" data-id=\"45e2b41a\" data-element_type=\"widget\" data-settings=\"{&quot;_animation&quot;:&quot;fadeInUp&quot;}\" data-widget_type=\"button.default\">\n\t\t\t\t<div class=\"elementor-widget-container\">\n\t\t\t\t\t\t\t\t\t<div class=\"elementor-button-wrapper\">\n\t\t\t\t\t<a class=\"elementor-button elementor-button-link elementor-size-sm\" href=\"https:\/\/cerda-advocats.es\/ca\/serveis\/\">\n\t\t\t\t\t\t<span class=\"elementor-button-content-wrapper\">\n\t\t\t\t\t\t<span class=\"elementor-button-icon\">\n\t\t\t\t<svg aria-hidden=\"true\" class=\"e-font-icon-svg e-fas-long-arrow-alt-right\" viewBox=\"0 0 448 512\" xmlns=\"http:\/\/www.w3.org\/2000\/svg\"><path d=\"M313.941 216H12c-6.627 0-12 5.373-12 12v56c0 6.627 5.373 12 12 12h301.941v46.059c0 21.382 25.851 32.09 40.971 16.971l86.059-86.059c9.373-9.373 9.373-24.569 0-33.941l-86.059-86.059c-15.119-15.119-40.971-4.411-40.971 16.971V216z\"><\/path><\/svg>\t\t\t<\/span>\n\t\t\t\t\t\t\t\t\t<span class=\"elementor-button-text\">Veure tots els serveis<\/span>\n\t\t\t\t\t<\/span>\n\t\t\t\t\t<\/a>\n\t\t\t\t<\/div>\n\t\t\t\t\t\t\t\t<\/div>\n\t\t\t\t<\/div>\n\t\t\t\t<\/div>\n\t\t\t\t\t<\/div>\n\t\t\t\t<\/div>\n\t\t<div class=\"elementor-element elementor-element-e17eefa e-flex e-con-boxed e-con e-parent\" data-id=\"e17eefa\" data-element_type=\"container\" data-settings=\"{&quot;background_background&quot;:&quot;classic&quot;}\">\n\t\t\t\t\t<div class=\"e-con-inner\">\n\t\t<div class=\"elementor-element elementor-element-20f34f3 e-con-full e-flex e-con e-child\" data-id=\"20f34f3\" data-element_type=\"container\">\n\t\t\t\t<div class=\"elementor-element elementor-element-0121958 elementor-invisible elementor-widget elementor-widget-heading\" data-id=\"0121958\" data-element_type=\"widget\" data-settings=\"{&quot;_animation&quot;:&quot;fadeInUp&quot;}\" data-widget_type=\"heading.default\">\n\t\t\t\t<div class=\"elementor-widget-container\">\n\t\t\t\t\t<h2 class=\"elementor-heading-title elementor-size-default\">Preguntes freq\u00fcents<\/h2>\t\t\t\t<\/div>\n\t\t\t\t<\/div>\n\t\t\t\t<div class=\"elementor-element elementor-element-ba04253 elementor-invisible elementor-widget elementor-widget-heading\" data-id=\"ba04253\" data-element_type=\"widget\" data-settings=\"{&quot;_animation&quot;:&quot;fadeInUp&quot;}\" data-widget_type=\"heading.default\">\n\t\t\t\t<div class=\"elementor-widget-container\">\n\t\t\t\t\t<h3 class=\"elementor-heading-title elementor-size-default\">A Cerd\u00e0-Advocats estem per resoldre els vostres dubtes jur\u00eddics... i altres<\/h3>\t\t\t\t<\/div>\n\t\t\t\t<\/div>\n\t\t<div class=\"elementor-element elementor-element-61c691b e-con-full e-flex e-con e-child\" data-id=\"61c691b\" data-element_type=\"container\">\n\t\t\t\t<div class=\"elementor-element elementor-element-f84d864 elementor-widget elementor-widget-n-accordion\" data-id=\"f84d864\" data-element_type=\"widget\" data-settings=\"{&quot;default_state&quot;:&quot;all_collapsed&quot;,&quot;max_items_expended&quot;:&quot;one&quot;,&quot;n_accordion_animation_duration&quot;:{&quot;unit&quot;:&quot;ms&quot;,&quot;size&quot;:400,&quot;sizes&quot;:[]}}\" data-widget_type=\"nested-accordion.default\">\n\t\t\t\t<div class=\"elementor-widget-container\">\n\t\t\t\t\t\t\t<div class=\"e-n-accordion\" aria-label=\"Accordion. Open links with Enter or Space, close with Escape, and navigate with Arrow Keys\">\n\t\t\t\t\t\t<details id=\"e-n-accordion-item-2600\" class=\"e-n-accordion-item\" >\n\t\t\t\t<summary class=\"e-n-accordion-item-title\" data-accordion-index=\"1\" tabindex=\"0\" aria-expanded=\"false\" aria-controls=\"e-n-accordion-item-2600\" >\n\t\t\t\t\t<span class='e-n-accordion-item-title-header'><div class=\"e-n-accordion-item-title-text\"> Quan cal consultar amb un advocat? <\/div><\/span>\n\t\t\t\t\t\t\t<span class='e-n-accordion-item-title-icon'>\n\t\t\t<span class='e-opened' ><svg aria-hidden=\"true\" class=\"e-font-icon-svg e-fas-minus\" viewBox=\"0 0 448 512\" xmlns=\"http:\/\/www.w3.org\/2000\/svg\"><path d=\"M416 208H32c-17.67 0-32 14.33-32 32v32c0 17.67 14.33 32 32 32h384c17.67 0 32-14.33 32-32v-32c0-17.67-14.33-32-32-32z\"><\/path><\/svg><\/span>\n\t\t\t<span class='e-closed'><svg aria-hidden=\"true\" class=\"e-font-icon-svg e-fas-plus\" viewBox=\"0 0 448 512\" xmlns=\"http:\/\/www.w3.org\/2000\/svg\"><path d=\"M416 208H272V64c0-17.67-14.33-32-32-32h-32c-17.67 0-32 14.33-32 32v144H32c-17.67 0-32 14.33-32 32v32c0 17.67 14.33 32 32 32h144v144c0 17.67 14.33 32 32 32h32c17.67 0 32-14.33 32-32V304h144c17.67 0 32-14.33 32-32v-32c0-17.67-14.33-32-32-32z\"><\/path><\/svg><\/span>\n\t\t<\/span>\n\n\t\t\t\t\t\t<\/summary>\n\t\t\t\t<div role=\"region\" aria-labelledby=\"e-n-accordion-item-2600\" class=\"elementor-element elementor-element-940bca1 e-con-full e-flex e-con e-child\" data-id=\"940bca1\" data-element_type=\"container\">\n\t\t\t\t<div class=\"elementor-element elementor-element-b3e99bb elementor-widget elementor-widget-text-editor\" data-id=\"b3e99bb\" data-element_type=\"widget\" data-widget_type=\"text-editor.default\">\n\t\t\t\t<div class=\"elementor-widget-container\">\n\t\t\t\t\t\t\t\t\t<p>Sempre que tingueu un dubte de car\u00e0cter jur\u00eddic. I, per descomptat, sempre que rebeu un requeriment de particulars o de l&#8217;Administraci\u00f3 i quan sigueu empla\u00e7at per un Jutjat. La consulta pr\u00e8via amb un advocat sempre \u00e9s una bona opci\u00f3 que us pot evitar molts maldecaps i, el que \u00e9s m\u00e9s important, preservar els vostres interessos.<\/p>\t\t\t\t\t\t\t\t<\/div>\n\t\t\t\t<\/div>\n\t\t\t\t<\/div>\n\t\t\t\t\t<\/details>\n\t\t\t\t\t\t<details id=\"e-n-accordion-item-2601\" class=\"e-n-accordion-item\" >\n\t\t\t\t<summary class=\"e-n-accordion-item-title\" data-accordion-index=\"2\" tabindex=\"-1\" aria-expanded=\"false\" aria-controls=\"e-n-accordion-item-2601\" >\n\t\t\t\t\t<span class='e-n-accordion-item-title-header'><div class=\"e-n-accordion-item-title-text\"> Quan costa una consulta amb Cerd\u00e0-Advocats? <\/div><\/span>\n\t\t\t\t\t\t\t<span class='e-n-accordion-item-title-icon'>\n\t\t\t<span class='e-opened' ><svg aria-hidden=\"true\" class=\"e-font-icon-svg e-fas-minus\" viewBox=\"0 0 448 512\" xmlns=\"http:\/\/www.w3.org\/2000\/svg\"><path d=\"M416 208H32c-17.67 0-32 14.33-32 32v32c0 17.67 14.33 32 32 32h384c17.67 0 32-14.33 32-32v-32c0-17.67-14.33-32-32-32z\"><\/path><\/svg><\/span>\n\t\t\t<span class='e-closed'><svg aria-hidden=\"true\" class=\"e-font-icon-svg e-fas-plus\" viewBox=\"0 0 448 512\" xmlns=\"http:\/\/www.w3.org\/2000\/svg\"><path d=\"M416 208H272V64c0-17.67-14.33-32-32-32h-32c-17.67 0-32 14.33-32 32v144H32c-17.67 0-32 14.33-32 32v32c0 17.67 14.33 32 32 32h144v144c0 17.67 14.33 32 32 32h32c17.67 0 32-14.33 32-32V304h144c17.67 0 32-14.33 32-32v-32c0-17.67-14.33-32-32-32z\"><\/path><\/svg><\/span>\n\t\t<\/span>\n\n\t\t\t\t\t\t<\/summary>\n\t\t\t\t<div role=\"region\" aria-labelledby=\"e-n-accordion-item-2601\" class=\"elementor-element elementor-element-ebee1f9 e-con-full e-flex e-con e-child\" data-id=\"ebee1f9\" data-element_type=\"container\">\n\t\t\t\t<div class=\"elementor-element elementor-element-61dd107 elementor-widget elementor-widget-text-editor\" data-id=\"61dd107\" data-element_type=\"widget\" data-widget_type=\"text-editor.default\">\n\t\t\t\t<div class=\"elementor-widget-container\">\n\t\t\t\t\t\t\t\t\t<p>75 euros, IVA incl\u00f2s. Aquesta \u00e9s la nostra tarifa per a una primera consulta amb revisi\u00f3 de documentaci\u00f3, si cal, i a c\u00e0rrec de l&#8217;advocat o advocats que millor puguin resoldre els vostres dubtes o ajudar-vos en el vostre conflicte jur\u00eddic.<\/p>\t\t\t\t\t\t\t\t<\/div>\n\t\t\t\t<\/div>\n\t\t\t\t<\/div>\n\t\t\t\t\t<\/details>\n\t\t\t\t\t\t<details id=\"e-n-accordion-item-2602\" class=\"e-n-accordion-item\" >\n\t\t\t\t<summary class=\"e-n-accordion-item-title\" data-accordion-index=\"3\" tabindex=\"-1\" aria-expanded=\"false\" aria-controls=\"e-n-accordion-item-2602\" >\n\t\t\t\t\t<span class='e-n-accordion-item-title-header'><div class=\"e-n-accordion-item-title-text\"> \u00c9s car Cerd\u00e0-Advocats? <\/div><\/span>\n\t\t\t\t\t\t\t<span class='e-n-accordion-item-title-icon'>\n\t\t\t<span class='e-opened' ><svg aria-hidden=\"true\" class=\"e-font-icon-svg e-fas-minus\" viewBox=\"0 0 448 512\" xmlns=\"http:\/\/www.w3.org\/2000\/svg\"><path d=\"M416 208H32c-17.67 0-32 14.33-32 32v32c0 17.67 14.33 32 32 32h384c17.67 0 32-14.33 32-32v-32c0-17.67-14.33-32-32-32z\"><\/path><\/svg><\/span>\n\t\t\t<span class='e-closed'><svg aria-hidden=\"true\" class=\"e-font-icon-svg e-fas-plus\" viewBox=\"0 0 448 512\" xmlns=\"http:\/\/www.w3.org\/2000\/svg\"><path d=\"M416 208H272V64c0-17.67-14.33-32-32-32h-32c-17.67 0-32 14.33-32 32v144H32c-17.67 0-32 14.33-32 32v32c0 17.67 14.33 32 32 32h144v144c0 17.67 14.33 32 32 32h32c17.67 0 32-14.33 32-32V304h144c17.67 0 32-14.33 32-32v-32c0-17.67-14.33-32-32-32z\"><\/path><\/svg><\/span>\n\t\t<\/span>\n\n\t\t\t\t\t\t<\/summary>\n\t\t\t\t<div role=\"region\" aria-labelledby=\"e-n-accordion-item-2602\" class=\"elementor-element elementor-element-71e8f7f e-con-full e-flex e-con e-child\" data-id=\"71e8f7f\" data-element_type=\"container\">\n\t\t\t\t<div class=\"elementor-element elementor-element-47fd14a elementor-widget elementor-widget-text-editor\" data-id=\"47fd14a\" data-element_type=\"widget\" data-widget_type=\"text-editor.default\">\n\t\t\t\t<div class=\"elementor-widget-container\">\n\t\t\t\t\t\t\t\t\t<p>No, no ho \u00e9s. Objectivament, els nostres honoraris estan per sota dels habituals en l&#8217;advocacia. En tot cas, quan un client contracta els nostres serveis, n&#8217;avaluem el cost amb claredat i l&#8217;informem. Sense sorpreses.<\/p>\t\t\t\t\t\t\t\t<\/div>\n\t\t\t\t<\/div>\n\t\t\t\t<\/div>\n\t\t\t\t\t<\/details>\n\t\t\t\t\t\t<details id=\"e-n-accordion-item-2603\" class=\"e-n-accordion-item\" >\n\t\t\t\t<summary class=\"e-n-accordion-item-title\" data-accordion-index=\"4\" tabindex=\"-1\" aria-expanded=\"false\" aria-controls=\"e-n-accordion-item-2603\" >\n\t\t\t\t\t<span class='e-n-accordion-item-title-header'><div class=\"e-n-accordion-item-title-text\"> Podr\u00e9 tenir informaci\u00f3 constant de com va el meu? <\/div><\/span>\n\t\t\t\t\t\t\t<span class='e-n-accordion-item-title-icon'>\n\t\t\t<span class='e-opened' ><svg aria-hidden=\"true\" class=\"e-font-icon-svg e-fas-minus\" viewBox=\"0 0 448 512\" xmlns=\"http:\/\/www.w3.org\/2000\/svg\"><path d=\"M416 208H32c-17.67 0-32 14.33-32 32v32c0 17.67 14.33 32 32 32h384c17.67 0 32-14.33 32-32v-32c0-17.67-14.33-32-32-32z\"><\/path><\/svg><\/span>\n\t\t\t<span class='e-closed'><svg aria-hidden=\"true\" class=\"e-font-icon-svg e-fas-plus\" viewBox=\"0 0 448 512\" xmlns=\"http:\/\/www.w3.org\/2000\/svg\"><path d=\"M416 208H272V64c0-17.67-14.33-32-32-32h-32c-17.67 0-32 14.33-32 32v144H32c-17.67 0-32 14.33-32 32v32c0 17.67 14.33 32 32 32h144v144c0 17.67 14.33 32 32 32h32c17.67 0 32-14.33 32-32V304h144c17.67 0 32-14.33 32-32v-32c0-17.67-14.33-32-32-32z\"><\/path><\/svg><\/span>\n\t\t<\/span>\n\n\t\t\t\t\t\t<\/summary>\n\t\t\t\t<div role=\"region\" aria-labelledby=\"e-n-accordion-item-2603\" class=\"elementor-element elementor-element-21a84c2 e-con-full e-flex e-con e-child\" data-id=\"21a84c2\" data-element_type=\"container\">\n\t\t\t\t<div class=\"elementor-element elementor-element-93b385e elementor-widget elementor-widget-text-editor\" data-id=\"93b385e\" data-element_type=\"widget\" data-widget_type=\"text-editor.default\">\n\t\t\t\t<div class=\"elementor-widget-container\">\n\t\t\t\t\t\t\t\t\t<p>Cerd\u00e0-Advocats disposa d&#8217;un sistema inform\u00e0tic que permet al client accedir en l\u00ednia en tot moment al seu expedient amb total seguretat i confidencialitat.<\/p>\t\t\t\t\t\t\t\t<\/div>\n\t\t\t\t<\/div>\n\t\t\t\t<\/div>\n\t\t\t\t\t<\/details>\n\t\t\t\t\t<\/div>\n\t\t\t\t\t<script type=\"application\/ld+json\">{\"@context\":\"https:\\\/\\\/schema.org\",\"@type\":\"FAQPage\",\"mainEntity\":[{\"@type\":\"Question\",\"name\":\"Quan cal consultar amb un advocat?\",\"acceptedAnswer\":{\"@type\":\"Answer\",\"text\":\"\"}},{\"@type\":\"Question\",\"name\":\"Quan costa una consulta amb Cerd\\u00e0-Advocats?\",\"acceptedAnswer\":{\"@type\":\"Answer\",\"text\":\"\"}},{\"@type\":\"Question\",\"name\":\"\\u00c9s car Cerd\\u00e0-Advocats?\",\"acceptedAnswer\":{\"@type\":\"Answer\",\"text\":\"\"}},{\"@type\":\"Question\",\"name\":\"Podr\\u00e9 tenir informaci\\u00f3 constant de com va el meu?\",\"acceptedAnswer\":{\"@type\":\"Answer\",\"text\":\"\"}}]}<\/script>\n\t\t\t\t\t\t\t<\/div>\n\t\t\t\t<\/div>\n\t\t\t\t<div class=\"elementor-element elementor-element-3af9011 elementor-widget elementor-widget-n-accordion\" data-id=\"3af9011\" data-element_type=\"widget\" data-settings=\"{&quot;default_state&quot;:&quot;all_collapsed&quot;,&quot;max_items_expended&quot;:&quot;one&quot;,&quot;n_accordion_animation_duration&quot;:{&quot;unit&quot;:&quot;ms&quot;,&quot;size&quot;:400,&quot;sizes&quot;:[]}}\" data-widget_type=\"nested-accordion.default\">\n\t\t\t\t<div class=\"elementor-widget-container\">\n\t\t\t\t\t\t\t<div class=\"e-n-accordion\" aria-label=\"Accordion. Open links with Enter or Space, close with Escape, and navigate with Arrow Keys\">\n\t\t\t\t\t\t<details id=\"e-n-accordion-item-6180\" class=\"e-n-accordion-item\" >\n\t\t\t\t<summary class=\"e-n-accordion-item-title\" data-accordion-index=\"1\" tabindex=\"0\" aria-expanded=\"false\" aria-controls=\"e-n-accordion-item-6180\" >\n\t\t\t\t\t<span class='e-n-accordion-item-title-header'><div class=\"e-n-accordion-item-title-text\"> Com concerto una cita amb Cerd\u00e0-Advocats? <\/div><\/span>\n\t\t\t\t\t\t\t<span class='e-n-accordion-item-title-icon'>\n\t\t\t<span class='e-opened' ><svg aria-hidden=\"true\" class=\"e-font-icon-svg e-fas-minus\" viewBox=\"0 0 448 512\" xmlns=\"http:\/\/www.w3.org\/2000\/svg\"><path d=\"M416 208H32c-17.67 0-32 14.33-32 32v32c0 17.67 14.33 32 32 32h384c17.67 0 32-14.33 32-32v-32c0-17.67-14.33-32-32-32z\"><\/path><\/svg><\/span>\n\t\t\t<span class='e-closed'><svg aria-hidden=\"true\" class=\"e-font-icon-svg e-fas-plus\" viewBox=\"0 0 448 512\" xmlns=\"http:\/\/www.w3.org\/2000\/svg\"><path d=\"M416 208H272V64c0-17.67-14.33-32-32-32h-32c-17.67 0-32 14.33-32 32v144H32c-17.67 0-32 14.33-32 32v32c0 17.67 14.33 32 32 32h144v144c0 17.67 14.33 32 32 32h32c17.67 0 32-14.33 32-32V304h144c17.67 0 32-14.33 32-32v-32c0-17.67-14.33-32-32-32z\"><\/path><\/svg><\/span>\n\t\t<\/span>\n\n\t\t\t\t\t\t<\/summary>\n\t\t\t\t<div role=\"region\" aria-labelledby=\"e-n-accordion-item-6180\" class=\"elementor-element elementor-element-71bcdbb e-con-full e-flex e-con e-child\" data-id=\"71bcdbb\" data-element_type=\"container\">\n\t\t\t\t<div class=\"elementor-element elementor-element-a604b9d elementor-widget elementor-widget-text-editor\" data-id=\"a604b9d\" data-element_type=\"widget\" data-widget_type=\"text-editor.default\">\n\t\t\t\t<div class=\"elementor-widget-container\">\n\t\t\t\t\t\t\t\t\t<p>Res m\u00e9s f\u00e0cil. Clicant \u201cVull una cita\u201d podeu obtenir la vostra cita; avan\u00e7arem si ens expliqueu el vostre problema i ens envieu documents. La cita pot ser presencial o per videoconfer\u00e8ncia, el que us sigui m\u00e9s c\u00f2mode.<\/p>\t\t\t\t\t\t\t\t<\/div>\n\t\t\t\t<\/div>\n\t\t\t\t<\/div>\n\t\t\t\t\t<\/details>\n\t\t\t\t\t\t<details id=\"e-n-accordion-item-6181\" class=\"e-n-accordion-item\" >\n\t\t\t\t<summary class=\"e-n-accordion-item-title\" data-accordion-index=\"2\" tabindex=\"-1\" aria-expanded=\"false\" aria-controls=\"e-n-accordion-item-6181\" >\n\t\t\t\t\t<span class='e-n-accordion-item-title-header'><div class=\"e-n-accordion-item-title-text\"> Qui dirigeix Cerd\u00e0-Advocats? <\/div><\/span>\n\t\t\t\t\t\t\t<span class='e-n-accordion-item-title-icon'>\n\t\t\t<span class='e-opened' ><svg aria-hidden=\"true\" class=\"e-font-icon-svg e-fas-minus\" viewBox=\"0 0 448 512\" xmlns=\"http:\/\/www.w3.org\/2000\/svg\"><path d=\"M416 208H32c-17.67 0-32 14.33-32 32v32c0 17.67 14.33 32 32 32h384c17.67 0 32-14.33 32-32v-32c0-17.67-14.33-32-32-32z\"><\/path><\/svg><\/span>\n\t\t\t<span class='e-closed'><svg aria-hidden=\"true\" class=\"e-font-icon-svg e-fas-plus\" viewBox=\"0 0 448 512\" xmlns=\"http:\/\/www.w3.org\/2000\/svg\"><path d=\"M416 208H272V64c0-17.67-14.33-32-32-32h-32c-17.67 0-32 14.33-32 32v144H32c-17.67 0-32 14.33-32 32v32c0 17.67 14.33 32 32 32h144v144c0 17.67 14.33 32 32 32h32c17.67 0 32-14.33 32-32V304h144c17.67 0 32-14.33 32-32v-32c0-17.67-14.33-32-32-32z\"><\/path><\/svg><\/span>\n\t\t<\/span>\n\n\t\t\t\t\t\t<\/summary>\n\t\t\t\t<div role=\"region\" aria-labelledby=\"e-n-accordion-item-6181\" class=\"elementor-element elementor-element-ca0e343 e-con-full e-flex e-con e-child\" data-id=\"ca0e343\" data-element_type=\"container\">\n\t\t\t\t<div class=\"elementor-element elementor-element-b26833b elementor-widget elementor-widget-text-editor\" data-id=\"b26833b\" data-element_type=\"widget\" data-widget_type=\"text-editor.default\">\n\t\t\t\t<div class=\"elementor-widget-container\">\n\t\t\t\t\t\t\t\t\t<p>Joan Cerd\u00e0 Subirachs, advocat, Doctor en Dret, llicenciat en Ci\u00e8ncies Pol\u00edtiques i de l&#8217;Administraci\u00f3 i amb una s\u00f2lida traject\u00f2ria en el m\u00f3n de l&#8217;empresa a m\u00e9s de en l&#8217;advocacia.<\/p>\t\t\t\t\t\t\t\t<\/div>\n\t\t\t\t<\/div>\n\t\t\t\t<\/div>\n\t\t\t\t\t<\/details>\n\t\t\t\t\t\t<details id=\"e-n-accordion-item-6182\" class=\"e-n-accordion-item\" >\n\t\t\t\t<summary class=\"e-n-accordion-item-title\" data-accordion-index=\"3\" tabindex=\"-1\" aria-expanded=\"false\" aria-controls=\"e-n-accordion-item-6182\" >\n\t\t\t\t\t<span class='e-n-accordion-item-title-header'><div class=\"e-n-accordion-item-title-text\"> Em poden resoldre un problema fora dEivissa? <\/div><\/span>\n\t\t\t\t\t\t\t<span class='e-n-accordion-item-title-icon'>\n\t\t\t<span class='e-opened' ><svg aria-hidden=\"true\" class=\"e-font-icon-svg e-fas-minus\" viewBox=\"0 0 448 512\" xmlns=\"http:\/\/www.w3.org\/2000\/svg\"><path d=\"M416 208H32c-17.67 0-32 14.33-32 32v32c0 17.67 14.33 32 32 32h384c17.67 0 32-14.33 32-32v-32c0-17.67-14.33-32-32-32z\"><\/path><\/svg><\/span>\n\t\t\t<span class='e-closed'><svg aria-hidden=\"true\" class=\"e-font-icon-svg e-fas-plus\" viewBox=\"0 0 448 512\" xmlns=\"http:\/\/www.w3.org\/2000\/svg\"><path d=\"M416 208H272V64c0-17.67-14.33-32-32-32h-32c-17.67 0-32 14.33-32 32v144H32c-17.67 0-32 14.33-32 32v32c0 17.67 14.33 32 32 32h144v144c0 17.67 14.33 32 32 32h32c17.67 0 32-14.33 32-32V304h144c17.67 0 32-14.33 32-32v-32c0-17.67-14.33-32-32-32z\"><\/path><\/svg><\/span>\n\t\t<\/span>\n\n\t\t\t\t\t\t<\/summary>\n\t\t\t\t<div role=\"region\" aria-labelledby=\"e-n-accordion-item-6182\" class=\"elementor-element elementor-element-6dd12e2 e-con-full e-flex e-con e-child\" data-id=\"6dd12e2\" data-element_type=\"container\">\n\t\t\t\t<div class=\"elementor-element elementor-element-f52d1e5 elementor-widget elementor-widget-text-editor\" data-id=\"f52d1e5\" data-element_type=\"widget\" data-widget_type=\"text-editor.default\">\n\t\t\t\t<div class=\"elementor-widget-container\">\n\t\t\t\t\t\t\t\t\t<p>Per descomptat. Al marge dels mitjans tecnol\u00f2gics, cada cop m\u00e9s implantats als jutjats espanyols, Cerd\u00e0-Advocats disposa d&#8217;una \u00e0mplia xarxa de col\u00b7laboradors gr\u00e0cies a la seva traject\u00f2ria. A m\u00e9s, si cal, un advocat del despatx es despla\u00e7a a qualsevol jutjat.<\/p>\t\t\t\t\t\t\t\t<\/div>\n\t\t\t\t<\/div>\n\t\t\t\t<\/div>\n\t\t\t\t\t<\/details>\n\t\t\t\t\t\t<details id=\"e-n-accordion-item-6183\" class=\"e-n-accordion-item\" >\n\t\t\t\t<summary class=\"e-n-accordion-item-title\" data-accordion-index=\"4\" tabindex=\"-1\" aria-expanded=\"false\" aria-controls=\"e-n-accordion-item-6183\" >\n\t\t\t\t\t<span class='e-n-accordion-item-title-header'><div class=\"e-n-accordion-item-title-text\"> Puc tenir videotrucada amb l'advocat que porti el meu assumpte? <\/div><\/span>\n\t\t\t\t\t\t\t<span class='e-n-accordion-item-title-icon'>\n\t\t\t<span class='e-opened' ><svg aria-hidden=\"true\" class=\"e-font-icon-svg e-fas-minus\" viewBox=\"0 0 448 512\" xmlns=\"http:\/\/www.w3.org\/2000\/svg\"><path d=\"M416 208H32c-17.67 0-32 14.33-32 32v32c0 17.67 14.33 32 32 32h384c17.67 0 32-14.33 32-32v-32c0-17.67-14.33-32-32-32z\"><\/path><\/svg><\/span>\n\t\t\t<span class='e-closed'><svg aria-hidden=\"true\" class=\"e-font-icon-svg e-fas-plus\" viewBox=\"0 0 448 512\" xmlns=\"http:\/\/www.w3.org\/2000\/svg\"><path d=\"M416 208H272V64c0-17.67-14.33-32-32-32h-32c-17.67 0-32 14.33-32 32v144H32c-17.67 0-32 14.33-32 32v32c0 17.67 14.33 32 32 32h144v144c0 17.67 14.33 32 32 32h32c17.67 0 32-14.33 32-32V304h144c17.67 0 32-14.33 32-32v-32c0-17.67-14.33-32-32-32z\"><\/path><\/svg><\/span>\n\t\t<\/span>\n\n\t\t\t\t\t\t<\/summary>\n\t\t\t\t<div role=\"region\" aria-labelledby=\"e-n-accordion-item-6183\" class=\"elementor-element elementor-element-1e45690 e-con-full e-flex e-con e-child\" data-id=\"1e45690\" data-element_type=\"container\">\n\t\t\t\t<div class=\"elementor-element elementor-element-ed866c0 elementor-widget elementor-widget-text-editor\" data-id=\"ed866c0\" data-element_type=\"widget\" data-widget_type=\"text-editor.default\">\n\t\t\t\t<div class=\"elementor-widget-container\">\n\t\t\t\t\t\t\t\t\t<p>\u00c9s clar que s\u00ed. La videoconfer\u00e8ncia evita despla\u00e7aments i optimitza els temps. A m\u00e9s, disposem dels mitjans necessaris per combinar les reunions presencials amb les telem\u00e0tiques, cosa molt \u00fatil quan els clients s\u00f3n diversos.<\/p>\t\t\t\t\t\t\t\t<\/div>\n\t\t\t\t<\/div>\n\t\t\t\t<\/div>\n\t\t\t\t\t<\/details>\n\t\t\t\t\t<\/div>\n\t\t\t\t\t<script type=\"application\/ld+json\">{\"@context\":\"https:\\\/\\\/schema.org\",\"@type\":\"FAQPage\",\"mainEntity\":[{\"@type\":\"Question\",\"name\":\"Com concerto una cita amb Cerd\\u00e0-Advocats?\",\"acceptedAnswer\":{\"@type\":\"Answer\",\"text\":\"\"}},{\"@type\":\"Question\",\"name\":\"Qui dirigeix Cerd\\u00e0-Advocats?\",\"acceptedAnswer\":{\"@type\":\"Answer\",\"text\":\"\"}},{\"@type\":\"Question\",\"name\":\"Em poden resoldre un problema fora dEivissa?\",\"acceptedAnswer\":{\"@type\":\"Answer\",\"text\":\"\"}},{\"@type\":\"Question\",\"name\":\"Puc tenir videotrucada amb l'advocat que porti el meu assumpte?\",\"acceptedAnswer\":{\"@type\":\"Answer\",\"text\":\"\"}}]}<\/script>\n\t\t\t\t\t\t\t<\/div>\n\t\t\t\t<\/div>\n\t\t\t\t<\/div>\n\t\t\t\t<\/div>\n\t\t\t\t\t<\/div>\n\t\t\t\t<\/div>\n\t\t<div class=\"elementor-element elementor-element-90ab045 e-flex e-con-boxed e-con e-parent\" data-id=\"90ab045\" data-element_type=\"container\">\n\t\t\t\t\t<div class=\"e-con-inner\">\n\t\t<div class=\"elementor-element elementor-element-5cfd022 e-con-full e-flex e-con e-child\" data-id=\"5cfd022\" data-element_type=\"container\">\n\t\t\t\t<div class=\"elementor-element elementor-element-e102465 elementor-invisible elementor-widget elementor-widget-heading\" data-id=\"e102465\" data-element_type=\"widget\" data-settings=\"{&quot;_animation&quot;:&quot;fadeInUp&quot;}\" data-widget_type=\"heading.default\">\n\t\t\t\t<div class=\"elementor-widget-container\">\n\t\t\t\t\t<h2 class=\"elementor-heading-title elementor-size-default\">Actualitat Jur\u00eddica<\/h2>\t\t\t\t<\/div>\n\t\t\t\t<\/div>\n\t\t<div class=\"elementor-element elementor-element-36a4771 e-con-full e-flex e-con e-child\" data-id=\"36a4771\" data-element_type=\"container\" data-settings=\"{&quot;background_background&quot;:&quot;classic&quot;}\">\n\t\t\t\t<div class=\"elementor-element elementor-element-f28d6c8 elementor-widget elementor-widget-shortcode\" data-id=\"f28d6c8\" data-element_type=\"widget\" data-widget_type=\"shortcode.default\">\n\t\t\t\t<div class=\"elementor-widget-container\">\n\t\t\t\t\t\t\t<div class=\"elementor-shortcode\"><div class=\"iberley-news-feed\"><div class=\"iberley-news-item\"><div class=\"iberley-news-title\">Hacienda aclara cu\u00e1ndo cambia el estado civil en IRPF si hay separaci\u00f3n de hecho y posterior formalizaci\u00f3n notarial<\/div><div class=\"iberley-news-desc\">La DGT aclara que la separaci\u00f3n de hecho no cambia por s\u00ed sola el estado civil en IRPF: la separaci\u00f3n legal cuenta desde la escritura notarial.<\/div><div class=\"iberley-news-footer\"><div class=\"iberley-news-date\"><b>24\/04\/2026<\/b> <br> Iberley | Noticias<\/div><div class=\"iberley-news-btn\"><a href=\"https:\/\/www.iberley.es\/noticias\/hacienda-aclara-cuando-cambia-estado-civil-irpf-si-hay-separacion-hecho-posterior-formalizacion-notarial-36356\" target=\"_blank\" rel=\"noopener\">Leer m\u00e1s<\/a><\/div><\/div><\/div><div class=\"iberley-news-item\"><div class=\"iberley-news-title\">El TS advierte a Hacienda: sin suspensi\u00f3n en v\u00eda contenciosa, puede prescribir su derecho a exigir el pago<\/div><div class=\"iberley-news-desc\">Sin suspensi\u00f3n en v\u00eda contenciosa, las actuaciones del proceso no interrumpen por s\u00ed mismas la prescripci\u00f3n del derecho de la Administraci\u00f3n a exigir el pago.<\/div><div class=\"iberley-news-footer\"><div class=\"iberley-news-date\"><b>24\/04\/2026<\/b> <br> Iberley | Noticias<\/div><div class=\"iberley-news-btn\"><a href=\"https:\/\/www.iberley.es\/noticias\/el-ts-advierte-hacienda-suspension-via-contenciosa-puede-prescribir-su-derecho-exigir-pago-36372\" target=\"_blank\" rel=\"noopener\">Leer m\u00e1s<\/a><\/div><\/div><\/div><div class=\"iberley-news-item\"><div class=\"iberley-news-title\">El TSJ de Canarias avala cambiar el turno por salud mental filial<\/div><div class=\"iberley-news-desc\">El TSJ de Canarias reconoce a un trabajador de Correos el cambio al turno de ma\u00f1ana para cuidar a sus hijos y fija 3.500 euros por da\u00f1o moral.<\/div><div class=\"iberley-news-footer\"><div class=\"iberley-news-date\"><b>24\/04\/2026<\/b> <br> Iberley | Noticias<\/div><div class=\"iberley-news-btn\"><a href=\"https:\/\/www.iberley.es\/noticias\/el-tsj-canarias-avala-cambiar-turno-salud-mental-filial-36377\" target=\"_blank\" rel=\"noopener\">Leer m\u00e1s<\/a><\/div><\/div><\/div><div class=\"iberley-news-item\"><div class=\"iberley-news-title\">El TJUE excluye los intereses sobre costes vinculados al cr\u00e9dito al consumo<\/div><div class=\"iberley-news-desc\">El TJUE declara que un banco no puede cobrar intereses sobre cantidades destinadas a costes del cr\u00e9dito al consumo, como primas de seguro no abonadas al consumidor.<\/div><div class=\"iberley-news-footer\"><div class=\"iberley-news-date\"><b>24\/04\/2026<\/b> <br> Iberley | Noticias<\/div><div class=\"iberley-news-btn\"><a href=\"https:\/\/www.iberley.es\/noticias\/el-tjue-excluye-los-intereses-costes-vinculados-credito-consumo-36376\" target=\"_blank\" rel=\"noopener\">Leer m\u00e1s<\/a><\/div><\/div><\/div><div class=\"iberley-news-item\"><div class=\"iberley-news-title\">El Supremo confirma 1.800 euros por denegar el complemento del art. 60 LGSS<\/div><div class=\"iberley-news-desc\">El Supremo fija que la indemnizaci\u00f3n por denegar a un var\u00f3n el complemento del art. 60 LGSS sigue siendo de 1.800 euros aunque el INSS rectifique antes del juicio.<\/div><div class=\"iberley-news-footer\"><div class=\"iberley-news-date\"><b>24\/04\/2026<\/b> <br> Iberley | Noticias<\/div><div class=\"iberley-news-btn\"><a href=\"https:\/\/www.iberley.es\/noticias\/el-supremo-confirma-1-800-euros-denegar-complemento-art-60-lgss-36373\" target=\"_blank\" rel=\"noopener\">Leer m\u00e1s<\/a><\/div><\/div><\/div><div class=\"iberley-news-item\"><div class=\"iberley-news-title\">El Supremo descarta convertir en completo un contrato parcial en handling<\/div><div class=\"iberley-news-desc\">El Supremo descarta convertir en completo un contrato parcial de handling al no existir contradicci\u00f3n en el rcud si se prob\u00f3 el car\u00e1cter parcial de los servicios.<\/div><div class=\"iberley-news-footer\"><div class=\"iberley-news-date\"><b>24\/04\/2026<\/b> <br> Iberley | Noticias<\/div><div class=\"iberley-news-btn\"><a href=\"https:\/\/www.iberley.es\/noticias\/el-supremo-descarta-convertir-completo-un-contrato-parcial-handling-36337\" target=\"_blank\" rel=\"noopener\">Leer m\u00e1s<\/a><\/div><\/div><\/div><div class=\"iberley-news-item\"><div class=\"iberley-news-title\">Publicado el Plan Estatal de Vivienda 2026-2030<\/div><div class=\"iberley-news-desc\">El BOE publica el Real Decreto 326\/2026, que regula el Plan Estatal de Vivienda 2026-2030 con ayudas a vivienda asequible, rehabilitaci\u00f3n y j\u00f3venes.<\/div><div class=\"iberley-news-footer\"><div class=\"iberley-news-date\"><b>23\/04\/2026<\/b> <br> Iberley | Noticias<\/div><div class=\"iberley-news-btn\"><a href=\"https:\/\/www.iberley.es\/noticias\/publicado-plan-estatal-vivienda-2026-2030-36366\" target=\"_blank\" rel=\"noopener\">Leer m\u00e1s<\/a><\/div><\/div><\/div><div class=\"iberley-news-item\"><div class=\"iberley-news-title\">El CGPJ impulsa directrices para proteger datos de menores<\/div><div class=\"iberley-news-desc\">El CGPJ impulsa directrices para limitar a los datos estrictamente necesarios la informaci\u00f3n judicial sobre menores que se facilite a terceros, como centros escolares.<\/div><div class=\"iberley-news-footer\"><div class=\"iberley-news-date\"><b>23\/04\/2026<\/b> <br> Iberley | Noticias<\/div><div class=\"iberley-news-btn\"><a href=\"https:\/\/www.iberley.es\/noticias\/el-cgpj-impulsa-directrices-proteger-datos-menores-36370\" target=\"_blank\" rel=\"noopener\">Leer m\u00e1s<\/a><\/div><\/div><\/div><div class=\"iberley-news-item\"><div class=\"iberley-news-title\">\u00bfTributan en IRPF las pr\u00e1cticas extracurriculares remuneradas de un universitario? La DGT lo aclara<\/div><div class=\"iberley-news-desc\">La DGT aclara que las pr\u00e1cticas extracurriculares remuneradas tributan en el IRPF como rendimientos del trabajo no exentos y est\u00e1n sujetas a retenci\u00f3n.<\/div><div class=\"iberley-news-footer\"><div class=\"iberley-news-date\"><b>23\/04\/2026<\/b> <br> Iberley | Noticias<\/div><div class=\"iberley-news-btn\"><a href=\"https:\/\/www.iberley.es\/noticias\/-tributan-irpf-las-practicas-extracurriculares-remuneradas-un-universitario-la-dgt-lo-aclara-36355\" target=\"_blank\" rel=\"noopener\">Leer m\u00e1s<\/a><\/div><\/div><\/div><div class=\"iberley-news-item\"><div class=\"iberley-news-title\">La AEAT detalla c\u00f3mo consultar el estado de tramitaci\u00f3n del formulario de devoluci\u00f3n a mutualistas<\/div><div class=\"iberley-news-desc\">La AEAT informa sobre c\u00f3mo consultar en su sede electr\u00f3nica el estado de tramitaci\u00f3n del formulario de devoluciones a mutualistas y el detalle de los mensajes informativos que pueden obtenerse.<\/div><div class=\"iberley-news-footer\"><div class=\"iberley-news-date\"><b>23\/04\/2026<\/b> <br> Iberley | Noticias<\/div><div class=\"iberley-news-btn\"><a href=\"https:\/\/www.iberley.es\/noticias\/la-aeat-detalla-como-consultar-estado-tramitacion-formulario-devolucion-mutualistas-36368\" target=\"_blank\" rel=\"noopener\">Leer m\u00e1s<\/a><\/div><\/div><\/div><\/div><\/div>\n\t\t\t\t\t\t<\/div>\n\t\t\t\t<\/div>\n\t\t\t\t<\/div>\n\t\t\t\t<\/div>\n\t\t\t\t\t<\/div>\n\t\t\t\t<\/div>\n\t\t\t\t<\/div>\n\t\t","protected":false},"excerpt":{"rendered":"<p>DES DE 2010 Cerd\u00e0 Advocats DESPATX D&#8217;ADVOCATS Tenim la resposta legal que necessiteu Cerd\u00e0 Advocats \u00e9s un despatx generalista a Eivissa. Resposta jur\u00eddica amb visi\u00f3 global i multidisciplin\u00e0ria a totes les necessitats dels seus clients. Vull una cita Sobre nosaltres Serveis A Cerd\u00e0 Advocats, oferim assessorament expert en diverses \u00e0rees del dret. Advocat Dret Civil [&hellip;]<\/p>\n","protected":false},"author":1,"featured_media":0,"parent":0,"menu_order":0,"comment_status":"closed","ping_status":"closed","template":"","meta":{"footnotes":""},"class_list":["post-600","page","type-page","status-publish","hentry"],"yoast_head":"<!-- This site is optimized with the Yoast SEO plugin v25.8 - https:\/\/yoast.com\/wordpress\/plugins\/seo\/ -->\n<title>Inici - Despacho Abogados en Ibiza | Cerda Advocats<\/title>\n<meta name=\"robots\" content=\"index, follow, max-snippet:-1, max-image-preview:large, max-video-preview:-1\" \/>\n<link rel=\"canonical\" href=\"https:\/\/cerda-advocats.es\/ca\/inici\/\" \/>\n<meta property=\"og:locale\" content=\"ca_ES\" \/>\n<meta property=\"og:type\" content=\"article\" \/>\n<meta property=\"og:title\" content=\"Inici - Despacho Abogados en Ibiza | Cerda Advocats\" \/>\n<meta property=\"og:description\" content=\"DES DE 2010 Cerd\u00e0 Advocats DESPATX D&#8217;ADVOCATS Tenim la resposta legal que necessiteu Cerd\u00e0 Advocats \u00e9s un despatx generalista a Eivissa. Resposta jur\u00eddica amb visi\u00f3 global i multidisciplin\u00e0ria a totes les necessitats dels seus clients. Vull una cita Sobre nosaltres Serveis A Cerd\u00e0 Advocats, oferim assessorament expert en diverses \u00e0rees del dret. Advocat Dret Civil [&hellip;]\" \/>\n<meta property=\"og:url\" content=\"https:\/\/cerda-advocats.es\/ca\/inici\/\" \/>\n<meta property=\"og:site_name\" content=\"Despacho Abogados en Ibiza | Cerda Advocats\" \/>\n<meta property=\"article:modified_time\" content=\"2025-08-11T17:46:07+00:00\" \/>\n<meta property=\"og:image\" content=\"https:\/\/cerda-advocats.es\/wp-content\/uploads\/2025\/07\/i-civil.png\" \/>\n\t<meta property=\"og:image:width\" content=\"75\" \/>\n\t<meta property=\"og:image:height\" content=\"75\" \/>\n\t<meta property=\"og:image:type\" content=\"image\/png\" \/>\n<meta name=\"twitter:card\" content=\"summary_large_image\" \/>\n<script type=\"application\/ld+json\" class=\"yoast-schema-graph\">{\"@context\":\"https:\/\/schema.org\",\"@graph\":[{\"@type\":\"WebPage\",\"@id\":\"https:\/\/cerda-advocats.es\/ca\/inici\/\",\"url\":\"https:\/\/cerda-advocats.es\/ca\/inici\/\",\"name\":\"Inici - Despacho Abogados en Ibiza | Cerda Advocats\",\"isPartOf\":{\"@id\":\"https:\/\/cerda-advocats.es\/#website\"},\"primaryImageOfPage\":{\"@id\":\"https:\/\/cerda-advocats.es\/ca\/inici\/#primaryimage\"},\"image\":{\"@id\":\"https:\/\/cerda-advocats.es\/ca\/inici\/#primaryimage\"},\"thumbnailUrl\":\"https:\/\/cerda-advocats.es\/wp-content\/uploads\/2025\/07\/i-civil.png\",\"datePublished\":\"2025-06-27T07:59:00+00:00\",\"dateModified\":\"2025-08-11T17:46:07+00:00\",\"breadcrumb\":{\"@id\":\"https:\/\/cerda-advocats.es\/ca\/inici\/#breadcrumb\"},\"inLanguage\":\"ca\",\"potentialAction\":[{\"@type\":\"ReadAction\",\"target\":[\"https:\/\/cerda-advocats.es\/ca\/inici\/\"]}]},{\"@type\":\"ImageObject\",\"inLanguage\":\"ca\",\"@id\":\"https:\/\/cerda-advocats.es\/ca\/inici\/#primaryimage\",\"url\":\"https:\/\/cerda-advocats.es\/wp-content\/uploads\/2025\/07\/i-civil.png\",\"contentUrl\":\"https:\/\/cerda-advocats.es\/wp-content\/uploads\/2025\/07\/i-civil.png\"},{\"@type\":\"BreadcrumbList\",\"@id\":\"https:\/\/cerda-advocats.es\/ca\/inici\/#breadcrumb\",\"itemListElement\":[{\"@type\":\"ListItem\",\"position\":1,\"name\":\"Portada\",\"item\":\"https:\/\/cerda-advocats.es\/ca\/inici\/\"},{\"@type\":\"ListItem\",\"position\":2,\"name\":\"Inici\"}]},{\"@type\":\"WebSite\",\"@id\":\"https:\/\/cerda-advocats.es\/#website\",\"url\":\"https:\/\/cerda-advocats.es\/\",\"name\":\"Despacho Abogados en Ibiza | Cerda Advocats\",\"description\":\"Cerda Advocats es un despacho de abogados en Ibiza con una amplia experiencia en diversas \u00e1reas del derecho. Ofrecemos un asesoramiento integral y personalizado para resolver cualquier problema legal que pueda tener. Cont\u00e1ctanos para m\u00e1s informaci\u00f3n.\",\"publisher\":{\"@id\":\"https:\/\/cerda-advocats.es\/#organization\"},\"potentialAction\":[{\"@type\":\"SearchAction\",\"target\":{\"@type\":\"EntryPoint\",\"urlTemplate\":\"https:\/\/cerda-advocats.es\/?s={search_term_string}\"},\"query-input\":{\"@type\":\"PropertyValueSpecification\",\"valueRequired\":true,\"valueName\":\"search_term_string\"}}],\"inLanguage\":\"ca\"},{\"@type\":\"Organization\",\"@id\":\"https:\/\/cerda-advocats.es\/#organization\",\"name\":\"Despacho Abogados en Ibiza | Cerda Advocats\",\"url\":\"https:\/\/cerda-advocats.es\/\",\"logo\":{\"@type\":\"ImageObject\",\"inLanguage\":\"ca\",\"@id\":\"https:\/\/cerda-advocats.es\/#\/schema\/logo\/image\/\",\"url\":\"https:\/\/cerda-advocats.es\/wp-content\/uploads\/2025\/06\/logo_cerda_advocats.png\",\"contentUrl\":\"https:\/\/cerda-advocats.es\/wp-content\/uploads\/2025\/06\/logo_cerda_advocats.png\",\"width\":500,\"height\":83,\"caption\":\"Despacho Abogados en Ibiza | Cerda Advocats\"},\"image\":{\"@id\":\"https:\/\/cerda-advocats.es\/#\/schema\/logo\/image\/\"}}]}<\/script>\n<!-- \/ Yoast SEO plugin. -->","yoast_head_json":{"title":"Inici - Despacho Abogados en Ibiza | Cerda Advocats","robots":{"index":"index","follow":"follow","max-snippet":"max-snippet:-1","max-image-preview":"max-image-preview:large","max-video-preview":"max-video-preview:-1"},"canonical":"https:\/\/cerda-advocats.es\/ca\/inici\/","og_locale":"ca_ES","og_type":"article","og_title":"Inici - Despacho Abogados en Ibiza | Cerda Advocats","og_description":"DES DE 2010 Cerd\u00e0 Advocats DESPATX D&#8217;ADVOCATS Tenim la resposta legal que necessiteu Cerd\u00e0 Advocats \u00e9s un despatx generalista a Eivissa. Resposta jur\u00eddica amb visi\u00f3 global i multidisciplin\u00e0ria a totes les necessitats dels seus clients. Vull una cita Sobre nosaltres Serveis A Cerd\u00e0 Advocats, oferim assessorament expert en diverses \u00e0rees del dret. Advocat Dret Civil [&hellip;]","og_url":"https:\/\/cerda-advocats.es\/ca\/inici\/","og_site_name":"Despacho Abogados en Ibiza | Cerda Advocats","article_modified_time":"2025-08-11T17:46:07+00:00","og_image":[{"width":75,"height":75,"url":"https:\/\/cerda-advocats.es\/wp-content\/uploads\/2025\/07\/i-civil.png","type":"image\/png"}],"twitter_card":"summary_large_image","schema":{"@context":"https:\/\/schema.org","@graph":[{"@type":"WebPage","@id":"https:\/\/cerda-advocats.es\/ca\/inici\/","url":"https:\/\/cerda-advocats.es\/ca\/inici\/","name":"Inici - Despacho Abogados en Ibiza | Cerda Advocats","isPartOf":{"@id":"https:\/\/cerda-advocats.es\/#website"},"primaryImageOfPage":{"@id":"https:\/\/cerda-advocats.es\/ca\/inici\/#primaryimage"},"image":{"@id":"https:\/\/cerda-advocats.es\/ca\/inici\/#primaryimage"},"thumbnailUrl":"https:\/\/cerda-advocats.es\/wp-content\/uploads\/2025\/07\/i-civil.png","datePublished":"2025-06-27T07:59:00+00:00","dateModified":"2025-08-11T17:46:07+00:00","breadcrumb":{"@id":"https:\/\/cerda-advocats.es\/ca\/inici\/#breadcrumb"},"inLanguage":"ca","potentialAction":[{"@type":"ReadAction","target":["https:\/\/cerda-advocats.es\/ca\/inici\/"]}]},{"@type":"ImageObject","inLanguage":"ca","@id":"https:\/\/cerda-advocats.es\/ca\/inici\/#primaryimage","url":"https:\/\/cerda-advocats.es\/wp-content\/uploads\/2025\/07\/i-civil.png","contentUrl":"https:\/\/cerda-advocats.es\/wp-content\/uploads\/2025\/07\/i-civil.png"},{"@type":"BreadcrumbList","@id":"https:\/\/cerda-advocats.es\/ca\/inici\/#breadcrumb","itemListElement":[{"@type":"ListItem","position":1,"name":"Portada","item":"https:\/\/cerda-advocats.es\/ca\/inici\/"},{"@type":"ListItem","position":2,"name":"Inici"}]},{"@type":"WebSite","@id":"https:\/\/cerda-advocats.es\/#website","url":"https:\/\/cerda-advocats.es\/","name":"Despacho Abogados en Ibiza | Cerda Advocats","description":"Cerda Advocats es un despacho de abogados en Ibiza con una amplia experiencia en diversas \u00e1reas del derecho. Ofrecemos un asesoramiento integral y personalizado para resolver cualquier problema legal que pueda tener. Cont\u00e1ctanos para m\u00e1s informaci\u00f3n.","publisher":{"@id":"https:\/\/cerda-advocats.es\/#organization"},"potentialAction":[{"@type":"SearchAction","target":{"@type":"EntryPoint","urlTemplate":"https:\/\/cerda-advocats.es\/?s={search_term_string}"},"query-input":{"@type":"PropertyValueSpecification","valueRequired":true,"valueName":"search_term_string"}}],"inLanguage":"ca"},{"@type":"Organization","@id":"https:\/\/cerda-advocats.es\/#organization","name":"Despacho Abogados en Ibiza | Cerda Advocats","url":"https:\/\/cerda-advocats.es\/","logo":{"@type":"ImageObject","inLanguage":"ca","@id":"https:\/\/cerda-advocats.es\/#\/schema\/logo\/image\/","url":"https:\/\/cerda-advocats.es\/wp-content\/uploads\/2025\/06\/logo_cerda_advocats.png","contentUrl":"https:\/\/cerda-advocats.es\/wp-content\/uploads\/2025\/06\/logo_cerda_advocats.png","width":500,"height":83,"caption":"Despacho Abogados en Ibiza | Cerda Advocats"},"image":{"@id":"https:\/\/cerda-advocats.es\/#\/schema\/logo\/image\/"}}]}},"_links":{"self":[{"href":"https:\/\/cerda-advocats.es\/ca\/wp-json\/wp\/v2\/pages\/600","targetHints":{"allow":["GET"]}}],"collection":[{"href":"https:\/\/cerda-advocats.es\/ca\/wp-json\/wp\/v2\/pages"}],"about":[{"href":"https:\/\/cerda-advocats.es\/ca\/wp-json\/wp\/v2\/types\/page"}],"author":[{"embeddable":true,"href":"https:\/\/cerda-advocats.es\/ca\/wp-json\/wp\/v2\/users\/1"}],"replies":[{"embeddable":true,"href":"https:\/\/cerda-advocats.es\/ca\/wp-json\/wp\/v2\/comments?post=600"}],"version-history":[{"count":6,"href":"https:\/\/cerda-advocats.es\/ca\/wp-json\/wp\/v2\/pages\/600\/revisions"}],"predecessor-version":[{"id":695,"href":"https:\/\/cerda-advocats.es\/ca\/wp-json\/wp\/v2\/pages\/600\/revisions\/695"}],"wp:attachment":[{"href":"https:\/\/cerda-advocats.es\/ca\/wp-json\/wp\/v2\/media?parent=600"}],"curies":[{"name":"wp","href":"https:\/\/api.w.org\/{rel}","templated":true}]}}