{"id":624,"date":"2025-07-09T17:21:35","date_gmt":"2025-07-09T15:21:35","guid":{"rendered":"https:\/\/cerda-advocats.es\/advocats-de-dret-destrangeria\/"},"modified":"2025-08-08T09:52:07","modified_gmt":"2025-08-08T07:52:07","slug":"advocats-de-dret-destrangeria","status":"publish","type":"page","link":"https:\/\/cerda-advocats.es\/ca\/serveis\/advocats-de-dret-destrangeria\/","title":{"rendered":"Advocats de Dret d&#8217;Estrangeria"},"content":{"rendered":"\t\t<div data-elementor-type=\"wp-page\" data-elementor-id=\"624\" class=\"elementor elementor-624 elementor-204\" data-elementor-post-type=\"page\">\n\t\t\t\t<div class=\"elementor-element elementor-element-4dd7265 e-flex e-con-boxed e-con e-parent\" data-id=\"4dd7265\" data-element_type=\"container\">\n\t\t\t\t\t<div class=\"e-con-inner\">\n\t\t<div class=\"elementor-element elementor-element-8ed466e e-con-full e-flex e-con e-child\" data-id=\"8ed466e\" data-element_type=\"container\">\n\t\t\t\t<div class=\"elementor-element elementor-element-3af44e4 elementor-widget elementor-widget-template\" data-id=\"3af44e4\" data-element_type=\"widget\" data-settings=\"{&quot;sticky&quot;:&quot;top&quot;,&quot;sticky_offset&quot;:120,&quot;sticky_parent&quot;:&quot;yes&quot;,&quot;sticky_on&quot;:[&quot;desktop&quot;,&quot;tablet&quot;,&quot;mobile&quot;],&quot;sticky_effects_offset&quot;:0,&quot;sticky_anchor_link_offset&quot;:0}\" data-widget_type=\"template.default\">\n\t\t\t\t<div class=\"elementor-widget-container\">\n\t\t\t\t\t\t\t<div class=\"elementor-template\">\n\t\t\t\t\t<div data-elementor-type=\"section\" data-elementor-id=\"169\" class=\"elementor elementor-169\" data-elementor-post-type=\"elementor_library\">\n\t\t\t<div class=\"elementor-element elementor-element-200ece0 e-flex e-con-boxed e-con e-parent\" data-id=\"200ece0\" data-element_type=\"container\">\n\t\t\t\t\t<div class=\"e-con-inner\">\n\t\t\t\t<div class=\"elementor-element elementor-element-5f0cc3c form-float elementor-button-align-stretch elementor-widget elementor-widget-form\" data-id=\"5f0cc3c\" data-element_type=\"widget\" data-settings=\"{&quot;step_next_label&quot;:&quot;Next&quot;,&quot;step_previous_label&quot;:&quot;Previous&quot;,&quot;_animation&quot;:&quot;none&quot;,&quot;button_width&quot;:&quot;100&quot;,&quot;step_type&quot;:&quot;number_text&quot;,&quot;step_icon_shape&quot;:&quot;circle&quot;}\" data-widget_type=\"form.default\">\n\t\t\t\t<div class=\"elementor-widget-container\">\n\t\t\t\t\t\t\t<form class=\"elementor-form\" method=\"post\" name=\"General\" aria-label=\"General\">\n\t\t\t<input type=\"hidden\" name=\"post_id\" value=\"169\"\/>\n\t\t\t<input type=\"hidden\" name=\"form_id\" value=\"5f0cc3c\"\/>\n\t\t\t<input type=\"hidden\" name=\"referer_title\" value=\"Abogados de Derecho Administrativo y Urban\u00edstico - Despacho Abogados en Ibiza | Cerda Advocats\" \/>\n\n\t\t\t\t\t\t\t<input type=\"hidden\" name=\"queried_id\" value=\"259\"\/>\n\t\t\t\n\t\t\t<div class=\"elementor-form-fields-wrapper elementor-labels-\">\n\t\t\t\t\t\t\t\t<div class=\"elementor-field-type-text elementor-field-group elementor-column elementor-field-group-name elementor-col-100 elementor-field-required\">\n\t\t\t\t\t\t\t\t\t\t\t\t<label for=\"form-field-name\" class=\"elementor-field-label elementor-screen-only\">\n\t\t\t\t\t\t\t\tNombre*\t\t\t\t\t\t\t<\/label>\n\t\t\t\t\t\t\t\t\t\t\t\t\t\t<input size=\"1\" type=\"text\" name=\"form_fields[name]\" id=\"form-field-name\" class=\"elementor-field elementor-size-lg  elementor-field-textual\" placeholder=\"Nombre*\" required=\"required\">\n\t\t\t\t\t\t\t\t\t\t\t<\/div>\n\t\t\t\t\t\t\t\t<div class=\"elementor-field-type-tel elementor-field-group elementor-column elementor-field-group-field_27e541e elementor-col-100 elementor-field-required\">\n\t\t\t\t\t\t\t\t\t\t\t\t<label for=\"form-field-field_27e541e\" class=\"elementor-field-label elementor-screen-only\">\n\t\t\t\t\t\t\t\tTel\u00e9fono*\t\t\t\t\t\t\t<\/label>\n\t\t\t\t\t\t\t\t<input size=\"1\" type=\"tel\" name=\"form_fields[field_27e541e]\" id=\"form-field-field_27e541e\" class=\"elementor-field elementor-size-lg  elementor-field-textual\" placeholder=\"Tel\u00e9fono*\" required=\"required\" pattern=\"[0-9()#&amp;+*-=.]+\" title=\"Only numbers and phone characters (#, -, *, etc) are accepted.\">\n\n\t\t\t\t\t\t<\/div>\n\t\t\t\t\t\t\t\t<div class=\"elementor-field-type-email elementor-field-group elementor-column elementor-field-group-email elementor-col-100 elementor-field-required\">\n\t\t\t\t\t\t\t\t\t\t\t\t<label for=\"form-field-email\" class=\"elementor-field-label elementor-screen-only\">\n\t\t\t\t\t\t\t\tEmail*\t\t\t\t\t\t\t<\/label>\n\t\t\t\t\t\t\t\t\t\t\t\t\t\t<input size=\"1\" type=\"email\" name=\"form_fields[email]\" id=\"form-field-email\" class=\"elementor-field elementor-size-lg  elementor-field-textual\" placeholder=\"Email*\" required=\"required\">\n\t\t\t\t\t\t\t\t\t\t\t<\/div>\n\t\t\t\t\t\t\t\t<div class=\"elementor-field-type-textarea elementor-field-group elementor-column elementor-field-group-message elementor-col-100 elementor-field-required\">\n\t\t\t\t\t\t\t\t\t\t\t\t<label for=\"form-field-message\" class=\"elementor-field-label elementor-screen-only\">\n\t\t\t\t\t\t\t\tMensaje*\t\t\t\t\t\t\t<\/label>\n\t\t\t\t\t\t<textarea class=\"elementor-field-textual elementor-field  elementor-size-lg\" name=\"form_fields[message]\" id=\"form-field-message\" rows=\"4\" placeholder=\"Mensaje*\" required=\"required\"><\/textarea>\t\t\t\t<\/div>\n\t\t\t\t\t\t\t\t<div class=\"elementor-field-type-acceptance elementor-field-group elementor-column elementor-field-group-field_a294e79 elementor-col-100 elementor-field-required\">\n\t\t\t\t\t\t\t<div class=\"elementor-field-subgroup\">\n\t\t\t<span class=\"elementor-field-option\">\n\t\t\t\t<input type=\"checkbox\" name=\"form_fields[field_a294e79]\" id=\"form-field-field_a294e79\" class=\"elementor-field elementor-size-lg  elementor-acceptance-field\" required=\"required\">\n\t\t\t\t<label for=\"form-field-field_a294e79\"><span>Acepto la  <a href=\"#\" target=\"_blank\">Pol\u00edtica de Privacidad<\/a>  y confirmo que mi informaci\u00f3n personal se puede utilizar de acuerdo con la ley.<\/span> <small>CERD\u00c0 ADVOCATS tratar\u00e1 sus datos personales para atender su consulta y darle respuesta lo antes posible. Tiene derecho a acceder, rectificar y suprimir sus datos, as\u00ed como a otros derechos, tal y como se explica en nuestra Pol\u00edtica de Privacidad. Para m\u00e1s informaci\u00f3n, tambi\u00e9n puede consultar dicha pol\u00edtica.<\/small><\/label>\t\t\t<\/span>\n\t\t<\/div>\n\t\t\t\t\t\t<\/div>\n\t\t\t\t\t\t\t\t<div class=\"elementor-field-type-recaptcha_v3 elementor-field-group elementor-column elementor-field-group-field_da53046 elementor-col-100 recaptcha_v3-inline\">\n\t\t\t\t\t<div class=\"elementor-field\" id=\"form-field-field_da53046\"><div class=\"elementor-g-recaptcha\" data-sitekey=\"6LcvRrMrAAAAACKuTofJaD5__GXbwoFpJei84mPt\" data-type=\"v3\" data-action=\"Form\" data-badge=\"inline\" data-size=\"invisible\"><\/div><\/div>\t\t\t\t<\/div>\n\t\t\t\t\t\t\t\t<div class=\"elementor-field-group elementor-column elementor-field-type-submit elementor-col-100 e-form__buttons\">\n\t\t\t\t\t<button class=\"elementor-button elementor-size-lg\" type=\"submit\">\n\t\t\t\t\t\t<span class=\"elementor-button-content-wrapper\">\n\t\t\t\t\t\t\t\t\t\t\t\t\t\t\t\t\t\t\t\t\t\t<span class=\"elementor-button-text\">Enviar<\/span>\n\t\t\t\t\t\t\t\t\t\t\t\t\t<\/span>\n\t\t\t\t\t<\/button>\n\t\t\t\t<\/div>\n\t\t\t<\/div>\n\t\t<\/form>\n\t\t\t\t\t\t<\/div>\n\t\t\t\t<\/div>\n\t\t\t\t\t<\/div>\n\t\t\t\t<\/div>\n\t\t\t\t<\/div>\n\t\t\t\t<\/div>\n\t\t\t\t\t\t<\/div>\n\t\t\t\t<\/div>\n\t\t\t\t<\/div>\n\t\t<div class=\"elementor-element elementor-element-52a10b2 e-con-full e-flex e-con e-child\" data-id=\"52a10b2\" data-element_type=\"container\">\n\t\t\t\t<div class=\"elementor-element elementor-element-184a51e elementor-position-left elementor-position-top elementor-vertical-align-top elementor-widget elementor-widget-image-box\" data-id=\"184a51e\" data-element_type=\"widget\" data-widget_type=\"image-box.default\">\n\t\t\t\t<div class=\"elementor-widget-container\">\n\t\t\t\t\t<div class=\"elementor-image-box-wrapper\"><figure class=\"elementor-image-box-img\"><img decoding=\"async\" width=\"75\" height=\"75\" src=\"https:\/\/cerda-advocats.es\/wp-content\/uploads\/2025\/07\/63f619400d2bc77512d4b726_Maintenance-payments-11.png\" class=\"attachment-thumbnail size-thumbnail wp-image-210\" alt=\"\" \/><\/figure><div class=\"elementor-image-box-content\"><h2 class=\"elementor-image-box-title\">Ordres d' expulsi\u00f3<\/h2><p class=\"elementor-image-box-description\">Un ordre d'expulsi\u00f3 \u00e9s sempre un punt d'inflexi\u00f3 en la integraci\u00f3 de l'estranger. Al nostre despatx tenim el coneixement i l'experi\u00e8ncia per fer front amb \u00e8xit a aquestes circumst\u00e0ncies. Actuem amb visi\u00f3 multidisciplin\u00e0ria i comprom\u00eds amb el client per aconseguir que l'ordre d'expulsi\u00f3 es transformi en un element m\u00e9s que possibiliti el perm\u00eds de resid\u00e8ncia.<\/p><\/div><\/div>\t\t\t\t<\/div>\n\t\t\t\t<\/div>\n\t\t\t\t<div class=\"elementor-element elementor-element-72be72b elementor-position-left elementor-position-top elementor-vertical-align-top elementor-widget elementor-widget-image-box\" data-id=\"72be72b\" data-element_type=\"widget\" data-widget_type=\"image-box.default\">\n\t\t\t\t<div class=\"elementor-widget-container\">\n\t\t\t\t\t<div class=\"elementor-image-box-wrapper\"><figure class=\"elementor-image-box-img\"><img decoding=\"async\" width=\"75\" height=\"75\" src=\"https:\/\/cerda-advocats.es\/wp-content\/uploads\/2025\/07\/63f619994fbdd330f5a29889_Maintenance-payments-12.png\" class=\"attachment-thumbnail size-thumbnail wp-image-211\" alt=\"\" \/><\/figure><div class=\"elementor-image-box-content\"><h2 class=\"elementor-image-box-title\">Nacionalitat espanyola<\/h2><p class=\"elementor-image-box-description\">Aconseguir la nacionalitat espanyola, compatible amb la majoria d' altres nacionalitats, constitueix el punt i final en el proc\u00e9s d' integraci\u00f3 de l' estranger i suposa disposar d' un dels passaports de major reputaci\u00f3, que li permetr\u00e0 viatjar per pr\u00e0cticament tothom i poder residir en molts d' ells.\nAl nostre despatx l'orientem i ajudem en el proc\u00e9s de nacionalitzaci\u00f3.<\/p><\/div><\/div>\t\t\t\t<\/div>\n\t\t\t\t<\/div>\n\t\t\t\t<div class=\"elementor-element elementor-element-6be5eda elementor-position-left elementor-position-top elementor-vertical-align-top elementor-widget elementor-widget-image-box\" data-id=\"6be5eda\" data-element_type=\"widget\" data-widget_type=\"image-box.default\">\n\t\t\t\t<div class=\"elementor-widget-container\">\n\t\t\t\t\t<div class=\"elementor-image-box-wrapper\"><figure class=\"elementor-image-box-img\"><img decoding=\"async\" width=\"75\" height=\"75\" src=\"https:\/\/cerda-advocats.es\/wp-content\/uploads\/2025\/07\/63f6135b6aac17ce7b47d51c_Maintenance-payments-1-1.png\" class=\"attachment-thumbnail size-thumbnail wp-image-212\" alt=\"\" \/><\/figure><div class=\"elementor-image-box-content\"><h2 class=\"elementor-image-box-title\">Reagrupaci\u00f3 familiar<\/h2><p class=\"elementor-image-box-description\">La reagrupaci\u00f3 familiar permet a l'immigrant estabilitzar emocionalment i socialment la seva situaci\u00f3 a Espanya, sigui amb l'arribada de parella i fills, siguin amb la dels ascendents o altres familiars.\nEs tracta d' un proc\u00e9s reglat en el qual cal prendre les decisions oportunes i disposar del consell legal oport\u00fa abans de qualsevol moviment. A Cerd\u00e0-Advocats estem per ajudar-lo i acompanyar-lo en aquest proc\u00e9s.<\/p><\/div><\/div>\t\t\t\t<\/div>\n\t\t\t\t<\/div>\n\t\t\t\t<div class=\"elementor-element elementor-element-0e4071c elementor-position-left elementor-position-top elementor-vertical-align-top elementor-widget elementor-widget-image-box\" data-id=\"0e4071c\" data-element_type=\"widget\" data-widget_type=\"image-box.default\">\n\t\t\t\t<div class=\"elementor-widget-container\">\n\t\t\t\t\t<div class=\"elementor-image-box-wrapper\"><figure class=\"elementor-image-box-img\"><img loading=\"lazy\" decoding=\"async\" width=\"75\" height=\"75\" src=\"https:\/\/cerda-advocats.es\/wp-content\/uploads\/2025\/07\/63cf292c10e34fe8a18cddb1_23-1.png\" class=\"attachment-thumbnail size-thumbnail wp-image-213\" alt=\"\" \/><\/figure><div class=\"elementor-image-box-content\"><h2 class=\"elementor-image-box-title\">Recursos administratius i judicials<\/h2><p class=\"elementor-image-box-description\">L'estranger es veu en massa ocasions en la necessitat de rec\u00f3rrer resolucions que suposen un abisme en el proc\u00e9s d'integraci\u00f3.\nAl nostre despatx tenim experi\u00e8ncia a rec\u00f3rrer, tant en seu administrativa com judicial, qualsevol resoluci\u00f3 desfavorable en mat\u00e8ria d'estrangeria.\nNo deixi que una resoluci\u00f3 desfavorable s' interposi en el seu cam\u00ed.<\/p><\/div><\/div>\t\t\t\t<\/div>\n\t\t\t\t<\/div>\n\t\t\t\t<div class=\"elementor-element elementor-element-3da2e81 elementor-position-left elementor-position-top elementor-vertical-align-top elementor-widget elementor-widget-image-box\" data-id=\"3da2e81\" data-element_type=\"widget\" data-widget_type=\"image-box.default\">\n\t\t\t\t<div class=\"elementor-widget-container\">\n\t\t\t\t\t<div class=\"elementor-image-box-wrapper\"><figure class=\"elementor-image-box-img\"><img loading=\"lazy\" decoding=\"async\" width=\"75\" height=\"75\" src=\"https:\/\/cerda-advocats.es\/wp-content\/uploads\/2025\/07\/63f619d440520025072af7af_Maintenance-payments-13.png\" class=\"attachment-thumbnail size-thumbnail wp-image-214\" alt=\"\" \/><\/figure><div class=\"elementor-image-box-content\"><h2 class=\"elementor-image-box-title\">Carta d' invitaci\u00f3<\/h2><p class=\"elementor-image-box-description\">La carta d' invitaci\u00f3 pot demanar-la un ciutad\u00e0 espanyol, nacional d' un Estat membre de la Uni\u00f3 Europea o beneficiari del r\u00e8gim comunitari o estranger resident legal a Espanya. I fer-ho per a ciutadans de pa\u00efsos que necessitin o no visat per ingressar a Espanya, els quals viatgin per un per\u00edode de fins a 90 dies; els ciutadans de la Uni\u00f3 Europea no necessiten carta d'invitaci\u00f3. <br>\u200d L'obtenci\u00f3 de la carta no garanteix l'entrada legal a Espanya del convidat.\nAl nostre despatx obtindr\u00e0 l'assessorament m\u00e9s efica\u00e7 al respecte.<\/p><\/div><\/div>\t\t\t\t<\/div>\n\t\t\t\t<\/div>\n\t\t\t\t<div class=\"elementor-element elementor-element-32b8f0f elementor-position-left elementor-position-top elementor-vertical-align-top elementor-widget elementor-widget-image-box\" data-id=\"32b8f0f\" data-element_type=\"widget\" data-widget_type=\"image-box.default\">\n\t\t\t\t<div class=\"elementor-widget-container\">\n\t\t\t\t\t<div class=\"elementor-image-box-wrapper\"><figure class=\"elementor-image-box-img\"><img loading=\"lazy\" decoding=\"async\" width=\"75\" height=\"75\" src=\"https:\/\/cerda-advocats.es\/wp-content\/uploads\/2025\/07\/63f61a11c1c9aa1ccb825358_Maintenance-payments-14.png\" class=\"attachment-thumbnail size-thumbnail wp-image-215\" alt=\"\" \/><\/figure><div class=\"elementor-image-box-content\"><h2 class=\"elementor-image-box-title\">Arrelament<\/h2><p class=\"elementor-image-box-description\">L'arrelament \u00e9s l'argument m\u00e9s usual per a l'obtenci\u00f3 del perm\u00eds de resid\u00e8ncia a Espanya. Estem davant d'un concepte obert que \u00e9s interpretat, gaireb\u00e9 sempre, de forma diferent per l'Administraci\u00f3 i els tribunals.\nA Cerd\u00e0-Advocats tenim experi\u00e8ncia a articular de la forma m\u00e9s efica\u00e7 la presentaci\u00f3 de sol\u00b7licituds de perm\u00eds de resid\u00e8ncia per arrelament.<\/p><\/div><\/div>\t\t\t\t<\/div>\n\t\t\t\t<\/div>\n\t\t\t\t<\/div>\n\t\t\t\t\t<\/div>\n\t\t\t\t<\/div>\n\t\t\t\t<\/div>\n\t\t","protected":false},"excerpt":{"rendered":"<p>Tot all\u00f2 relacionat amb el dret d&#8217; estrangeria requereix una alta especialitzaci\u00f3 a causa de la conflu\u00e8ncia de q\u00fcestions merament administratives amb altres en l&#8217; \u00e0mbit dels drets fonamentals.<br \/>\nA Cerd\u00e0-Advocats analitzem les necessitats i objectius del client i tracem un pla que li permeti aconseguir-los. Per a aix\u00f2 sumem un coneixement profund dels procediments administratius amb la nostra experi\u00e8ncia davant els tribunals contenciosos administratius, on es produir\u00e0 la resoluci\u00f3 definitiva.<\/p>\n","protected":false},"author":1,"featured_media":0,"parent":650,"menu_order":0,"comment_status":"closed","ping_status":"closed","template":"","meta":{"footnotes":""},"class_list":["post-624","page","type-page","status-publish","hentry"],"yoast_head":"<!-- This site is optimized with the Yoast SEO plugin v25.8 - https:\/\/yoast.com\/wordpress\/plugins\/seo\/ -->\n<title>Advocats de Dret d&#039;Estrangeria - Despacho Abogados en Ibiza | Cerda Advocats<\/title>\n<meta name=\"robots\" content=\"index, follow, max-snippet:-1, max-image-preview:large, max-video-preview:-1\" \/>\n<link rel=\"canonical\" href=\"https:\/\/cerda-advocats.es\/ca\/serveis\/advocats-de-dret-destrangeria\/\" \/>\n<meta property=\"og:locale\" content=\"ca_ES\" \/>\n<meta property=\"og:type\" content=\"article\" \/>\n<meta property=\"og:title\" content=\"Advocats de Dret d&#039;Estrangeria - Despacho Abogados en Ibiza | Cerda Advocats\" \/>\n<meta property=\"og:description\" content=\"Tot all\u00f2 relacionat amb el dret d&#039; estrangeria requereix una alta especialitzaci\u00f3 a causa de la conflu\u00e8ncia de q\u00fcestions merament administratives amb altres en l&#039; \u00e0mbit dels drets fonamentals. A Cerd\u00e0-Advocats analitzem les necessitats i objectius del client i tracem un pla que li permeti aconseguir-los. Per a aix\u00f2 sumem un coneixement profund dels procediments administratius amb la nostra experi\u00e8ncia davant els tribunals contenciosos administratius, on es produir\u00e0 la resoluci\u00f3 definitiva.\" \/>\n<meta property=\"og:url\" content=\"https:\/\/cerda-advocats.es\/ca\/serveis\/advocats-de-dret-destrangeria\/\" \/>\n<meta property=\"og:site_name\" content=\"Despacho Abogados en Ibiza | Cerda Advocats\" \/>\n<meta property=\"article:modified_time\" content=\"2025-08-08T07:52:07+00:00\" \/>\n<meta property=\"og:image\" content=\"https:\/\/cerda-advocats.es\/wp-content\/uploads\/2025\/07\/63f619400d2bc77512d4b726_Maintenance-payments-11.png\" \/>\n\t<meta property=\"og:image:width\" content=\"75\" \/>\n\t<meta property=\"og:image:height\" content=\"75\" \/>\n\t<meta property=\"og:image:type\" content=\"image\/png\" \/>\n<meta name=\"twitter:card\" content=\"summary_large_image\" \/>\n<script type=\"application\/ld+json\" class=\"yoast-schema-graph\">{\"@context\":\"https:\/\/schema.org\",\"@graph\":[{\"@type\":\"WebPage\",\"@id\":\"https:\/\/cerda-advocats.es\/ca\/serveis\/advocats-de-dret-destrangeria\/\",\"url\":\"https:\/\/cerda-advocats.es\/ca\/serveis\/advocats-de-dret-destrangeria\/\",\"name\":\"Advocats de Dret d'Estrangeria - Despacho Abogados en Ibiza | Cerda Advocats\",\"isPartOf\":{\"@id\":\"https:\/\/cerda-advocats.es\/#website\"},\"primaryImageOfPage\":{\"@id\":\"https:\/\/cerda-advocats.es\/ca\/serveis\/advocats-de-dret-destrangeria\/#primaryimage\"},\"image\":{\"@id\":\"https:\/\/cerda-advocats.es\/ca\/serveis\/advocats-de-dret-destrangeria\/#primaryimage\"},\"thumbnailUrl\":\"https:\/\/cerda-advocats.es\/wp-content\/uploads\/2025\/07\/63f619400d2bc77512d4b726_Maintenance-payments-11.png\",\"datePublished\":\"2025-07-09T15:21:35+00:00\",\"dateModified\":\"2025-08-08T07:52:07+00:00\",\"breadcrumb\":{\"@id\":\"https:\/\/cerda-advocats.es\/ca\/serveis\/advocats-de-dret-destrangeria\/#breadcrumb\"},\"inLanguage\":\"ca\",\"potentialAction\":[{\"@type\":\"ReadAction\",\"target\":[\"https:\/\/cerda-advocats.es\/ca\/serveis\/advocats-de-dret-destrangeria\/\"]}]},{\"@type\":\"ImageObject\",\"inLanguage\":\"ca\",\"@id\":\"https:\/\/cerda-advocats.es\/ca\/serveis\/advocats-de-dret-destrangeria\/#primaryimage\",\"url\":\"https:\/\/cerda-advocats.es\/wp-content\/uploads\/2025\/07\/63f619400d2bc77512d4b726_Maintenance-payments-11.png\",\"contentUrl\":\"https:\/\/cerda-advocats.es\/wp-content\/uploads\/2025\/07\/63f619400d2bc77512d4b726_Maintenance-payments-11.png\"},{\"@type\":\"BreadcrumbList\",\"@id\":\"https:\/\/cerda-advocats.es\/ca\/serveis\/advocats-de-dret-destrangeria\/#breadcrumb\",\"itemListElement\":[{\"@type\":\"ListItem\",\"position\":1,\"name\":\"Portada\",\"item\":\"https:\/\/cerda-advocats.es\/ca\/inici\/\"},{\"@type\":\"ListItem\",\"position\":2,\"name\":\"Serveis\",\"item\":\"https:\/\/cerda-advocats.es\/ca\/serveis\/\"},{\"@type\":\"ListItem\",\"position\":3,\"name\":\"Advocats de Dret d&#8217;Estrangeria\"}]},{\"@type\":\"WebSite\",\"@id\":\"https:\/\/cerda-advocats.es\/#website\",\"url\":\"https:\/\/cerda-advocats.es\/\",\"name\":\"Despacho Abogados en Ibiza | Cerda Advocats\",\"description\":\"Cerda Advocats es un despacho de abogados en Ibiza con una amplia experiencia en diversas \u00e1reas del derecho. Ofrecemos un asesoramiento integral y personalizado para resolver cualquier problema legal que pueda tener. Cont\u00e1ctanos para m\u00e1s informaci\u00f3n.\",\"publisher\":{\"@id\":\"https:\/\/cerda-advocats.es\/#organization\"},\"potentialAction\":[{\"@type\":\"SearchAction\",\"target\":{\"@type\":\"EntryPoint\",\"urlTemplate\":\"https:\/\/cerda-advocats.es\/?s={search_term_string}\"},\"query-input\":{\"@type\":\"PropertyValueSpecification\",\"valueRequired\":true,\"valueName\":\"search_term_string\"}}],\"inLanguage\":\"ca\"},{\"@type\":\"Organization\",\"@id\":\"https:\/\/cerda-advocats.es\/#organization\",\"name\":\"Despacho Abogados en Ibiza | Cerda Advocats\",\"url\":\"https:\/\/cerda-advocats.es\/\",\"logo\":{\"@type\":\"ImageObject\",\"inLanguage\":\"ca\",\"@id\":\"https:\/\/cerda-advocats.es\/#\/schema\/logo\/image\/\",\"url\":\"https:\/\/cerda-advocats.es\/wp-content\/uploads\/2025\/06\/logo_cerda_advocats.png\",\"contentUrl\":\"https:\/\/cerda-advocats.es\/wp-content\/uploads\/2025\/06\/logo_cerda_advocats.png\",\"width\":500,\"height\":83,\"caption\":\"Despacho Abogados en Ibiza | Cerda Advocats\"},\"image\":{\"@id\":\"https:\/\/cerda-advocats.es\/#\/schema\/logo\/image\/\"}}]}<\/script>\n<!-- \/ Yoast SEO plugin. -->","yoast_head_json":{"title":"Advocats de Dret d'Estrangeria - Despacho Abogados en Ibiza | Cerda Advocats","robots":{"index":"index","follow":"follow","max-snippet":"max-snippet:-1","max-image-preview":"max-image-preview:large","max-video-preview":"max-video-preview:-1"},"canonical":"https:\/\/cerda-advocats.es\/ca\/serveis\/advocats-de-dret-destrangeria\/","og_locale":"ca_ES","og_type":"article","og_title":"Advocats de Dret d'Estrangeria - Despacho Abogados en Ibiza | Cerda Advocats","og_description":"Tot all\u00f2 relacionat amb el dret d' estrangeria requereix una alta especialitzaci\u00f3 a causa de la conflu\u00e8ncia de q\u00fcestions merament administratives amb altres en l' \u00e0mbit dels drets fonamentals. A Cerd\u00e0-Advocats analitzem les necessitats i objectius del client i tracem un pla que li permeti aconseguir-los. Per a aix\u00f2 sumem un coneixement profund dels procediments administratius amb la nostra experi\u00e8ncia davant els tribunals contenciosos administratius, on es produir\u00e0 la resoluci\u00f3 definitiva.","og_url":"https:\/\/cerda-advocats.es\/ca\/serveis\/advocats-de-dret-destrangeria\/","og_site_name":"Despacho Abogados en Ibiza | Cerda Advocats","article_modified_time":"2025-08-08T07:52:07+00:00","og_image":[{"width":75,"height":75,"url":"https:\/\/cerda-advocats.es\/wp-content\/uploads\/2025\/07\/63f619400d2bc77512d4b726_Maintenance-payments-11.png","type":"image\/png"}],"twitter_card":"summary_large_image","schema":{"@context":"https:\/\/schema.org","@graph":[{"@type":"WebPage","@id":"https:\/\/cerda-advocats.es\/ca\/serveis\/advocats-de-dret-destrangeria\/","url":"https:\/\/cerda-advocats.es\/ca\/serveis\/advocats-de-dret-destrangeria\/","name":"Advocats de Dret d'Estrangeria - Despacho Abogados en Ibiza | Cerda Advocats","isPartOf":{"@id":"https:\/\/cerda-advocats.es\/#website"},"primaryImageOfPage":{"@id":"https:\/\/cerda-advocats.es\/ca\/serveis\/advocats-de-dret-destrangeria\/#primaryimage"},"image":{"@id":"https:\/\/cerda-advocats.es\/ca\/serveis\/advocats-de-dret-destrangeria\/#primaryimage"},"thumbnailUrl":"https:\/\/cerda-advocats.es\/wp-content\/uploads\/2025\/07\/63f619400d2bc77512d4b726_Maintenance-payments-11.png","datePublished":"2025-07-09T15:21:35+00:00","dateModified":"2025-08-08T07:52:07+00:00","breadcrumb":{"@id":"https:\/\/cerda-advocats.es\/ca\/serveis\/advocats-de-dret-destrangeria\/#breadcrumb"},"inLanguage":"ca","potentialAction":[{"@type":"ReadAction","target":["https:\/\/cerda-advocats.es\/ca\/serveis\/advocats-de-dret-destrangeria\/"]}]},{"@type":"ImageObject","inLanguage":"ca","@id":"https:\/\/cerda-advocats.es\/ca\/serveis\/advocats-de-dret-destrangeria\/#primaryimage","url":"https:\/\/cerda-advocats.es\/wp-content\/uploads\/2025\/07\/63f619400d2bc77512d4b726_Maintenance-payments-11.png","contentUrl":"https:\/\/cerda-advocats.es\/wp-content\/uploads\/2025\/07\/63f619400d2bc77512d4b726_Maintenance-payments-11.png"},{"@type":"BreadcrumbList","@id":"https:\/\/cerda-advocats.es\/ca\/serveis\/advocats-de-dret-destrangeria\/#breadcrumb","itemListElement":[{"@type":"ListItem","position":1,"name":"Portada","item":"https:\/\/cerda-advocats.es\/ca\/inici\/"},{"@type":"ListItem","position":2,"name":"Serveis","item":"https:\/\/cerda-advocats.es\/ca\/serveis\/"},{"@type":"ListItem","position":3,"name":"Advocats de Dret d&#8217;Estrangeria"}]},{"@type":"WebSite","@id":"https:\/\/cerda-advocats.es\/#website","url":"https:\/\/cerda-advocats.es\/","name":"Despacho Abogados en Ibiza | Cerda Advocats","description":"Cerda Advocats es un despacho de abogados en Ibiza con una amplia experiencia en diversas \u00e1reas del derecho. Ofrecemos un asesoramiento integral y personalizado para resolver cualquier problema legal que pueda tener. Cont\u00e1ctanos para m\u00e1s informaci\u00f3n.","publisher":{"@id":"https:\/\/cerda-advocats.es\/#organization"},"potentialAction":[{"@type":"SearchAction","target":{"@type":"EntryPoint","urlTemplate":"https:\/\/cerda-advocats.es\/?s={search_term_string}"},"query-input":{"@type":"PropertyValueSpecification","valueRequired":true,"valueName":"search_term_string"}}],"inLanguage":"ca"},{"@type":"Organization","@id":"https:\/\/cerda-advocats.es\/#organization","name":"Despacho Abogados en Ibiza | Cerda Advocats","url":"https:\/\/cerda-advocats.es\/","logo":{"@type":"ImageObject","inLanguage":"ca","@id":"https:\/\/cerda-advocats.es\/#\/schema\/logo\/image\/","url":"https:\/\/cerda-advocats.es\/wp-content\/uploads\/2025\/06\/logo_cerda_advocats.png","contentUrl":"https:\/\/cerda-advocats.es\/wp-content\/uploads\/2025\/06\/logo_cerda_advocats.png","width":500,"height":83,"caption":"Despacho Abogados en Ibiza | Cerda Advocats"},"image":{"@id":"https:\/\/cerda-advocats.es\/#\/schema\/logo\/image\/"}}]}},"_links":{"self":[{"href":"https:\/\/cerda-advocats.es\/ca\/wp-json\/wp\/v2\/pages\/624","targetHints":{"allow":["GET"]}}],"collection":[{"href":"https:\/\/cerda-advocats.es\/ca\/wp-json\/wp\/v2\/pages"}],"about":[{"href":"https:\/\/cerda-advocats.es\/ca\/wp-json\/wp\/v2\/types\/page"}],"author":[{"embeddable":true,"href":"https:\/\/cerda-advocats.es\/ca\/wp-json\/wp\/v2\/users\/1"}],"replies":[{"embeddable":true,"href":"https:\/\/cerda-advocats.es\/ca\/wp-json\/wp\/v2\/comments?post=624"}],"version-history":[{"count":1,"href":"https:\/\/cerda-advocats.es\/ca\/wp-json\/wp\/v2\/pages\/624\/revisions"}],"predecessor-version":[{"id":625,"href":"https:\/\/cerda-advocats.es\/ca\/wp-json\/wp\/v2\/pages\/624\/revisions\/625"}],"up":[{"embeddable":true,"href":"https:\/\/cerda-advocats.es\/ca\/wp-json\/wp\/v2\/pages\/650"}],"wp:attachment":[{"href":"https:\/\/cerda-advocats.es\/ca\/wp-json\/wp\/v2\/media?parent=624"}],"curies":[{"name":"wp","href":"https:\/\/api.w.org\/{rel}","templated":true}]}}