{"id":626,"date":"2025-07-09T17:29:56","date_gmt":"2025-07-09T15:29:56","guid":{"rendered":"https:\/\/cerda-advocats.es\/advocats-de-dret-penal\/"},"modified":"2025-08-08T09:52:08","modified_gmt":"2025-08-08T07:52:08","slug":"advocats-de-dret-penal","status":"publish","type":"page","link":"https:\/\/cerda-advocats.es\/ca\/serveis\/advocats-de-dret-penal\/","title":{"rendered":"Advocats de dret penal"},"content":{"rendered":"\t\t<div data-elementor-type=\"wp-page\" data-elementor-id=\"626\" class=\"elementor elementor-626 elementor-231\" data-elementor-post-type=\"page\">\n\t\t\t\t<div class=\"elementor-element elementor-element-4dd7265 e-flex e-con-boxed e-con e-parent\" data-id=\"4dd7265\" data-element_type=\"container\">\n\t\t\t\t\t<div class=\"e-con-inner\">\n\t\t<div class=\"elementor-element elementor-element-8ed466e e-con-full e-flex e-con e-child\" data-id=\"8ed466e\" data-element_type=\"container\">\n\t\t\t\t<div class=\"elementor-element elementor-element-3af44e4 elementor-widget elementor-widget-template\" data-id=\"3af44e4\" data-element_type=\"widget\" data-settings=\"{&quot;sticky&quot;:&quot;top&quot;,&quot;sticky_offset&quot;:120,&quot;sticky_parent&quot;:&quot;yes&quot;,&quot;sticky_on&quot;:[&quot;desktop&quot;,&quot;tablet&quot;,&quot;mobile&quot;],&quot;sticky_effects_offset&quot;:0,&quot;sticky_anchor_link_offset&quot;:0}\" data-widget_type=\"template.default\">\n\t\t\t\t<div class=\"elementor-widget-container\">\n\t\t\t\t\t\t\t<div class=\"elementor-template\">\n\t\t\t\t\t<div data-elementor-type=\"section\" data-elementor-id=\"169\" class=\"elementor elementor-169\" data-elementor-post-type=\"elementor_library\">\n\t\t\t<div class=\"elementor-element elementor-element-200ece0 e-flex e-con-boxed e-con e-parent\" data-id=\"200ece0\" data-element_type=\"container\">\n\t\t\t\t\t<div class=\"e-con-inner\">\n\t\t\t\t<div class=\"elementor-element elementor-element-5f0cc3c form-float elementor-button-align-stretch elementor-widget elementor-widget-form\" data-id=\"5f0cc3c\" data-element_type=\"widget\" data-settings=\"{&quot;step_next_label&quot;:&quot;Next&quot;,&quot;step_previous_label&quot;:&quot;Previous&quot;,&quot;_animation&quot;:&quot;none&quot;,&quot;button_width&quot;:&quot;100&quot;,&quot;step_type&quot;:&quot;number_text&quot;,&quot;step_icon_shape&quot;:&quot;circle&quot;}\" data-widget_type=\"form.default\">\n\t\t\t\t<div class=\"elementor-widget-container\">\n\t\t\t\t\t\t\t<form class=\"elementor-form\" method=\"post\" name=\"General\" aria-label=\"General\">\n\t\t\t<input type=\"hidden\" name=\"post_id\" value=\"169\"\/>\n\t\t\t<input type=\"hidden\" name=\"form_id\" value=\"5f0cc3c\"\/>\n\t\t\t<input type=\"hidden\" name=\"referer_title\" value=\"Abogados de Derecho Administrativo y Urban\u00edstico - Despacho Abogados en Ibiza | Cerda Advocats\" \/>\n\n\t\t\t\t\t\t\t<input type=\"hidden\" name=\"queried_id\" value=\"259\"\/>\n\t\t\t\n\t\t\t<div class=\"elementor-form-fields-wrapper elementor-labels-\">\n\t\t\t\t\t\t\t\t<div class=\"elementor-field-type-text elementor-field-group elementor-column elementor-field-group-name elementor-col-100 elementor-field-required\">\n\t\t\t\t\t\t\t\t\t\t\t\t<label for=\"form-field-name\" class=\"elementor-field-label elementor-screen-only\">\n\t\t\t\t\t\t\t\tNombre*\t\t\t\t\t\t\t<\/label>\n\t\t\t\t\t\t\t\t\t\t\t\t\t\t<input size=\"1\" type=\"text\" name=\"form_fields[name]\" id=\"form-field-name\" class=\"elementor-field elementor-size-lg  elementor-field-textual\" placeholder=\"Nombre*\" required=\"required\">\n\t\t\t\t\t\t\t\t\t\t\t<\/div>\n\t\t\t\t\t\t\t\t<div class=\"elementor-field-type-tel elementor-field-group elementor-column elementor-field-group-field_27e541e elementor-col-100 elementor-field-required\">\n\t\t\t\t\t\t\t\t\t\t\t\t<label for=\"form-field-field_27e541e\" class=\"elementor-field-label elementor-screen-only\">\n\t\t\t\t\t\t\t\tTel\u00e9fono*\t\t\t\t\t\t\t<\/label>\n\t\t\t\t\t\t\t\t<input size=\"1\" type=\"tel\" name=\"form_fields[field_27e541e]\" id=\"form-field-field_27e541e\" class=\"elementor-field elementor-size-lg  elementor-field-textual\" placeholder=\"Tel\u00e9fono*\" required=\"required\" pattern=\"[0-9()#&amp;+*-=.]+\" title=\"Only numbers and phone characters (#, -, *, etc) are accepted.\">\n\n\t\t\t\t\t\t<\/div>\n\t\t\t\t\t\t\t\t<div class=\"elementor-field-type-email elementor-field-group elementor-column elementor-field-group-email elementor-col-100 elementor-field-required\">\n\t\t\t\t\t\t\t\t\t\t\t\t<label for=\"form-field-email\" class=\"elementor-field-label elementor-screen-only\">\n\t\t\t\t\t\t\t\tEmail*\t\t\t\t\t\t\t<\/label>\n\t\t\t\t\t\t\t\t\t\t\t\t\t\t<input size=\"1\" type=\"email\" name=\"form_fields[email]\" id=\"form-field-email\" class=\"elementor-field elementor-size-lg  elementor-field-textual\" placeholder=\"Email*\" required=\"required\">\n\t\t\t\t\t\t\t\t\t\t\t<\/div>\n\t\t\t\t\t\t\t\t<div class=\"elementor-field-type-textarea elementor-field-group elementor-column elementor-field-group-message elementor-col-100 elementor-field-required\">\n\t\t\t\t\t\t\t\t\t\t\t\t<label for=\"form-field-message\" class=\"elementor-field-label elementor-screen-only\">\n\t\t\t\t\t\t\t\tMensaje*\t\t\t\t\t\t\t<\/label>\n\t\t\t\t\t\t<textarea class=\"elementor-field-textual elementor-field  elementor-size-lg\" name=\"form_fields[message]\" id=\"form-field-message\" rows=\"4\" placeholder=\"Mensaje*\" required=\"required\"><\/textarea>\t\t\t\t<\/div>\n\t\t\t\t\t\t\t\t<div class=\"elementor-field-type-acceptance elementor-field-group elementor-column elementor-field-group-field_a294e79 elementor-col-100 elementor-field-required\">\n\t\t\t\t\t\t\t<div class=\"elementor-field-subgroup\">\n\t\t\t<span class=\"elementor-field-option\">\n\t\t\t\t<input type=\"checkbox\" name=\"form_fields[field_a294e79]\" id=\"form-field-field_a294e79\" class=\"elementor-field elementor-size-lg  elementor-acceptance-field\" required=\"required\">\n\t\t\t\t<label for=\"form-field-field_a294e79\"><span>Acepto la  <a href=\"#\" target=\"_blank\">Pol\u00edtica de Privacidad<\/a>  y confirmo que mi informaci\u00f3n personal se puede utilizar de acuerdo con la ley.<\/span> <small>CERD\u00c0 ADVOCATS tratar\u00e1 sus datos personales para atender su consulta y darle respuesta lo antes posible. Tiene derecho a acceder, rectificar y suprimir sus datos, as\u00ed como a otros derechos, tal y como se explica en nuestra Pol\u00edtica de Privacidad. Para m\u00e1s informaci\u00f3n, tambi\u00e9n puede consultar dicha pol\u00edtica.<\/small><\/label>\t\t\t<\/span>\n\t\t<\/div>\n\t\t\t\t\t\t<\/div>\n\t\t\t\t\t\t\t\t<div class=\"elementor-field-type-recaptcha_v3 elementor-field-group elementor-column elementor-field-group-field_da53046 elementor-col-100 recaptcha_v3-inline\">\n\t\t\t\t\t<div class=\"elementor-field\" id=\"form-field-field_da53046\"><div class=\"elementor-g-recaptcha\" data-sitekey=\"6LcvRrMrAAAAACKuTofJaD5__GXbwoFpJei84mPt\" data-type=\"v3\" data-action=\"Form\" data-badge=\"inline\" data-size=\"invisible\"><\/div><\/div>\t\t\t\t<\/div>\n\t\t\t\t\t\t\t\t<div class=\"elementor-field-group elementor-column elementor-field-type-submit elementor-col-100 e-form__buttons\">\n\t\t\t\t\t<button class=\"elementor-button elementor-size-lg\" type=\"submit\">\n\t\t\t\t\t\t<span class=\"elementor-button-content-wrapper\">\n\t\t\t\t\t\t\t\t\t\t\t\t\t\t\t\t\t\t\t\t\t\t<span class=\"elementor-button-text\">Enviar<\/span>\n\t\t\t\t\t\t\t\t\t\t\t\t\t<\/span>\n\t\t\t\t\t<\/button>\n\t\t\t\t<\/div>\n\t\t\t<\/div>\n\t\t<\/form>\n\t\t\t\t\t\t<\/div>\n\t\t\t\t<\/div>\n\t\t\t\t\t<\/div>\n\t\t\t\t<\/div>\n\t\t\t\t<\/div>\n\t\t\t\t<\/div>\n\t\t\t\t\t\t<\/div>\n\t\t\t\t<\/div>\n\t\t\t\t<\/div>\n\t\t<div class=\"elementor-element elementor-element-52a10b2 e-con-full e-flex e-con e-child\" data-id=\"52a10b2\" data-element_type=\"container\">\n\t\t\t\t<div class=\"elementor-element elementor-element-184a51e elementor-position-left elementor-position-top elementor-vertical-align-top elementor-widget elementor-widget-image-box\" data-id=\"184a51e\" data-element_type=\"widget\" data-widget_type=\"image-box.default\">\n\t\t\t\t<div class=\"elementor-widget-container\">\n\t\t\t\t\t<div class=\"elementor-image-box-wrapper\"><figure class=\"elementor-image-box-img\"><img decoding=\"async\" width=\"75\" height=\"75\" src=\"https:\/\/cerda-advocats.es\/wp-content\/uploads\/2025\/07\/63cf15ad5c6bbc3dab0c3f2b_5.png\" class=\"attachment-thumbnail size-thumbnail wp-image-233\" alt=\"\" \/><\/figure><div class=\"elementor-image-box-content\"><h2 class=\"elementor-image-box-title\">Penal general<\/h2><p class=\"elementor-image-box-description\">A Cerd\u00e0-Advocats oferim assessorament i defensa legal en delictes contra les persones, delictes sexuals, tr\u00e0fic d'estupefaents, alcohol\u00e8mies i seguretat en el tr\u00e0fic, delictes laborals i imprudents.<\/p><\/div><\/div>\t\t\t\t<\/div>\n\t\t\t\t<\/div>\n\t\t\t\t<div class=\"elementor-element elementor-element-72be72b elementor-position-left elementor-position-top elementor-vertical-align-top elementor-widget elementor-widget-image-box\" data-id=\"72be72b\" data-element_type=\"widget\" data-widget_type=\"image-box.default\">\n\t\t\t\t<div class=\"elementor-widget-container\">\n\t\t\t\t\t<div class=\"elementor-image-box-wrapper\"><figure class=\"elementor-image-box-img\"><img decoding=\"async\" width=\"75\" height=\"75\" src=\"https:\/\/cerda-advocats.es\/wp-content\/uploads\/2025\/07\/63f6135b6aac17ce7b47d51c_Maintenance-payments-1-2.png\" class=\"attachment-thumbnail size-thumbnail wp-image-234\" alt=\"\" \/><\/figure><div class=\"elementor-image-box-content\"><h2 class=\"elementor-image-box-title\">Penal de la fam\u00edlia<\/h2><p class=\"elementor-image-box-description\">Oferim assessorament i defensa legal en delictes relacionats amb la fam\u00edlia, com viol\u00e8ncia sobre la dona, viol\u00e8ncia en l'\u00e0mbit familiar, impagament de pensions i sostracci\u00f3 internacional de menors.\nCents d'assumptes avalen la nostra experi\u00e8ncia.<\/p><\/div><\/div>\t\t\t\t<\/div>\n\t\t\t\t<\/div>\n\t\t\t\t<div class=\"elementor-element elementor-element-6be5eda elementor-position-left elementor-position-top elementor-vertical-align-top elementor-widget elementor-widget-image-box\" data-id=\"6be5eda\" data-element_type=\"widget\" data-widget_type=\"image-box.default\">\n\t\t\t\t<div class=\"elementor-widget-container\">\n\t\t\t\t\t<div class=\"elementor-image-box-wrapper\"><figure class=\"elementor-image-box-img\"><img decoding=\"async\" width=\"75\" height=\"75\" src=\"https:\/\/cerda-advocats.es\/wp-content\/uploads\/2025\/07\/63f61a76a679c1fe33f05404_Maintenance-payments-15.png\" class=\"attachment-thumbnail size-thumbnail wp-image-235\" alt=\"\" \/><\/figure><div class=\"elementor-image-box-content\"><h2 class=\"elementor-image-box-title\">Penal econ\u00f2mic<\/h2><p class=\"elementor-image-box-description\">Ens especialitzem en la defensa legal en delictes econ\u00f2mics com estafes, insolv\u00e8ncia punible, apropiaci\u00f3 indeguda, delictes societaris, frau en subvencions, delictes de funcionaris p\u00fablics, delictes contra la seguretat social i falsedat documental.<\/p><\/div><\/div>\t\t\t\t<\/div>\n\t\t\t\t<\/div>\n\t\t\t\t<div class=\"elementor-element elementor-element-0e4071c elementor-position-left elementor-position-top elementor-vertical-align-top elementor-widget elementor-widget-image-box\" data-id=\"0e4071c\" data-element_type=\"widget\" data-widget_type=\"image-box.default\">\n\t\t\t\t<div class=\"elementor-widget-container\">\n\t\t\t\t\t<div class=\"elementor-image-box-wrapper\"><figure class=\"elementor-image-box-img\"><img loading=\"lazy\" decoding=\"async\" width=\"75\" height=\"75\" src=\"https:\/\/cerda-advocats.es\/wp-content\/uploads\/2025\/07\/63f61ab381e5baf52cae8a93_Maintenance-payments-16.png\" class=\"attachment-thumbnail size-thumbnail wp-image-236\" alt=\"\" \/><\/figure><div class=\"elementor-image-box-content\"><h2 class=\"elementor-image-box-title\">Penal laboral<\/h2><p class=\"elementor-image-box-description\">L' actual marc de relacions laborals situa algunes actuacions que es produeixen a l' empresa en l' \u00e0mbit del dret penal. Al nostre despatx tenim tant experi\u00e8ncia en la defensa dels empresaris (accidents laborals, contractacions irregulars...) com dels treballadors (assetjament, delictes contra la seguretat social i els drets dels treballadors...)<\/p><\/div><\/div>\t\t\t\t<\/div>\n\t\t\t\t<\/div>\n\t\t\t\t<div class=\"elementor-element elementor-element-3da2e81 elementor-position-left elementor-position-top elementor-vertical-align-top elementor-widget elementor-widget-image-box\" data-id=\"3da2e81\" data-element_type=\"widget\" data-widget_type=\"image-box.default\">\n\t\t\t\t<div class=\"elementor-widget-container\">\n\t\t\t\t\t<div class=\"elementor-image-box-wrapper\"><figure class=\"elementor-image-box-img\"><img loading=\"lazy\" decoding=\"async\" width=\"75\" height=\"75\" src=\"https:\/\/cerda-advocats.es\/wp-content\/uploads\/2025\/07\/63f61af39cb62b3cbc92d081_Maintenance-payments-17.png\" class=\"attachment-thumbnail size-thumbnail wp-image-237\" alt=\"\" \/><\/figure><div class=\"elementor-image-box-content\"><h2 class=\"elementor-image-box-title\">Alcohomelias<\/h2><p class=\"elementor-image-box-description\">Conduir sota els efectes de l'alcohol constitueix un delicte quan se superen determinats l\u00edmits, molt m\u00e9s lleus del que en ocasions es vol creure. Fer-ho sota els efectes de drogues tamb\u00e9 ho \u00e9s.\nQuan aix\u00f2 passa \u00e9s b\u00e0sic disposar de l' adequada defensa en el proc\u00e9s penal subseg\u00fcent; compti amb el nostre despatx i h\u00e0gal des del primer moment.<\/p><\/div><\/div>\t\t\t\t<\/div>\n\t\t\t\t<\/div>\n\t\t\t\t<div class=\"elementor-element elementor-element-32b8f0f elementor-position-left elementor-position-top elementor-vertical-align-top elementor-widget elementor-widget-image-box\" data-id=\"32b8f0f\" data-element_type=\"widget\" data-widget_type=\"image-box.default\">\n\t\t\t\t<div class=\"elementor-widget-container\">\n\t\t\t\t\t<div class=\"elementor-image-box-wrapper\"><figure class=\"elementor-image-box-img\"><img loading=\"lazy\" decoding=\"async\" width=\"75\" height=\"75\" src=\"https:\/\/cerda-advocats.es\/wp-content\/uploads\/2025\/07\/63f61b279800c5c0c30f1363_Maintenance-payments-18.png\" class=\"attachment-thumbnail size-thumbnail wp-image-238\" alt=\"\" \/><\/figure><div class=\"elementor-image-box-content\"><h2 class=\"elementor-image-box-title\">Accidents de tr\u00e0nsit<\/h2><p class=\"elementor-image-box-description\">A Cerd\u00e0-Advocats tenim \u00e0mplia experi\u00e8ncia en accidents de tr\u00e0nsit quan aquests deriven en un procediment penal; i la tenim tant de la defensa de l'acusat com de la v\u00edctima.\nDisposar de l' adequat assessorament jur\u00eddic des del primer moment t\u00e9 una gran transcend\u00e8ncia en el procediment.<\/p><\/div><\/div>\t\t\t\t<\/div>\n\t\t\t\t<\/div>\n\t\t\t\t<\/div>\n\t\t\t\t\t<\/div>\n\t\t\t\t<\/div>\n\t\t<div class=\"elementor-element elementor-element-485e4e5 e-flex e-con-boxed e-con e-parent\" data-id=\"485e4e5\" data-element_type=\"container\">\n\t\t\t\t\t<div class=\"e-con-inner\">\n\t\t\t\t<div class=\"elementor-element elementor-element-7757da4 elementor-widget-divider--view-line elementor-widget elementor-widget-divider\" data-id=\"7757da4\" data-element_type=\"widget\" data-widget_type=\"divider.default\">\n\t\t\t\t<div class=\"elementor-widget-container\">\n\t\t\t\t\t\t\t<div class=\"elementor-divider\">\n\t\t\t<span class=\"elementor-divider-separator\">\n\t\t\t\t\t\t<\/span>\n\t\t<\/div>\n\t\t\t\t\t\t<\/div>\n\t\t\t\t<\/div>\n\t\t\t\t\t<\/div>\n\t\t\t\t<\/div>\n\t\t<div class=\"elementor-element elementor-element-2672f97 e-flex e-con-boxed e-con e-parent\" data-id=\"2672f97\" data-element_type=\"container\">\n\t\t\t\t\t<div class=\"e-con-inner\">\n\t\t\t\t<div class=\"elementor-element elementor-element-2266cfd elementor-widget elementor-widget-text-editor\" data-id=\"2266cfd\" data-element_type=\"widget\" data-widget_type=\"text-editor.default\">\n\t\t\t\t<div class=\"elementor-widget-container\">\n\t\t\t\t\t\t\t\t\t<p>A Cerd\u00e0-Advocats comptem amb un equip de qualificats advocats, experts en cadascuna de les mat\u00e8ries que comprenen aquesta \u00e0mplia branca del Dret. Amb experi\u00e8ncia di\u00e0ria als jutjats de gu\u00e0rdia i assist\u00e8ncia a detinguts. Amb visi\u00f3 multidisciplin\u00e0ria i en equip quan es tracta de preparar accions, exercir la defensa d&#8217;investigats o anar a judici.<\/p><p>A trav\u00e9s de la nostra xarxa de despatxos col\u00b7laboradors actuem a tots els jutjats d&#8217;Espanya.<\/p><p>A Eivissa i Formentera atenem urg\u00e8ncies les 24 hores del dia, els 365 dies de l&#8217;any; ho fem als Jutjats o als centres de detenci\u00f3.<\/p><p>En hores d&#8217;oficina pot contactar per tel\u00e8fon (971 19 43 44) i la resta de dies i hores per WhatsApp (623024097). Si rep una trucada de la Policia o la Gu\u00e0rdia Civil per acudir a declarar, si vol presentar una den\u00fancia, si \u00e9s v\u00edctima d&#8217;un delicte, si \u00e9s citat a un judici r\u00e0pid, si t\u00e9 un al\u00b7lot detingut&#8230; podem ajudar-lo<\/p><p>ALGUNES DE LES COSES QUE PODEM FER PER A VOST\u00c8:<\/p>\t\t\t\t\t\t\t\t<\/div>\n\t\t\t\t<\/div>\n\t\t\t\t\t<\/div>\n\t\t\t\t<\/div>\n\t\t<div class=\"elementor-element elementor-element-6432dd5 e-flex e-con-boxed e-con e-parent\" data-id=\"6432dd5\" data-element_type=\"container\">\n\t\t\t\t\t<div class=\"e-con-inner\">\n\t\t<div class=\"elementor-element elementor-element-0616fbd e-con-full e-flex e-con e-child\" data-id=\"0616fbd\" data-element_type=\"container\">\n\t\t\t\t<div class=\"elementor-element elementor-element-7894481 elementor-widget elementor-widget-text-editor\" data-id=\"7894481\" data-element_type=\"widget\" data-widget_type=\"text-editor.default\">\n\t\t\t\t<div class=\"elementor-widget-container\">\n\t\t\t\t\t\t\t\t\t<p><strong>PENAL GENERAL:<\/strong><br>\u21d2 Delictes contra les persones.<br>\u21d2 Delictes sexuals.<br>\u21d2 Tr\u00e0nsit d&#8217;estupefaents,<br>\u21d2 Alcohol\u00e8mies i seguretat contra el tr\u00e0nsit en general.<br>\u21d2 Delictes laborals.<br>\u21d2 Delictes imprudents.<\/p>\t\t\t\t\t\t\t\t<\/div>\n\t\t\t\t<\/div>\n\t\t\t\t<\/div>\n\t\t<div class=\"elementor-element elementor-element-66bc280 e-con-full e-flex e-con e-child\" data-id=\"66bc280\" data-element_type=\"container\">\n\t\t\t\t<div class=\"elementor-element elementor-element-7c72753 elementor-widget elementor-widget-text-editor\" data-id=\"7c72753\" data-element_type=\"widget\" data-widget_type=\"text-editor.default\">\n\t\t\t\t<div class=\"elementor-widget-container\">\n\t\t\t\t\t\t\t\t\t<p><strong>PENAL RELACIONAT AMB LA FAM\u00cdLIA<\/strong>:<br>\u21d2 Viol\u00e8ncia sobre la dona.<br>\u21d2 Viol\u00e8ncia en l&#8217; \u00e0mbit familiar.<br>\u21d2 Impagament de pensions.<br>\u21d2 Sostracci\u00f3 internacional de menors.<\/p>\t\t\t\t\t\t\t\t<\/div>\n\t\t\t\t<\/div>\n\t\t\t\t<\/div>\n\t\t<div class=\"elementor-element elementor-element-6356ecc e-con-full e-flex e-con e-child\" data-id=\"6356ecc\" data-element_type=\"container\">\n\t\t\t\t<div class=\"elementor-element elementor-element-23c76e0 elementor-widget elementor-widget-text-editor\" data-id=\"23c76e0\" data-element_type=\"widget\" data-widget_type=\"text-editor.default\">\n\t\t\t\t<div class=\"elementor-widget-container\">\n\t\t\t\t\t\t\t\t\t<p><strong>PENAL ECON\u00d2MIC<\/strong>:<br>\u21d2 Estafa.<br>\u21d2 Insolv\u00e8ncia punible.<br>\u21d2 Apropiaci\u00f3 indeguda.<br>\u21d2 Delictes societaris.<br>\u21d2 Frau en les subvencions.<br>\u21d2 Delictes dels funcionaris p\u00fablics.<br>\u21d2 Delictes contra la Seguretat Social.<br>\u21d2 Falsedat documental.<\/p>\t\t\t\t\t\t\t\t<\/div>\n\t\t\t\t<\/div>\n\t\t\t\t<\/div>\n\t\t\t\t\t<\/div>\n\t\t\t\t<\/div>\n\t\t\t\t<\/div>\n\t\t","protected":false},"excerpt":{"rendered":"<p>A Cerd\u00e0-Advocats comptem amb un equip de qualificats advocats, experts en cadascuna de les mat\u00e8ries que comprenen aquesta \u00e0mplia branca del Dret. Amb experi\u00e8ncia di\u00e0ria als jutjats de gu\u00e0rdia i assist\u00e8ncia a detinguts.<\/p>\n","protected":false},"author":1,"featured_media":0,"parent":650,"menu_order":0,"comment_status":"closed","ping_status":"closed","template":"","meta":{"footnotes":""},"class_list":["post-626","page","type-page","status-publish","hentry"],"yoast_head":"<!-- This site is optimized with the Yoast SEO plugin v25.8 - https:\/\/yoast.com\/wordpress\/plugins\/seo\/ -->\n<title>Advocats de dret penal - Despacho Abogados en Ibiza | Cerda Advocats<\/title>\n<meta name=\"robots\" content=\"index, follow, max-snippet:-1, max-image-preview:large, max-video-preview:-1\" \/>\n<link rel=\"canonical\" href=\"https:\/\/cerda-advocats.es\/ca\/serveis\/advocats-de-dret-penal\/\" \/>\n<meta property=\"og:locale\" content=\"ca_ES\" \/>\n<meta property=\"og:type\" content=\"article\" \/>\n<meta property=\"og:title\" content=\"Advocats de dret penal - Despacho Abogados en Ibiza | Cerda Advocats\" \/>\n<meta property=\"og:description\" content=\"A Cerd\u00e0-Advocats comptem amb un equip de qualificats advocats, experts en cadascuna de les mat\u00e8ries que comprenen aquesta \u00e0mplia branca del Dret. Amb experi\u00e8ncia di\u00e0ria als jutjats de gu\u00e0rdia i assist\u00e8ncia a detinguts.\" \/>\n<meta property=\"og:url\" content=\"https:\/\/cerda-advocats.es\/ca\/serveis\/advocats-de-dret-penal\/\" \/>\n<meta property=\"og:site_name\" content=\"Despacho Abogados en Ibiza | Cerda Advocats\" \/>\n<meta property=\"article:modified_time\" content=\"2025-08-08T07:52:08+00:00\" \/>\n<meta property=\"og:image\" content=\"https:\/\/cerda-advocats.es\/wp-content\/uploads\/2025\/07\/63cf15ad5c6bbc3dab0c3f2b_5.png\" \/>\n\t<meta property=\"og:image:width\" content=\"75\" \/>\n\t<meta property=\"og:image:height\" content=\"75\" \/>\n\t<meta property=\"og:image:type\" content=\"image\/png\" \/>\n<meta name=\"twitter:card\" content=\"summary_large_image\" \/>\n<script type=\"application\/ld+json\" class=\"yoast-schema-graph\">{\"@context\":\"https:\/\/schema.org\",\"@graph\":[{\"@type\":\"WebPage\",\"@id\":\"https:\/\/cerda-advocats.es\/ca\/serveis\/advocats-de-dret-penal\/\",\"url\":\"https:\/\/cerda-advocats.es\/ca\/serveis\/advocats-de-dret-penal\/\",\"name\":\"Advocats de dret penal - Despacho Abogados en Ibiza | Cerda Advocats\",\"isPartOf\":{\"@id\":\"https:\/\/cerda-advocats.es\/#website\"},\"primaryImageOfPage\":{\"@id\":\"https:\/\/cerda-advocats.es\/ca\/serveis\/advocats-de-dret-penal\/#primaryimage\"},\"image\":{\"@id\":\"https:\/\/cerda-advocats.es\/ca\/serveis\/advocats-de-dret-penal\/#primaryimage\"},\"thumbnailUrl\":\"https:\/\/cerda-advocats.es\/wp-content\/uploads\/2025\/07\/63cf15ad5c6bbc3dab0c3f2b_5.png\",\"datePublished\":\"2025-07-09T15:29:56+00:00\",\"dateModified\":\"2025-08-08T07:52:08+00:00\",\"breadcrumb\":{\"@id\":\"https:\/\/cerda-advocats.es\/ca\/serveis\/advocats-de-dret-penal\/#breadcrumb\"},\"inLanguage\":\"ca\",\"potentialAction\":[{\"@type\":\"ReadAction\",\"target\":[\"https:\/\/cerda-advocats.es\/ca\/serveis\/advocats-de-dret-penal\/\"]}]},{\"@type\":\"ImageObject\",\"inLanguage\":\"ca\",\"@id\":\"https:\/\/cerda-advocats.es\/ca\/serveis\/advocats-de-dret-penal\/#primaryimage\",\"url\":\"https:\/\/cerda-advocats.es\/wp-content\/uploads\/2025\/07\/63cf15ad5c6bbc3dab0c3f2b_5.png\",\"contentUrl\":\"https:\/\/cerda-advocats.es\/wp-content\/uploads\/2025\/07\/63cf15ad5c6bbc3dab0c3f2b_5.png\"},{\"@type\":\"BreadcrumbList\",\"@id\":\"https:\/\/cerda-advocats.es\/ca\/serveis\/advocats-de-dret-penal\/#breadcrumb\",\"itemListElement\":[{\"@type\":\"ListItem\",\"position\":1,\"name\":\"Portada\",\"item\":\"https:\/\/cerda-advocats.es\/ca\/inici\/\"},{\"@type\":\"ListItem\",\"position\":2,\"name\":\"Serveis\",\"item\":\"https:\/\/cerda-advocats.es\/ca\/serveis\/\"},{\"@type\":\"ListItem\",\"position\":3,\"name\":\"Advocats de dret penal\"}]},{\"@type\":\"WebSite\",\"@id\":\"https:\/\/cerda-advocats.es\/#website\",\"url\":\"https:\/\/cerda-advocats.es\/\",\"name\":\"Despacho Abogados en Ibiza | Cerda Advocats\",\"description\":\"Cerda Advocats es un despacho de abogados en Ibiza con una amplia experiencia en diversas \u00e1reas del derecho. Ofrecemos un asesoramiento integral y personalizado para resolver cualquier problema legal que pueda tener. Cont\u00e1ctanos para m\u00e1s informaci\u00f3n.\",\"publisher\":{\"@id\":\"https:\/\/cerda-advocats.es\/#organization\"},\"potentialAction\":[{\"@type\":\"SearchAction\",\"target\":{\"@type\":\"EntryPoint\",\"urlTemplate\":\"https:\/\/cerda-advocats.es\/?s={search_term_string}\"},\"query-input\":{\"@type\":\"PropertyValueSpecification\",\"valueRequired\":true,\"valueName\":\"search_term_string\"}}],\"inLanguage\":\"ca\"},{\"@type\":\"Organization\",\"@id\":\"https:\/\/cerda-advocats.es\/#organization\",\"name\":\"Despacho Abogados en Ibiza | Cerda Advocats\",\"url\":\"https:\/\/cerda-advocats.es\/\",\"logo\":{\"@type\":\"ImageObject\",\"inLanguage\":\"ca\",\"@id\":\"https:\/\/cerda-advocats.es\/#\/schema\/logo\/image\/\",\"url\":\"https:\/\/cerda-advocats.es\/wp-content\/uploads\/2025\/06\/logo_cerda_advocats.png\",\"contentUrl\":\"https:\/\/cerda-advocats.es\/wp-content\/uploads\/2025\/06\/logo_cerda_advocats.png\",\"width\":500,\"height\":83,\"caption\":\"Despacho Abogados en Ibiza | Cerda Advocats\"},\"image\":{\"@id\":\"https:\/\/cerda-advocats.es\/#\/schema\/logo\/image\/\"}}]}<\/script>\n<!-- \/ Yoast SEO plugin. -->","yoast_head_json":{"title":"Advocats de dret penal - Despacho Abogados en Ibiza | Cerda Advocats","robots":{"index":"index","follow":"follow","max-snippet":"max-snippet:-1","max-image-preview":"max-image-preview:large","max-video-preview":"max-video-preview:-1"},"canonical":"https:\/\/cerda-advocats.es\/ca\/serveis\/advocats-de-dret-penal\/","og_locale":"ca_ES","og_type":"article","og_title":"Advocats de dret penal - Despacho Abogados en Ibiza | Cerda Advocats","og_description":"A Cerd\u00e0-Advocats comptem amb un equip de qualificats advocats, experts en cadascuna de les mat\u00e8ries que comprenen aquesta \u00e0mplia branca del Dret. Amb experi\u00e8ncia di\u00e0ria als jutjats de gu\u00e0rdia i assist\u00e8ncia a detinguts.","og_url":"https:\/\/cerda-advocats.es\/ca\/serveis\/advocats-de-dret-penal\/","og_site_name":"Despacho Abogados en Ibiza | Cerda Advocats","article_modified_time":"2025-08-08T07:52:08+00:00","og_image":[{"width":75,"height":75,"url":"https:\/\/cerda-advocats.es\/wp-content\/uploads\/2025\/07\/63cf15ad5c6bbc3dab0c3f2b_5.png","type":"image\/png"}],"twitter_card":"summary_large_image","schema":{"@context":"https:\/\/schema.org","@graph":[{"@type":"WebPage","@id":"https:\/\/cerda-advocats.es\/ca\/serveis\/advocats-de-dret-penal\/","url":"https:\/\/cerda-advocats.es\/ca\/serveis\/advocats-de-dret-penal\/","name":"Advocats de dret penal - Despacho Abogados en Ibiza | Cerda Advocats","isPartOf":{"@id":"https:\/\/cerda-advocats.es\/#website"},"primaryImageOfPage":{"@id":"https:\/\/cerda-advocats.es\/ca\/serveis\/advocats-de-dret-penal\/#primaryimage"},"image":{"@id":"https:\/\/cerda-advocats.es\/ca\/serveis\/advocats-de-dret-penal\/#primaryimage"},"thumbnailUrl":"https:\/\/cerda-advocats.es\/wp-content\/uploads\/2025\/07\/63cf15ad5c6bbc3dab0c3f2b_5.png","datePublished":"2025-07-09T15:29:56+00:00","dateModified":"2025-08-08T07:52:08+00:00","breadcrumb":{"@id":"https:\/\/cerda-advocats.es\/ca\/serveis\/advocats-de-dret-penal\/#breadcrumb"},"inLanguage":"ca","potentialAction":[{"@type":"ReadAction","target":["https:\/\/cerda-advocats.es\/ca\/serveis\/advocats-de-dret-penal\/"]}]},{"@type":"ImageObject","inLanguage":"ca","@id":"https:\/\/cerda-advocats.es\/ca\/serveis\/advocats-de-dret-penal\/#primaryimage","url":"https:\/\/cerda-advocats.es\/wp-content\/uploads\/2025\/07\/63cf15ad5c6bbc3dab0c3f2b_5.png","contentUrl":"https:\/\/cerda-advocats.es\/wp-content\/uploads\/2025\/07\/63cf15ad5c6bbc3dab0c3f2b_5.png"},{"@type":"BreadcrumbList","@id":"https:\/\/cerda-advocats.es\/ca\/serveis\/advocats-de-dret-penal\/#breadcrumb","itemListElement":[{"@type":"ListItem","position":1,"name":"Portada","item":"https:\/\/cerda-advocats.es\/ca\/inici\/"},{"@type":"ListItem","position":2,"name":"Serveis","item":"https:\/\/cerda-advocats.es\/ca\/serveis\/"},{"@type":"ListItem","position":3,"name":"Advocats de dret penal"}]},{"@type":"WebSite","@id":"https:\/\/cerda-advocats.es\/#website","url":"https:\/\/cerda-advocats.es\/","name":"Despacho Abogados en Ibiza | Cerda Advocats","description":"Cerda Advocats es un despacho de abogados en Ibiza con una amplia experiencia en diversas \u00e1reas del derecho. Ofrecemos un asesoramiento integral y personalizado para resolver cualquier problema legal que pueda tener. Cont\u00e1ctanos para m\u00e1s informaci\u00f3n.","publisher":{"@id":"https:\/\/cerda-advocats.es\/#organization"},"potentialAction":[{"@type":"SearchAction","target":{"@type":"EntryPoint","urlTemplate":"https:\/\/cerda-advocats.es\/?s={search_term_string}"},"query-input":{"@type":"PropertyValueSpecification","valueRequired":true,"valueName":"search_term_string"}}],"inLanguage":"ca"},{"@type":"Organization","@id":"https:\/\/cerda-advocats.es\/#organization","name":"Despacho Abogados en Ibiza | Cerda Advocats","url":"https:\/\/cerda-advocats.es\/","logo":{"@type":"ImageObject","inLanguage":"ca","@id":"https:\/\/cerda-advocats.es\/#\/schema\/logo\/image\/","url":"https:\/\/cerda-advocats.es\/wp-content\/uploads\/2025\/06\/logo_cerda_advocats.png","contentUrl":"https:\/\/cerda-advocats.es\/wp-content\/uploads\/2025\/06\/logo_cerda_advocats.png","width":500,"height":83,"caption":"Despacho Abogados en Ibiza | Cerda Advocats"},"image":{"@id":"https:\/\/cerda-advocats.es\/#\/schema\/logo\/image\/"}}]}},"_links":{"self":[{"href":"https:\/\/cerda-advocats.es\/ca\/wp-json\/wp\/v2\/pages\/626","targetHints":{"allow":["GET"]}}],"collection":[{"href":"https:\/\/cerda-advocats.es\/ca\/wp-json\/wp\/v2\/pages"}],"about":[{"href":"https:\/\/cerda-advocats.es\/ca\/wp-json\/wp\/v2\/types\/page"}],"author":[{"embeddable":true,"href":"https:\/\/cerda-advocats.es\/ca\/wp-json\/wp\/v2\/users\/1"}],"replies":[{"embeddable":true,"href":"https:\/\/cerda-advocats.es\/ca\/wp-json\/wp\/v2\/comments?post=626"}],"version-history":[{"count":1,"href":"https:\/\/cerda-advocats.es\/ca\/wp-json\/wp\/v2\/pages\/626\/revisions"}],"predecessor-version":[{"id":627,"href":"https:\/\/cerda-advocats.es\/ca\/wp-json\/wp\/v2\/pages\/626\/revisions\/627"}],"up":[{"embeddable":true,"href":"https:\/\/cerda-advocats.es\/ca\/wp-json\/wp\/v2\/pages\/650"}],"wp:attachment":[{"href":"https:\/\/cerda-advocats.es\/ca\/wp-json\/wp\/v2\/media?parent=626"}],"curies":[{"name":"wp","href":"https:\/\/api.w.org\/{rel}","templated":true}]}}