{"id":638,"date":"2025-07-09T17:25:43","date_gmt":"2025-07-09T15:25:43","guid":{"rendered":"https:\/\/cerda-advocats.es\/advocats-de-dret-successori\/"},"modified":"2025-08-08T09:52:08","modified_gmt":"2025-08-08T07:52:08","slug":"advocats-de-dret-successori","status":"publish","type":"page","link":"https:\/\/cerda-advocats.es\/ca\/serveis\/advocats-de-dret-successori\/","title":{"rendered":"Advocats de Dret Successori"},"content":{"rendered":"\t\t<div data-elementor-type=\"wp-page\" data-elementor-id=\"638\" class=\"elementor elementor-638 elementor-219\" data-elementor-post-type=\"page\">\n\t\t\t\t<div class=\"elementor-element elementor-element-4dd7265 e-flex e-con-boxed e-con e-parent\" data-id=\"4dd7265\" data-element_type=\"container\">\n\t\t\t\t\t<div class=\"e-con-inner\">\n\t\t<div class=\"elementor-element elementor-element-8ed466e e-con-full e-flex e-con e-child\" data-id=\"8ed466e\" data-element_type=\"container\">\n\t\t\t\t<div class=\"elementor-element elementor-element-3af44e4 elementor-widget elementor-widget-template\" data-id=\"3af44e4\" data-element_type=\"widget\" data-settings=\"{&quot;sticky&quot;:&quot;top&quot;,&quot;sticky_offset&quot;:120,&quot;sticky_parent&quot;:&quot;yes&quot;,&quot;sticky_on&quot;:[&quot;desktop&quot;,&quot;tablet&quot;,&quot;mobile&quot;],&quot;sticky_effects_offset&quot;:0,&quot;sticky_anchor_link_offset&quot;:0}\" data-widget_type=\"template.default\">\n\t\t\t\t<div class=\"elementor-widget-container\">\n\t\t\t\t\t\t\t<div class=\"elementor-template\">\n\t\t\t\t\t<div data-elementor-type=\"section\" data-elementor-id=\"169\" class=\"elementor elementor-169\" data-elementor-post-type=\"elementor_library\">\n\t\t\t<div class=\"elementor-element elementor-element-200ece0 e-flex e-con-boxed e-con e-parent\" data-id=\"200ece0\" data-element_type=\"container\">\n\t\t\t\t\t<div class=\"e-con-inner\">\n\t\t\t\t<div class=\"elementor-element elementor-element-5f0cc3c form-float elementor-button-align-stretch elementor-widget elementor-widget-form\" data-id=\"5f0cc3c\" data-element_type=\"widget\" data-settings=\"{&quot;step_next_label&quot;:&quot;Next&quot;,&quot;step_previous_label&quot;:&quot;Previous&quot;,&quot;_animation&quot;:&quot;none&quot;,&quot;button_width&quot;:&quot;100&quot;,&quot;step_type&quot;:&quot;number_text&quot;,&quot;step_icon_shape&quot;:&quot;circle&quot;}\" data-widget_type=\"form.default\">\n\t\t\t\t<div class=\"elementor-widget-container\">\n\t\t\t\t\t\t\t<form class=\"elementor-form\" method=\"post\" name=\"General\" aria-label=\"General\">\n\t\t\t<input type=\"hidden\" name=\"post_id\" value=\"169\"\/>\n\t\t\t<input type=\"hidden\" name=\"form_id\" value=\"5f0cc3c\"\/>\n\t\t\t<input type=\"hidden\" name=\"referer_title\" value=\"Abogados de Derecho Administrativo y Urban\u00edstico - Despacho Abogados en Ibiza | Cerda Advocats\" \/>\n\n\t\t\t\t\t\t\t<input type=\"hidden\" name=\"queried_id\" value=\"259\"\/>\n\t\t\t\n\t\t\t<div class=\"elementor-form-fields-wrapper elementor-labels-\">\n\t\t\t\t\t\t\t\t<div class=\"elementor-field-type-text elementor-field-group elementor-column elementor-field-group-name elementor-col-100 elementor-field-required\">\n\t\t\t\t\t\t\t\t\t\t\t\t<label for=\"form-field-name\" class=\"elementor-field-label elementor-screen-only\">\n\t\t\t\t\t\t\t\tNombre*\t\t\t\t\t\t\t<\/label>\n\t\t\t\t\t\t\t\t\t\t\t\t\t\t<input size=\"1\" type=\"text\" name=\"form_fields[name]\" id=\"form-field-name\" class=\"elementor-field elementor-size-lg  elementor-field-textual\" placeholder=\"Nombre*\" required=\"required\">\n\t\t\t\t\t\t\t\t\t\t\t<\/div>\n\t\t\t\t\t\t\t\t<div class=\"elementor-field-type-tel elementor-field-group elementor-column elementor-field-group-field_27e541e elementor-col-100 elementor-field-required\">\n\t\t\t\t\t\t\t\t\t\t\t\t<label for=\"form-field-field_27e541e\" class=\"elementor-field-label elementor-screen-only\">\n\t\t\t\t\t\t\t\tTel\u00e9fono*\t\t\t\t\t\t\t<\/label>\n\t\t\t\t\t\t\t\t<input size=\"1\" type=\"tel\" name=\"form_fields[field_27e541e]\" id=\"form-field-field_27e541e\" class=\"elementor-field elementor-size-lg  elementor-field-textual\" placeholder=\"Tel\u00e9fono*\" required=\"required\" pattern=\"[0-9()#&amp;+*-=.]+\" title=\"Only numbers and phone characters (#, -, *, etc) are accepted.\">\n\n\t\t\t\t\t\t<\/div>\n\t\t\t\t\t\t\t\t<div class=\"elementor-field-type-email elementor-field-group elementor-column elementor-field-group-email elementor-col-100 elementor-field-required\">\n\t\t\t\t\t\t\t\t\t\t\t\t<label for=\"form-field-email\" class=\"elementor-field-label elementor-screen-only\">\n\t\t\t\t\t\t\t\tEmail*\t\t\t\t\t\t\t<\/label>\n\t\t\t\t\t\t\t\t\t\t\t\t\t\t<input size=\"1\" type=\"email\" name=\"form_fields[email]\" id=\"form-field-email\" class=\"elementor-field elementor-size-lg  elementor-field-textual\" placeholder=\"Email*\" required=\"required\">\n\t\t\t\t\t\t\t\t\t\t\t<\/div>\n\t\t\t\t\t\t\t\t<div class=\"elementor-field-type-textarea elementor-field-group elementor-column elementor-field-group-message elementor-col-100 elementor-field-required\">\n\t\t\t\t\t\t\t\t\t\t\t\t<label for=\"form-field-message\" class=\"elementor-field-label elementor-screen-only\">\n\t\t\t\t\t\t\t\tMensaje*\t\t\t\t\t\t\t<\/label>\n\t\t\t\t\t\t<textarea class=\"elementor-field-textual elementor-field  elementor-size-lg\" name=\"form_fields[message]\" id=\"form-field-message\" rows=\"4\" placeholder=\"Mensaje*\" required=\"required\"><\/textarea>\t\t\t\t<\/div>\n\t\t\t\t\t\t\t\t<div class=\"elementor-field-type-acceptance elementor-field-group elementor-column elementor-field-group-field_a294e79 elementor-col-100 elementor-field-required\">\n\t\t\t\t\t\t\t<div class=\"elementor-field-subgroup\">\n\t\t\t<span class=\"elementor-field-option\">\n\t\t\t\t<input type=\"checkbox\" name=\"form_fields[field_a294e79]\" id=\"form-field-field_a294e79\" class=\"elementor-field elementor-size-lg  elementor-acceptance-field\" required=\"required\">\n\t\t\t\t<label for=\"form-field-field_a294e79\"><span>Acepto la  <a href=\"#\" target=\"_blank\">Pol\u00edtica de Privacidad<\/a>  y confirmo que mi informaci\u00f3n personal se puede utilizar de acuerdo con la ley.<\/span> <small>CERD\u00c0 ADVOCATS tratar\u00e1 sus datos personales para atender su consulta y darle respuesta lo antes posible. Tiene derecho a acceder, rectificar y suprimir sus datos, as\u00ed como a otros derechos, tal y como se explica en nuestra Pol\u00edtica de Privacidad. Para m\u00e1s informaci\u00f3n, tambi\u00e9n puede consultar dicha pol\u00edtica.<\/small><\/label>\t\t\t<\/span>\n\t\t<\/div>\n\t\t\t\t\t\t<\/div>\n\t\t\t\t\t\t\t\t<div class=\"elementor-field-type-recaptcha_v3 elementor-field-group elementor-column elementor-field-group-field_da53046 elementor-col-100 recaptcha_v3-inline\">\n\t\t\t\t\t<div class=\"elementor-field\" id=\"form-field-field_da53046\"><div class=\"elementor-g-recaptcha\" data-sitekey=\"6LcvRrMrAAAAACKuTofJaD5__GXbwoFpJei84mPt\" data-type=\"v3\" data-action=\"Form\" data-badge=\"inline\" data-size=\"invisible\"><\/div><\/div>\t\t\t\t<\/div>\n\t\t\t\t\t\t\t\t<div class=\"elementor-field-group elementor-column elementor-field-type-submit elementor-col-100 e-form__buttons\">\n\t\t\t\t\t<button class=\"elementor-button elementor-size-lg\" type=\"submit\">\n\t\t\t\t\t\t<span class=\"elementor-button-content-wrapper\">\n\t\t\t\t\t\t\t\t\t\t\t\t\t\t\t\t\t\t\t\t\t\t<span class=\"elementor-button-text\">Enviar<\/span>\n\t\t\t\t\t\t\t\t\t\t\t\t\t<\/span>\n\t\t\t\t\t<\/button>\n\t\t\t\t<\/div>\n\t\t\t<\/div>\n\t\t<\/form>\n\t\t\t\t\t\t<\/div>\n\t\t\t\t<\/div>\n\t\t\t\t\t<\/div>\n\t\t\t\t<\/div>\n\t\t\t\t<\/div>\n\t\t\t\t<\/div>\n\t\t\t\t\t\t<\/div>\n\t\t\t\t<\/div>\n\t\t\t\t<\/div>\n\t\t<div class=\"elementor-element elementor-element-52a10b2 e-con-full e-flex e-con e-child\" data-id=\"52a10b2\" data-element_type=\"container\">\n\t\t\t\t<div class=\"elementor-element elementor-element-184a51e elementor-position-left elementor-position-top elementor-vertical-align-top elementor-widget elementor-widget-image-box\" data-id=\"184a51e\" data-element_type=\"widget\" data-widget_type=\"image-box.default\">\n\t\t\t\t<div class=\"elementor-widget-container\">\n\t\t\t\t\t<div class=\"elementor-image-box-wrapper\"><figure class=\"elementor-image-box-img\"><img decoding=\"async\" width=\"75\" height=\"75\" src=\"https:\/\/cerda-advocats.es\/wp-content\/uploads\/2025\/07\/63cf292d47c7b5306c750573_13.png\" class=\"attachment-thumbnail size-thumbnail wp-image-222\" alt=\"\" \/><\/figure><div class=\"elementor-image-box-content\"><h2 class=\"elementor-image-box-title\">Inventari i repartiment d' her\u00e8ncies<\/h2><p class=\"elementor-image-box-description\">Oferim els nostres serveis tant en casos de successions testament\u00e0ries com intestades. El nostre equip est\u00e0 integrat per advocats especialistes, economistes gestors i un comptador-partidor judicial com a consultor. Tot per a l'excel\u00b7l\u00e8ncia en la successi\u00f3, que \u00e9s la nostra principal prioritat.<\/p><\/div><\/div>\t\t\t\t<\/div>\n\t\t\t\t<\/div>\n\t\t\t\t<div class=\"elementor-element elementor-element-72be72b elementor-position-left elementor-position-top elementor-vertical-align-top elementor-widget elementor-widget-image-box\" data-id=\"72be72b\" data-element_type=\"widget\" data-widget_type=\"image-box.default\">\n\t\t\t\t<div class=\"elementor-widget-container\">\n\t\t\t\t\t<div class=\"elementor-image-box-wrapper\"><figure class=\"elementor-image-box-img\"><img decoding=\"async\" width=\"75\" height=\"75\" src=\"https:\/\/cerda-advocats.es\/wp-content\/uploads\/2025\/07\/63cf292c10e34fe8a18cddb1_23-2.png\" class=\"attachment-thumbnail size-thumbnail wp-image-223\" alt=\"\" \/><\/figure><div class=\"elementor-image-box-content\"><h2 class=\"elementor-image-box-title\">Planificaci\u00f3 de la successi\u00f3<\/h2><p class=\"elementor-image-box-description\">Sabem que la planificaci\u00f3 \u00e9s essencial per assegurar que els teus b\u00e9ns i relacions jur\u00eddiques es distribueixin de manera justa i eficient despr\u00e9s de la teva mort. \u00c9s la millor manera tamb\u00e9 d' evitar conflictes entre els beneficiaris del seu testament alhora que s' optimitza fiscalment la successi\u00f3.<\/p><\/div><\/div>\t\t\t\t<\/div>\n\t\t\t\t<\/div>\n\t\t\t\t<div class=\"elementor-element elementor-element-6be5eda elementor-position-left elementor-position-top elementor-vertical-align-top elementor-widget elementor-widget-image-box\" data-id=\"6be5eda\" data-element_type=\"widget\" data-widget_type=\"image-box.default\">\n\t\t\t\t<div class=\"elementor-widget-container\">\n\t\t\t\t\t<div class=\"elementor-image-box-wrapper\"><figure class=\"elementor-image-box-img\"><img decoding=\"async\" width=\"75\" height=\"75\" src=\"https:\/\/cerda-advocats.es\/wp-content\/uploads\/2025\/07\/63cf292dc30fd0bf7a4c44cf_32.png\" class=\"attachment-thumbnail size-thumbnail wp-image-224\" alt=\"\" \/><\/figure><div class=\"elementor-image-box-content\"><h2 class=\"elementor-image-box-title\">Pactes successoris<\/h2><p class=\"elementor-image-box-description\">L'ajudem a articular acords legals entre les persones que conformen una unitat familiar, amb l'objectiu de regular el repartiment de b\u00e9ns i deutes despr\u00e9s de la mort d'un dels membres.\nLa figura de pacte successori, ben planificada, genera drets i obligacions. Mal aplicada es converteix en una font de greuges i conflictes.<\/p><\/div><\/div>\t\t\t\t<\/div>\n\t\t\t\t<\/div>\n\t\t\t\t<div class=\"elementor-element elementor-element-0e4071c elementor-position-left elementor-position-top elementor-vertical-align-top elementor-widget elementor-widget-image-box\" data-id=\"0e4071c\" data-element_type=\"widget\" data-widget_type=\"image-box.default\">\n\t\t\t\t<div class=\"elementor-widget-container\">\n\t\t\t\t\t<div class=\"elementor-image-box-wrapper\"><figure class=\"elementor-image-box-img\"><img loading=\"lazy\" decoding=\"async\" width=\"75\" height=\"75\" src=\"https:\/\/cerda-advocats.es\/wp-content\/uploads\/2025\/07\/63cf292d765c647ad1d22a2e_41.png\" class=\"attachment-thumbnail size-thumbnail wp-image-225\" alt=\"\" \/><\/figure><div class=\"elementor-image-box-content\"><h2 class=\"elementor-image-box-title\">Optimitzaci\u00f3 fiscal del repartiment hereditari<\/h2><p class=\"elementor-image-box-description\">Sabem que el repartiment d'una her\u00e8ncia pot generar una gran c\u00e0rrega fiscal si no es planifica adequadament. L'ajudarem a triar les opcions fiscals m\u00e9s adequades per assegurar que la seva her\u00e8ncia es distribueixi de manera justa i eficient, i evitar problemes legals i fiscals<\/p><\/div><\/div>\t\t\t\t<\/div>\n\t\t\t\t<\/div>\n\t\t\t\t<div class=\"elementor-element elementor-element-3da2e81 elementor-position-left elementor-position-top elementor-vertical-align-top elementor-widget elementor-widget-image-box\" data-id=\"3da2e81\" data-element_type=\"widget\" data-widget_type=\"image-box.default\">\n\t\t\t\t<div class=\"elementor-widget-container\">\n\t\t\t\t\t<div class=\"elementor-image-box-wrapper\"><figure class=\"elementor-image-box-img\"><img loading=\"lazy\" decoding=\"async\" width=\"75\" height=\"75\" src=\"https:\/\/cerda-advocats.es\/wp-content\/uploads\/2025\/07\/63cf292dd1ae1fe15ae779ee_51.png\" class=\"attachment-thumbnail size-thumbnail wp-image-226\" alt=\"\" \/><\/figure><div class=\"elementor-image-box-content\"><h2 class=\"elementor-image-box-title\">Impugnaci\u00f3 de testaments<\/h2><p class=\"elementor-image-box-description\">En ocasions els testaments poden ser objecte de controv\u00e8rsia o discrep\u00e0ncies entre els hereus o persones interessades en la successi\u00f3. Li brindarem un assessorament integral i personalitzat per assegurar que la teva posici\u00f3 sigui defensada de manera eficient i justa, cosa que -en ocasions- passa per impugnar el testament.<\/p><\/div><\/div>\t\t\t\t<\/div>\n\t\t\t\t<\/div>\n\t\t\t\t<div class=\"elementor-element elementor-element-32b8f0f elementor-position-left elementor-position-top elementor-vertical-align-top elementor-widget elementor-widget-image-box\" data-id=\"32b8f0f\" data-element_type=\"widget\" data-widget_type=\"image-box.default\">\n\t\t\t\t<div class=\"elementor-widget-container\">\n\t\t\t\t\t<div class=\"elementor-image-box-wrapper\"><figure class=\"elementor-image-box-img\"><img loading=\"lazy\" decoding=\"async\" width=\"75\" height=\"75\" src=\"https:\/\/cerda-advocats.es\/wp-content\/uploads\/2025\/07\/63cf292d9bfd70335ab9c86a_61.png\" class=\"attachment-thumbnail size-thumbnail wp-image-227\" alt=\"\" \/><\/figure><div class=\"elementor-image-box-content\"><h2 class=\"elementor-image-box-title\">Reclamaci\u00f3 de lleg\u00edtimes<\/h2><p class=\"elementor-image-box-description\">El nostre equip d'advocats especialistes en dret successori compta amb l'experi\u00e8ncia i coneixement necessari per ajudar-lo en casos de reclamaci\u00f3 de lleg\u00edtimes, ja sigui per defensar els seus drets com a legitimari o per defensar un testament davant una reclamaci\u00f3 de lleg\u00edtima.<\/p><\/div><\/div>\t\t\t\t<\/div>\n\t\t\t\t<\/div>\n\t\t\t\t<\/div>\n\t\t\t\t\t<\/div>\n\t\t\t\t<\/div>\n\t\t<div class=\"elementor-element elementor-element-485e4e5 e-flex e-con-boxed e-con e-parent\" data-id=\"485e4e5\" data-element_type=\"container\">\n\t\t\t\t\t<div class=\"e-con-inner\">\n\t\t\t\t<div class=\"elementor-element elementor-element-7757da4 elementor-widget-divider--view-line elementor-widget elementor-widget-divider\" data-id=\"7757da4\" data-element_type=\"widget\" data-widget_type=\"divider.default\">\n\t\t\t\t<div class=\"elementor-widget-container\">\n\t\t\t\t\t\t\t<div class=\"elementor-divider\">\n\t\t\t<span class=\"elementor-divider-separator\">\n\t\t\t\t\t\t<\/span>\n\t\t<\/div>\n\t\t\t\t\t\t<\/div>\n\t\t\t\t<\/div>\n\t\t\t\t\t<\/div>\n\t\t\t\t<\/div>\n\t\t<div class=\"elementor-element elementor-element-2672f97 e-flex e-con-boxed e-con e-parent\" data-id=\"2672f97\" data-element_type=\"container\">\n\t\t\t\t\t<div class=\"e-con-inner\">\n\t\t\t\t<div class=\"elementor-element elementor-element-2266cfd elementor-widget elementor-widget-text-editor\" data-id=\"2266cfd\" data-element_type=\"widget\" data-widget_type=\"text-editor.default\">\n\t\t\t\t<div class=\"elementor-widget-container\">\n\t\t\t\t\t\t\t\t\t<p>A Cerd\u00e0 Advocats, som especialistes en dret successori. La seva experi\u00e8ncia i coneixement en aquest \u00e0mbit ens permet oferir-te un servei de qualitat. Ens encarreguem de tota mena d&#8217; assumptes relacionats amb la successi\u00f3, com testaments, repartiment d&#8217; her\u00e8ncies, litigis, etc. Si necessites assessorament o representaci\u00f3 en q\u00fcestions relacionades amb el dret successori, no dubtis a posar-te en contacte amb nosaltres. Estarem encantats d&#8217;ajudar-te.<\/p><p>El Dret Successori \u00e9s la part del Dret Privat que regula la successi\u00f3 mortis causa i estableix la destinaci\u00f3 dels b\u00e9ns i de les relacions jur\u00eddiques de les persones despr\u00e9s de la seva mort. Tot all\u00f2 relacionat amb el Dret Successori, amb independ\u00e8ncia del component estrictament personal, \u00e9s d&#8217; especial complexitat, en conc\u00f3rrer factors com la determinaci\u00f3 del dret aplicable i la necessitat d&#8217; una adequada planificaci\u00f3 fiscal.<\/p><p>El nostre equip est\u00e0 integrat per advocats especialistes, economistes gestors i un comptador-partidor judicial com a consultor. Tot per a l&#8217;excel\u00b7l\u00e8ncia en la successi\u00f3, que \u00e9s la nostra principal prioritat. Oferim un servei integral que va des de la planificaci\u00f3 success\u00f2ria fins a la gesti\u00f3 i resoluci\u00f3 de litigis. Amb la nostra ajuda, podr\u00e0s assegurar-te que la teva successi\u00f3 es dugui a terme de manera eficient i justa, evitant problemes legals i fiscals. A m\u00e9s, la nostra experi\u00e8ncia i coneixement en l&#8217;\u00e0mbit del dret successori ens permet brindar-li un assessorament personalitzat i adaptat a les teves necessitats espec\u00edfiques.<\/p>\t\t\t\t\t\t\t\t<\/div>\n\t\t\t\t<\/div>\n\t\t\t\t\t<\/div>\n\t\t\t\t<\/div>\n\t\t\t\t<\/div>\n\t\t","protected":false},"excerpt":{"rendered":"<p>A Cerd\u00e0 Advocats, som especialistes en dret successori. La seva experi\u00e8ncia i coneixement en aquest \u00e0mbit ens permet oferir-te un servei de qualitat. Ens encarreguem de tota mena d&#8217; assumptes relacionats amb la successi\u00f3, com testaments, repartiment d&#8217; her\u00e8ncies, litigis, etc.<\/p>\n","protected":false},"author":1,"featured_media":0,"parent":650,"menu_order":0,"comment_status":"closed","ping_status":"closed","template":"","meta":{"footnotes":""},"class_list":["post-638","page","type-page","status-publish","hentry"],"yoast_head":"<!-- This site is optimized with the Yoast SEO plugin v25.8 - https:\/\/yoast.com\/wordpress\/plugins\/seo\/ -->\n<title>Advocats de Dret Successori - Despacho Abogados en Ibiza | Cerda Advocats<\/title>\n<meta name=\"robots\" content=\"index, follow, max-snippet:-1, max-image-preview:large, max-video-preview:-1\" \/>\n<link rel=\"canonical\" href=\"https:\/\/cerda-advocats.es\/ca\/serveis\/advocats-de-dret-successori\/\" \/>\n<meta property=\"og:locale\" content=\"ca_ES\" \/>\n<meta property=\"og:type\" content=\"article\" \/>\n<meta property=\"og:title\" content=\"Advocats de Dret Successori - Despacho Abogados en Ibiza | Cerda Advocats\" \/>\n<meta property=\"og:description\" content=\"A Cerd\u00e0 Advocats, som especialistes en dret successori. La seva experi\u00e8ncia i coneixement en aquest \u00e0mbit ens permet oferir-te un servei de qualitat. Ens encarreguem de tota mena d&#039; assumptes relacionats amb la successi\u00f3, com testaments, repartiment d&#039; her\u00e8ncies, litigis, etc.\" \/>\n<meta property=\"og:url\" content=\"https:\/\/cerda-advocats.es\/ca\/serveis\/advocats-de-dret-successori\/\" \/>\n<meta property=\"og:site_name\" content=\"Despacho Abogados en Ibiza | Cerda Advocats\" \/>\n<meta property=\"article:modified_time\" content=\"2025-08-08T07:52:08+00:00\" \/>\n<meta property=\"og:image\" content=\"https:\/\/cerda-advocats.es\/wp-content\/uploads\/2025\/07\/63cf292d47c7b5306c750573_13.png\" \/>\n\t<meta property=\"og:image:width\" content=\"75\" \/>\n\t<meta property=\"og:image:height\" content=\"75\" \/>\n\t<meta property=\"og:image:type\" content=\"image\/png\" \/>\n<meta name=\"twitter:card\" content=\"summary_large_image\" \/>\n<script type=\"application\/ld+json\" class=\"yoast-schema-graph\">{\"@context\":\"https:\/\/schema.org\",\"@graph\":[{\"@type\":\"WebPage\",\"@id\":\"https:\/\/cerda-advocats.es\/ca\/serveis\/advocats-de-dret-successori\/\",\"url\":\"https:\/\/cerda-advocats.es\/ca\/serveis\/advocats-de-dret-successori\/\",\"name\":\"Advocats de Dret Successori - Despacho Abogados en Ibiza | Cerda Advocats\",\"isPartOf\":{\"@id\":\"https:\/\/cerda-advocats.es\/#website\"},\"primaryImageOfPage\":{\"@id\":\"https:\/\/cerda-advocats.es\/ca\/serveis\/advocats-de-dret-successori\/#primaryimage\"},\"image\":{\"@id\":\"https:\/\/cerda-advocats.es\/ca\/serveis\/advocats-de-dret-successori\/#primaryimage\"},\"thumbnailUrl\":\"https:\/\/cerda-advocats.es\/wp-content\/uploads\/2025\/07\/63cf292d47c7b5306c750573_13.png\",\"datePublished\":\"2025-07-09T15:25:43+00:00\",\"dateModified\":\"2025-08-08T07:52:08+00:00\",\"breadcrumb\":{\"@id\":\"https:\/\/cerda-advocats.es\/ca\/serveis\/advocats-de-dret-successori\/#breadcrumb\"},\"inLanguage\":\"ca\",\"potentialAction\":[{\"@type\":\"ReadAction\",\"target\":[\"https:\/\/cerda-advocats.es\/ca\/serveis\/advocats-de-dret-successori\/\"]}]},{\"@type\":\"ImageObject\",\"inLanguage\":\"ca\",\"@id\":\"https:\/\/cerda-advocats.es\/ca\/serveis\/advocats-de-dret-successori\/#primaryimage\",\"url\":\"https:\/\/cerda-advocats.es\/wp-content\/uploads\/2025\/07\/63cf292d47c7b5306c750573_13.png\",\"contentUrl\":\"https:\/\/cerda-advocats.es\/wp-content\/uploads\/2025\/07\/63cf292d47c7b5306c750573_13.png\"},{\"@type\":\"BreadcrumbList\",\"@id\":\"https:\/\/cerda-advocats.es\/ca\/serveis\/advocats-de-dret-successori\/#breadcrumb\",\"itemListElement\":[{\"@type\":\"ListItem\",\"position\":1,\"name\":\"Portada\",\"item\":\"https:\/\/cerda-advocats.es\/ca\/inici\/\"},{\"@type\":\"ListItem\",\"position\":2,\"name\":\"Serveis\",\"item\":\"https:\/\/cerda-advocats.es\/ca\/serveis\/\"},{\"@type\":\"ListItem\",\"position\":3,\"name\":\"Advocats de Dret Successori\"}]},{\"@type\":\"WebSite\",\"@id\":\"https:\/\/cerda-advocats.es\/#website\",\"url\":\"https:\/\/cerda-advocats.es\/\",\"name\":\"Despacho Abogados en Ibiza | Cerda Advocats\",\"description\":\"Cerda Advocats es un despacho de abogados en Ibiza con una amplia experiencia en diversas \u00e1reas del derecho. Ofrecemos un asesoramiento integral y personalizado para resolver cualquier problema legal que pueda tener. Cont\u00e1ctanos para m\u00e1s informaci\u00f3n.\",\"publisher\":{\"@id\":\"https:\/\/cerda-advocats.es\/#organization\"},\"potentialAction\":[{\"@type\":\"SearchAction\",\"target\":{\"@type\":\"EntryPoint\",\"urlTemplate\":\"https:\/\/cerda-advocats.es\/?s={search_term_string}\"},\"query-input\":{\"@type\":\"PropertyValueSpecification\",\"valueRequired\":true,\"valueName\":\"search_term_string\"}}],\"inLanguage\":\"ca\"},{\"@type\":\"Organization\",\"@id\":\"https:\/\/cerda-advocats.es\/#organization\",\"name\":\"Despacho Abogados en Ibiza | Cerda Advocats\",\"url\":\"https:\/\/cerda-advocats.es\/\",\"logo\":{\"@type\":\"ImageObject\",\"inLanguage\":\"ca\",\"@id\":\"https:\/\/cerda-advocats.es\/#\/schema\/logo\/image\/\",\"url\":\"https:\/\/cerda-advocats.es\/wp-content\/uploads\/2025\/06\/logo_cerda_advocats.png\",\"contentUrl\":\"https:\/\/cerda-advocats.es\/wp-content\/uploads\/2025\/06\/logo_cerda_advocats.png\",\"width\":500,\"height\":83,\"caption\":\"Despacho Abogados en Ibiza | Cerda Advocats\"},\"image\":{\"@id\":\"https:\/\/cerda-advocats.es\/#\/schema\/logo\/image\/\"}}]}<\/script>\n<!-- \/ Yoast SEO plugin. -->","yoast_head_json":{"title":"Advocats de Dret Successori - Despacho Abogados en Ibiza | Cerda Advocats","robots":{"index":"index","follow":"follow","max-snippet":"max-snippet:-1","max-image-preview":"max-image-preview:large","max-video-preview":"max-video-preview:-1"},"canonical":"https:\/\/cerda-advocats.es\/ca\/serveis\/advocats-de-dret-successori\/","og_locale":"ca_ES","og_type":"article","og_title":"Advocats de Dret Successori - Despacho Abogados en Ibiza | Cerda Advocats","og_description":"A Cerd\u00e0 Advocats, som especialistes en dret successori. La seva experi\u00e8ncia i coneixement en aquest \u00e0mbit ens permet oferir-te un servei de qualitat. Ens encarreguem de tota mena d' assumptes relacionats amb la successi\u00f3, com testaments, repartiment d' her\u00e8ncies, litigis, etc.","og_url":"https:\/\/cerda-advocats.es\/ca\/serveis\/advocats-de-dret-successori\/","og_site_name":"Despacho Abogados en Ibiza | Cerda Advocats","article_modified_time":"2025-08-08T07:52:08+00:00","og_image":[{"width":75,"height":75,"url":"https:\/\/cerda-advocats.es\/wp-content\/uploads\/2025\/07\/63cf292d47c7b5306c750573_13.png","type":"image\/png"}],"twitter_card":"summary_large_image","schema":{"@context":"https:\/\/schema.org","@graph":[{"@type":"WebPage","@id":"https:\/\/cerda-advocats.es\/ca\/serveis\/advocats-de-dret-successori\/","url":"https:\/\/cerda-advocats.es\/ca\/serveis\/advocats-de-dret-successori\/","name":"Advocats de Dret Successori - Despacho Abogados en Ibiza | Cerda Advocats","isPartOf":{"@id":"https:\/\/cerda-advocats.es\/#website"},"primaryImageOfPage":{"@id":"https:\/\/cerda-advocats.es\/ca\/serveis\/advocats-de-dret-successori\/#primaryimage"},"image":{"@id":"https:\/\/cerda-advocats.es\/ca\/serveis\/advocats-de-dret-successori\/#primaryimage"},"thumbnailUrl":"https:\/\/cerda-advocats.es\/wp-content\/uploads\/2025\/07\/63cf292d47c7b5306c750573_13.png","datePublished":"2025-07-09T15:25:43+00:00","dateModified":"2025-08-08T07:52:08+00:00","breadcrumb":{"@id":"https:\/\/cerda-advocats.es\/ca\/serveis\/advocats-de-dret-successori\/#breadcrumb"},"inLanguage":"ca","potentialAction":[{"@type":"ReadAction","target":["https:\/\/cerda-advocats.es\/ca\/serveis\/advocats-de-dret-successori\/"]}]},{"@type":"ImageObject","inLanguage":"ca","@id":"https:\/\/cerda-advocats.es\/ca\/serveis\/advocats-de-dret-successori\/#primaryimage","url":"https:\/\/cerda-advocats.es\/wp-content\/uploads\/2025\/07\/63cf292d47c7b5306c750573_13.png","contentUrl":"https:\/\/cerda-advocats.es\/wp-content\/uploads\/2025\/07\/63cf292d47c7b5306c750573_13.png"},{"@type":"BreadcrumbList","@id":"https:\/\/cerda-advocats.es\/ca\/serveis\/advocats-de-dret-successori\/#breadcrumb","itemListElement":[{"@type":"ListItem","position":1,"name":"Portada","item":"https:\/\/cerda-advocats.es\/ca\/inici\/"},{"@type":"ListItem","position":2,"name":"Serveis","item":"https:\/\/cerda-advocats.es\/ca\/serveis\/"},{"@type":"ListItem","position":3,"name":"Advocats de Dret Successori"}]},{"@type":"WebSite","@id":"https:\/\/cerda-advocats.es\/#website","url":"https:\/\/cerda-advocats.es\/","name":"Despacho Abogados en Ibiza | Cerda Advocats","description":"Cerda Advocats es un despacho de abogados en Ibiza con una amplia experiencia en diversas \u00e1reas del derecho. Ofrecemos un asesoramiento integral y personalizado para resolver cualquier problema legal que pueda tener. Cont\u00e1ctanos para m\u00e1s informaci\u00f3n.","publisher":{"@id":"https:\/\/cerda-advocats.es\/#organization"},"potentialAction":[{"@type":"SearchAction","target":{"@type":"EntryPoint","urlTemplate":"https:\/\/cerda-advocats.es\/?s={search_term_string}"},"query-input":{"@type":"PropertyValueSpecification","valueRequired":true,"valueName":"search_term_string"}}],"inLanguage":"ca"},{"@type":"Organization","@id":"https:\/\/cerda-advocats.es\/#organization","name":"Despacho Abogados en Ibiza | Cerda Advocats","url":"https:\/\/cerda-advocats.es\/","logo":{"@type":"ImageObject","inLanguage":"ca","@id":"https:\/\/cerda-advocats.es\/#\/schema\/logo\/image\/","url":"https:\/\/cerda-advocats.es\/wp-content\/uploads\/2025\/06\/logo_cerda_advocats.png","contentUrl":"https:\/\/cerda-advocats.es\/wp-content\/uploads\/2025\/06\/logo_cerda_advocats.png","width":500,"height":83,"caption":"Despacho Abogados en Ibiza | Cerda Advocats"},"image":{"@id":"https:\/\/cerda-advocats.es\/#\/schema\/logo\/image\/"}}]}},"_links":{"self":[{"href":"https:\/\/cerda-advocats.es\/ca\/wp-json\/wp\/v2\/pages\/638","targetHints":{"allow":["GET"]}}],"collection":[{"href":"https:\/\/cerda-advocats.es\/ca\/wp-json\/wp\/v2\/pages"}],"about":[{"href":"https:\/\/cerda-advocats.es\/ca\/wp-json\/wp\/v2\/types\/page"}],"author":[{"embeddable":true,"href":"https:\/\/cerda-advocats.es\/ca\/wp-json\/wp\/v2\/users\/1"}],"replies":[{"embeddable":true,"href":"https:\/\/cerda-advocats.es\/ca\/wp-json\/wp\/v2\/comments?post=638"}],"version-history":[{"count":1,"href":"https:\/\/cerda-advocats.es\/ca\/wp-json\/wp\/v2\/pages\/638\/revisions"}],"predecessor-version":[{"id":639,"href":"https:\/\/cerda-advocats.es\/ca\/wp-json\/wp\/v2\/pages\/638\/revisions\/639"}],"up":[{"embeddable":true,"href":"https:\/\/cerda-advocats.es\/ca\/wp-json\/wp\/v2\/pages\/650"}],"wp:attachment":[{"href":"https:\/\/cerda-advocats.es\/ca\/wp-json\/wp\/v2\/media?parent=638"}],"curies":[{"name":"wp","href":"https:\/\/api.w.org\/{rel}","templated":true}]}}