{"id":640,"date":"2025-07-09T17:10:57","date_gmt":"2025-07-09T15:10:57","guid":{"rendered":"https:\/\/cerda-advocats.es\/advocats-de-familia\/"},"modified":"2025-08-08T09:52:07","modified_gmt":"2025-08-08T07:52:07","slug":"advocats-de-familia","status":"publish","type":"page","link":"https:\/\/cerda-advocats.es\/ca\/serveis\/advocats-de-familia\/","title":{"rendered":"Advocats de Fam\u00edlia"},"content":{"rendered":"\t\t<div data-elementor-type=\"wp-page\" data-elementor-id=\"640\" class=\"elementor elementor-640 elementor-181\" data-elementor-post-type=\"page\">\n\t\t\t\t<div class=\"elementor-element elementor-element-4dd7265 e-flex e-con-boxed e-con e-parent\" data-id=\"4dd7265\" data-element_type=\"container\">\n\t\t\t\t\t<div class=\"e-con-inner\">\n\t\t<div class=\"elementor-element elementor-element-8ed466e e-con-full e-flex e-con e-child\" data-id=\"8ed466e\" data-element_type=\"container\">\n\t\t\t\t<div class=\"elementor-element elementor-element-3af44e4 elementor-widget elementor-widget-template\" data-id=\"3af44e4\" data-element_type=\"widget\" data-settings=\"{&quot;sticky&quot;:&quot;top&quot;,&quot;sticky_offset&quot;:120,&quot;sticky_parent&quot;:&quot;yes&quot;,&quot;sticky_on&quot;:[&quot;desktop&quot;,&quot;tablet&quot;,&quot;mobile&quot;],&quot;sticky_effects_offset&quot;:0,&quot;sticky_anchor_link_offset&quot;:0}\" data-widget_type=\"template.default\">\n\t\t\t\t<div class=\"elementor-widget-container\">\n\t\t\t\t\t\t\t<div class=\"elementor-template\">\n\t\t\t\t\t<div data-elementor-type=\"section\" data-elementor-id=\"169\" class=\"elementor elementor-169\" data-elementor-post-type=\"elementor_library\">\n\t\t\t<div class=\"elementor-element elementor-element-200ece0 e-flex e-con-boxed e-con e-parent\" data-id=\"200ece0\" data-element_type=\"container\">\n\t\t\t\t\t<div class=\"e-con-inner\">\n\t\t\t\t<div class=\"elementor-element elementor-element-5f0cc3c form-float elementor-button-align-stretch elementor-widget elementor-widget-form\" data-id=\"5f0cc3c\" data-element_type=\"widget\" data-settings=\"{&quot;step_next_label&quot;:&quot;Next&quot;,&quot;step_previous_label&quot;:&quot;Previous&quot;,&quot;_animation&quot;:&quot;none&quot;,&quot;button_width&quot;:&quot;100&quot;,&quot;step_type&quot;:&quot;number_text&quot;,&quot;step_icon_shape&quot;:&quot;circle&quot;}\" data-widget_type=\"form.default\">\n\t\t\t\t<div class=\"elementor-widget-container\">\n\t\t\t\t\t\t\t<form class=\"elementor-form\" method=\"post\" name=\"General\" aria-label=\"General\">\n\t\t\t<input type=\"hidden\" name=\"post_id\" value=\"169\"\/>\n\t\t\t<input type=\"hidden\" name=\"form_id\" value=\"5f0cc3c\"\/>\n\t\t\t<input type=\"hidden\" name=\"referer_title\" value=\"Abogados de Derecho Administrativo y Urban\u00edstico - Despacho Abogados en Ibiza | Cerda Advocats\" \/>\n\n\t\t\t\t\t\t\t<input type=\"hidden\" name=\"queried_id\" value=\"259\"\/>\n\t\t\t\n\t\t\t<div class=\"elementor-form-fields-wrapper elementor-labels-\">\n\t\t\t\t\t\t\t\t<div class=\"elementor-field-type-text elementor-field-group elementor-column elementor-field-group-name elementor-col-100 elementor-field-required\">\n\t\t\t\t\t\t\t\t\t\t\t\t<label for=\"form-field-name\" class=\"elementor-field-label elementor-screen-only\">\n\t\t\t\t\t\t\t\tNombre*\t\t\t\t\t\t\t<\/label>\n\t\t\t\t\t\t\t\t\t\t\t\t\t\t<input size=\"1\" type=\"text\" name=\"form_fields[name]\" id=\"form-field-name\" class=\"elementor-field elementor-size-lg  elementor-field-textual\" placeholder=\"Nombre*\" required=\"required\">\n\t\t\t\t\t\t\t\t\t\t\t<\/div>\n\t\t\t\t\t\t\t\t<div class=\"elementor-field-type-tel elementor-field-group elementor-column elementor-field-group-field_27e541e elementor-col-100 elementor-field-required\">\n\t\t\t\t\t\t\t\t\t\t\t\t<label for=\"form-field-field_27e541e\" class=\"elementor-field-label elementor-screen-only\">\n\t\t\t\t\t\t\t\tTel\u00e9fono*\t\t\t\t\t\t\t<\/label>\n\t\t\t\t\t\t\t\t<input size=\"1\" type=\"tel\" name=\"form_fields[field_27e541e]\" id=\"form-field-field_27e541e\" class=\"elementor-field elementor-size-lg  elementor-field-textual\" placeholder=\"Tel\u00e9fono*\" required=\"required\" pattern=\"[0-9()#&amp;+*-=.]+\" title=\"Only numbers and phone characters (#, -, *, etc) are accepted.\">\n\n\t\t\t\t\t\t<\/div>\n\t\t\t\t\t\t\t\t<div class=\"elementor-field-type-email elementor-field-group elementor-column elementor-field-group-email elementor-col-100 elementor-field-required\">\n\t\t\t\t\t\t\t\t\t\t\t\t<label for=\"form-field-email\" class=\"elementor-field-label elementor-screen-only\">\n\t\t\t\t\t\t\t\tEmail*\t\t\t\t\t\t\t<\/label>\n\t\t\t\t\t\t\t\t\t\t\t\t\t\t<input size=\"1\" type=\"email\" name=\"form_fields[email]\" id=\"form-field-email\" class=\"elementor-field elementor-size-lg  elementor-field-textual\" placeholder=\"Email*\" required=\"required\">\n\t\t\t\t\t\t\t\t\t\t\t<\/div>\n\t\t\t\t\t\t\t\t<div class=\"elementor-field-type-textarea elementor-field-group elementor-column elementor-field-group-message elementor-col-100 elementor-field-required\">\n\t\t\t\t\t\t\t\t\t\t\t\t<label for=\"form-field-message\" class=\"elementor-field-label elementor-screen-only\">\n\t\t\t\t\t\t\t\tMensaje*\t\t\t\t\t\t\t<\/label>\n\t\t\t\t\t\t<textarea class=\"elementor-field-textual elementor-field  elementor-size-lg\" name=\"form_fields[message]\" id=\"form-field-message\" rows=\"4\" placeholder=\"Mensaje*\" required=\"required\"><\/textarea>\t\t\t\t<\/div>\n\t\t\t\t\t\t\t\t<div class=\"elementor-field-type-acceptance elementor-field-group elementor-column elementor-field-group-field_a294e79 elementor-col-100 elementor-field-required\">\n\t\t\t\t\t\t\t<div class=\"elementor-field-subgroup\">\n\t\t\t<span class=\"elementor-field-option\">\n\t\t\t\t<input type=\"checkbox\" name=\"form_fields[field_a294e79]\" id=\"form-field-field_a294e79\" class=\"elementor-field elementor-size-lg  elementor-acceptance-field\" required=\"required\">\n\t\t\t\t<label for=\"form-field-field_a294e79\"><span>Acepto la  <a href=\"#\" target=\"_blank\">Pol\u00edtica de Privacidad<\/a>  y confirmo que mi informaci\u00f3n personal se puede utilizar de acuerdo con la ley.<\/span> <small>CERD\u00c0 ADVOCATS tratar\u00e1 sus datos personales para atender su consulta y darle respuesta lo antes posible. Tiene derecho a acceder, rectificar y suprimir sus datos, as\u00ed como a otros derechos, tal y como se explica en nuestra Pol\u00edtica de Privacidad. Para m\u00e1s informaci\u00f3n, tambi\u00e9n puede consultar dicha pol\u00edtica.<\/small><\/label>\t\t\t<\/span>\n\t\t<\/div>\n\t\t\t\t\t\t<\/div>\n\t\t\t\t\t\t\t\t<div class=\"elementor-field-type-recaptcha_v3 elementor-field-group elementor-column elementor-field-group-field_da53046 elementor-col-100 recaptcha_v3-inline\">\n\t\t\t\t\t<div class=\"elementor-field\" id=\"form-field-field_da53046\"><div class=\"elementor-g-recaptcha\" data-sitekey=\"6LcvRrMrAAAAACKuTofJaD5__GXbwoFpJei84mPt\" data-type=\"v3\" data-action=\"Form\" data-badge=\"inline\" data-size=\"invisible\"><\/div><\/div>\t\t\t\t<\/div>\n\t\t\t\t\t\t\t\t<div class=\"elementor-field-group elementor-column elementor-field-type-submit elementor-col-100 e-form__buttons\">\n\t\t\t\t\t<button class=\"elementor-button elementor-size-lg\" type=\"submit\">\n\t\t\t\t\t\t<span class=\"elementor-button-content-wrapper\">\n\t\t\t\t\t\t\t\t\t\t\t\t\t\t\t\t\t\t\t\t\t\t<span class=\"elementor-button-text\">Enviar<\/span>\n\t\t\t\t\t\t\t\t\t\t\t\t\t<\/span>\n\t\t\t\t\t<\/button>\n\t\t\t\t<\/div>\n\t\t\t<\/div>\n\t\t<\/form>\n\t\t\t\t\t\t<\/div>\n\t\t\t\t<\/div>\n\t\t\t\t\t<\/div>\n\t\t\t\t<\/div>\n\t\t\t\t<\/div>\n\t\t\t\t<\/div>\n\t\t\t\t\t\t<\/div>\n\t\t\t\t<\/div>\n\t\t\t\t<\/div>\n\t\t<div class=\"elementor-element elementor-element-52a10b2 e-con-full e-flex e-con e-child\" data-id=\"52a10b2\" data-element_type=\"container\">\n\t\t\t\t<div class=\"elementor-element elementor-element-184a51e elementor-position-left elementor-position-top elementor-vertical-align-top elementor-widget elementor-widget-image-box\" data-id=\"184a51e\" data-element_type=\"widget\" data-widget_type=\"image-box.default\">\n\t\t\t\t<div class=\"elementor-widget-container\">\n\t\t\t\t\t<div class=\"elementor-image-box-wrapper\"><figure class=\"elementor-image-box-img\"><img decoding=\"async\" width=\"75\" height=\"75\" src=\"https:\/\/cerda-advocats.es\/wp-content\/uploads\/2025\/07\/63cf292c10e34fe8a18cddb1_23.png\" class=\"attachment-thumbnail size-thumbnail wp-image-183\" alt=\"\" \/><\/figure><div class=\"elementor-image-box-content\"><h2 class=\"elementor-image-box-title\">Planificaci\u00f3 de la separaci\u00f3<\/h2><p class=\"elementor-image-box-description\">El proc\u00e9s d' anticipar i preparar tots els aspectes legals i pr\u00e0ctics d' una separaci\u00f3 o divorci necessita el consell expert. Al nostre despatx estarem al seu costat en aquest moment tan crucial en la vida de les persones, especialment quan hi ha fills i interessos econ\u00f2mics. <\/p><\/div><\/div>\t\t\t\t<\/div>\n\t\t\t\t<\/div>\n\t\t\t\t<div class=\"elementor-element elementor-element-72be72b elementor-position-left elementor-position-top elementor-vertical-align-top elementor-widget elementor-widget-image-box\" data-id=\"72be72b\" data-element_type=\"widget\" data-widget_type=\"image-box.default\">\n\t\t\t\t<div class=\"elementor-widget-container\">\n\t\t\t\t\t<div class=\"elementor-image-box-wrapper\"><figure class=\"elementor-image-box-img\"><img decoding=\"async\" width=\"75\" height=\"75\" src=\"https:\/\/cerda-advocats.es\/wp-content\/uploads\/2025\/07\/63f61191b3ad405552766b70_Diseno-sin-titulo-87.png\" class=\"attachment-thumbnail size-thumbnail wp-image-184\" alt=\"\" \/><\/figure><div class=\"elementor-image-box-content\"><h2 class=\"elementor-image-box-title\">Divorcis i separacions<\/h2><p class=\"elementor-image-box-description\">A Cerd\u00e0-Advocats oferim assessorament i defensa legal en divorcis i separacions de mutu acord o contenciosos. Les experi\u00e8ncies en cents de casos ens avala. <\/p><\/div><\/div>\t\t\t\t<\/div>\n\t\t\t\t<\/div>\n\t\t\t\t<div class=\"elementor-element elementor-element-6be5eda elementor-position-left elementor-position-top elementor-vertical-align-top elementor-widget elementor-widget-image-box\" data-id=\"6be5eda\" data-element_type=\"widget\" data-widget_type=\"image-box.default\">\n\t\t\t\t<div class=\"elementor-widget-container\">\n\t\t\t\t\t<div class=\"elementor-image-box-wrapper\"><figure class=\"elementor-image-box-img\"><img decoding=\"async\" width=\"150\" height=\"150\" src=\"https:\/\/cerda-advocats.es\/wp-content\/uploads\/2025\/07\/63ac11b7c73ddf5ec7106002_11-150x150.png\" class=\"attachment-thumbnail size-thumbnail wp-image-113\" alt=\"\" srcset=\"https:\/\/cerda-advocats.es\/wp-content\/uploads\/2025\/07\/63ac11b7c73ddf5ec7106002_11-150x150.png 150w, https:\/\/cerda-advocats.es\/wp-content\/uploads\/2025\/07\/63ac11b7c73ddf5ec7106002_11-300x300.png 300w, https:\/\/cerda-advocats.es\/wp-content\/uploads\/2025\/07\/63ac11b7c73ddf5ec7106002_11.png 450w\" sizes=\"(max-width: 150px) 100vw, 150px\" \/><\/figure><div class=\"elementor-image-box-content\"><h2 class=\"elementor-image-box-title\">Convenis reguladors<\/h2><p class=\"elementor-image-box-description\">Un conveni regulador \u00e9s un document legal que estableix les condicions d' una separaci\u00f3 o divorci, incloent-hi la distribuci\u00f3 de b\u00e9ns i deutes, la determinaci\u00f3 de la cust\u00f2dia dels fills i el pagament dels aliments, entre d' altres.<\/p><\/div><\/div>\t\t\t\t<\/div>\n\t\t\t\t<\/div>\n\t\t\t\t<div class=\"elementor-element elementor-element-0e4071c elementor-position-left elementor-position-top elementor-vertical-align-top elementor-widget elementor-widget-image-box\" data-id=\"0e4071c\" data-element_type=\"widget\" data-widget_type=\"image-box.default\">\n\t\t\t\t<div class=\"elementor-widget-container\">\n\t\t\t\t\t<div class=\"elementor-image-box-wrapper\"><figure class=\"elementor-image-box-img\"><img loading=\"lazy\" decoding=\"async\" width=\"75\" height=\"75\" src=\"https:\/\/cerda-advocats.es\/wp-content\/uploads\/2025\/07\/63f6127655d27d278004af71_Maintenance-payments.png\" class=\"attachment-thumbnail size-thumbnail wp-image-185\" alt=\"\" \/><\/figure><div class=\"elementor-image-box-content\"><h2 class=\"elementor-image-box-title\">Pensions d' aliments<\/h2><p class=\"elementor-image-box-description\">Ens ocupem dels processos legals que s' utilitzen per modificar o eliminar l' obligaci\u00f3 d' una persona de proporcionar una pensi\u00f3 aliment\u00e0ria o compensat\u00f2ria a la seva ex-parella o als seus fills. Aix\u00f2 pot ser necessari en cas que hagin canviat les circumst\u00e0ncies personals o econ\u00f2miques d' una de les parts, o si s' ha produ\u00eft un acord entre les parts involucrades. <\/p><\/div><\/div>\t\t\t\t<\/div>\n\t\t\t\t<\/div>\n\t\t\t\t<div class=\"elementor-element elementor-element-3da2e81 elementor-position-left elementor-position-top elementor-vertical-align-top elementor-widget elementor-widget-image-box\" data-id=\"3da2e81\" data-element_type=\"widget\" data-widget_type=\"image-box.default\">\n\t\t\t\t<div class=\"elementor-widget-container\">\n\t\t\t\t\t<div class=\"elementor-image-box-wrapper\"><figure class=\"elementor-image-box-img\"><img loading=\"lazy\" decoding=\"async\" width=\"75\" height=\"75\" src=\"https:\/\/cerda-advocats.es\/wp-content\/uploads\/2025\/07\/63f6135b6aac17ce7b47d51c_Maintenance-payments-1.png\" class=\"attachment-thumbnail size-thumbnail wp-image-186\" alt=\"\" \/><\/figure><div class=\"elementor-image-box-content\"><h2 class=\"elementor-image-box-title\">Guarda i cust\u00f2dia<\/h2><p class=\"elementor-image-box-description\">L' assessorem en els processos legals que s' utilitzen per modificar les condicions establertes en un acord de separaci\u00f3 o divorci en relaci\u00f3 amb la cust\u00f2dia dels fills i el pagament de la pensi\u00f3 aliment\u00e0ria.<\/p><\/div><\/div>\t\t\t\t<\/div>\n\t\t\t\t<\/div>\n\t\t\t\t<div class=\"elementor-element elementor-element-32b8f0f elementor-position-left elementor-position-top elementor-vertical-align-top elementor-widget elementor-widget-image-box\" data-id=\"32b8f0f\" data-element_type=\"widget\" data-widget_type=\"image-box.default\">\n\t\t\t\t<div class=\"elementor-widget-container\">\n\t\t\t\t\t<div class=\"elementor-image-box-wrapper\"><figure class=\"elementor-image-box-img\"><img loading=\"lazy\" decoding=\"async\" width=\"150\" height=\"150\" src=\"https:\/\/cerda-advocats.es\/wp-content\/uploads\/2025\/07\/63ac12348af6f9100ff72c0b_Diseno-sin-titulo-71-150x150.png\" class=\"attachment-thumbnail size-thumbnail wp-image-187\" alt=\"\" srcset=\"https:\/\/cerda-advocats.es\/wp-content\/uploads\/2025\/07\/63ac12348af6f9100ff72c0b_Diseno-sin-titulo-71-150x150.png 150w, https:\/\/cerda-advocats.es\/wp-content\/uploads\/2025\/07\/63ac12348af6f9100ff72c0b_Diseno-sin-titulo-71-300x300.png 300w, https:\/\/cerda-advocats.es\/wp-content\/uploads\/2025\/07\/63ac12348af6f9100ff72c0b_Diseno-sin-titulo-71.png 450w\" sizes=\"(max-width: 150px) 100vw, 150px\" \/><\/figure><div class=\"elementor-image-box-content\"><h2 class=\"elementor-image-box-title\">Acords prematrimonials i prerel\u00b7lacionals<\/h2><p class=\"elementor-image-box-description\">A Cerd\u00e0-Advocats l'ajudem a redactar i a negociar acords prematrimonials i prerel\u00b7lacionals. S\u00f3n documents legals que estableixen les condicions d' una relaci\u00f3 matrimonial o de conviv\u00e8ncia, incloent-hi la distribuci\u00f3 de b\u00e9ns i deutes en cas de separaci\u00f3 o divorci, la determinaci\u00f3 de la cust\u00f2dia dels fills i el pagament dels aliments, entre d' altres. <\/p><\/div><\/div>\t\t\t\t<\/div>\n\t\t\t\t<\/div>\n\t\t\t\t<div class=\"elementor-element elementor-element-3f9c98b elementor-position-left elementor-position-top elementor-vertical-align-top elementor-widget elementor-widget-image-box\" data-id=\"3f9c98b\" data-element_type=\"widget\" data-widget_type=\"image-box.default\">\n\t\t\t\t<div class=\"elementor-widget-container\">\n\t\t\t\t\t<div class=\"elementor-image-box-wrapper\"><figure class=\"elementor-image-box-img\"><img loading=\"lazy\" decoding=\"async\" width=\"75\" height=\"75\" src=\"https:\/\/cerda-advocats.es\/wp-content\/uploads\/2025\/07\/63f613a17666ea00ab2c342f_Maintenance-payments-2.png\" class=\"attachment-thumbnail size-thumbnail wp-image-188\" alt=\"\" \/><\/figure><div class=\"elementor-image-box-content\"><h2 class=\"elementor-image-box-title\">Capitulacions matrimonials<\/h2><p class=\"elementor-image-box-description\">Les capitulacions matrimonials s\u00f3n molt \u00fatils per protegir els drets i interessos d' ambdues parts i per evitar conflictes en el futur. L'ajudem en aquest proc\u00e9s, que pot fer abans o durant el matrimoni. <\/p><\/div><\/div>\t\t\t\t<\/div>\n\t\t\t\t<\/div>\n\t\t\t\t<div class=\"elementor-element elementor-element-36c1720 elementor-position-left elementor-position-top elementor-vertical-align-top elementor-widget elementor-widget-image-box\" data-id=\"36c1720\" data-element_type=\"widget\" data-widget_type=\"image-box.default\">\n\t\t\t\t<div class=\"elementor-widget-container\">\n\t\t\t\t\t<div class=\"elementor-image-box-wrapper\"><figure class=\"elementor-image-box-img\"><img loading=\"lazy\" decoding=\"async\" width=\"75\" height=\"75\" src=\"https:\/\/cerda-advocats.es\/wp-content\/uploads\/2025\/07\/63f613e3d94e5d0b04998215_Maintenance-payments-3.png\" class=\"attachment-thumbnail size-thumbnail wp-image-189\" alt=\"\" \/><\/figure><div class=\"elementor-image-box-content\"><h2 class=\"elementor-image-box-title\">Societat de guanys<\/h2><p class=\"elementor-image-box-description\">La liquidaci\u00f3 i dissoluci\u00f3 de la societat de guanys \u00e9s el proc\u00e9s de repartir els b\u00e9ns i deutes d' un matrimoni en el cas de separaci\u00f3 o divorci si el r\u00e8gim econ\u00f2mic era el de guanys. Som experts en aquests procediments. <\/p><\/div><\/div>\t\t\t\t<\/div>\n\t\t\t\t<\/div>\n\t\t\t\t<div class=\"elementor-element elementor-element-d3e9a4b elementor-position-left elementor-position-top elementor-vertical-align-top elementor-widget elementor-widget-image-box\" data-id=\"d3e9a4b\" data-element_type=\"widget\" data-widget_type=\"image-box.default\">\n\t\t\t\t<div class=\"elementor-widget-container\">\n\t\t\t\t\t<div class=\"elementor-image-box-wrapper\"><figure class=\"elementor-image-box-img\"><img loading=\"lazy\" decoding=\"async\" width=\"75\" height=\"75\" src=\"https:\/\/cerda-advocats.es\/wp-content\/uploads\/2025\/07\/63f61420b8db65064cd11042_Maintenance-payments-4.png\" class=\"attachment-thumbnail size-thumbnail wp-image-190\" alt=\"\" \/><\/figure><div class=\"elementor-image-box-content\"><h2 class=\"elementor-image-box-title\">Modificaci\u00f3 de mesures<\/h2><p class=\"elementor-image-box-description\">Les realitats familiars s\u00f3n canviants. Trasllats de domicili, noves ocupacions, variacions de situaci\u00f3 econ\u00f2mica... ; tot aix\u00f2 permet afrontar en canvi de les mesures que estiguin en vigor a trav\u00e9s del procediment de modificaci\u00f3 de mesures, en el qual som experts al nostre despatx. <\/p><\/div><\/div>\t\t\t\t<\/div>\n\t\t\t\t<\/div>\n\t\t\t\t<div class=\"elementor-element elementor-element-6a0b0b1 elementor-position-left elementor-position-top elementor-vertical-align-top elementor-widget elementor-widget-image-box\" data-id=\"6a0b0b1\" data-element_type=\"widget\" data-widget_type=\"image-box.default\">\n\t\t\t\t<div class=\"elementor-widget-container\">\n\t\t\t\t\t<div class=\"elementor-image-box-wrapper\"><figure class=\"elementor-image-box-img\"><img loading=\"lazy\" decoding=\"async\" width=\"75\" height=\"75\" src=\"https:\/\/cerda-advocats.es\/wp-content\/uploads\/2025\/07\/63f61720c0774f6a6d09bf41_Maintenance-payments-6.png\" class=\"attachment-thumbnail size-thumbnail wp-image-191\" alt=\"\" \/><\/figure><div class=\"elementor-image-box-content\"><h2 class=\"elementor-image-box-title\">\"Vull recuperar casa meva\"<\/h2><p class=\"elementor-image-box-description\">Les \u00faltimes reformes legislatives permeten recuperar l'\u00fas de l'habitatge que va ser familiar quan el menor dels fills compleix 18 anys; aix\u00f2 suposa un notable canvi ja que, fins ara, aquesta atribuci\u00f3 d'\u00fas de prolongava fins a la independ\u00e8ncia econ\u00f2mica.\nSi vost\u00e8 vol \"recuperar\" casa seva, a Cerd\u00e0-Advocats tenim la soluci\u00f3.<\/p><\/div><\/div>\t\t\t\t<\/div>\n\t\t\t\t<\/div>\n\t\t\t\t<div class=\"elementor-element elementor-element-6a31658 elementor-position-left elementor-position-top elementor-vertical-align-top elementor-widget elementor-widget-image-box\" data-id=\"6a31658\" data-element_type=\"widget\" data-widget_type=\"image-box.default\">\n\t\t\t\t<div class=\"elementor-widget-container\">\n\t\t\t\t\t<div class=\"elementor-image-box-wrapper\"><figure class=\"elementor-image-box-img\"><img loading=\"lazy\" decoding=\"async\" width=\"75\" height=\"75\" src=\"https:\/\/cerda-advocats.es\/wp-content\/uploads\/2025\/07\/63f617960d2bc7579ad49510_Maintenance-payments-7.png\" class=\"attachment-thumbnail size-thumbnail wp-image-192\" alt=\"\" \/><\/figure><div class=\"elementor-image-box-content\"><h2 class=\"elementor-image-box-title\">Nul\u00b7litats civils<\/h2><p class=\"elementor-image-box-description\">Les nul\u00b7litats civils es poden aplicar a diversos actes o situacions, com contractes, testaments, matrimonis, entre d'altres. \u00c9s important comptar amb l'assessoria d'un advocat especialitzat en dret civil per determinar si \u00e9s possible sol\u00b7licitar una nul\u00b7litat civil i per ajudar a preparar el cas i representar-lo davant del jutge. Si necessita ajuda amb una nul\u00b7litat civil, no dubti a posar-se en contacte amb nosaltres. Estarem encantats d'ajudar-lo a protegir els seus drets i a trobar una soluci\u00f3 adequada al seu problema.   <\/p><\/div><\/div>\t\t\t\t<\/div>\n\t\t\t\t<\/div>\n\t\t\t\t<div class=\"elementor-element elementor-element-957b043 elementor-position-left elementor-position-top elementor-vertical-align-top elementor-widget elementor-widget-image-box\" data-id=\"957b043\" data-element_type=\"widget\" data-widget_type=\"image-box.default\">\n\t\t\t\t<div class=\"elementor-widget-container\">\n\t\t\t\t\t<div class=\"elementor-image-box-wrapper\"><figure class=\"elementor-image-box-img\"><img loading=\"lazy\" decoding=\"async\" width=\"75\" height=\"75\" src=\"https:\/\/cerda-advocats.es\/wp-content\/uploads\/2025\/07\/63f6184b6136c80b05f61a05_Maintenance-payments-8.png\" class=\"attachment-thumbnail size-thumbnail wp-image-193\" alt=\"\" \/><\/figure><div class=\"elementor-image-box-content\"><h2 class=\"elementor-image-box-title\">Mesures paterno-filials<\/h2><p class=\"elementor-image-box-description\">Les mesures paterno-filials han de ser adoptades en l' inter\u00e8s superior del fill i han de ser proporcionals a les circumst\u00e0ncies de cada cas. \u00c9s important tenir en compte que les mesures paterno-filials s\u00f3n modificables i poden ser revisades per un jutge en cas que hagin canviat les circumst\u00e0ncies personals o econ\u00f2miques d' una de les parts o si s' ha produ\u00eft un acord entre les parts involucrades. Necessita ajuda legal?  <\/p><\/div><\/div>\t\t\t\t<\/div>\n\t\t\t\t<\/div>\n\t\t\t\t<div class=\"elementor-element elementor-element-d6fa451 elementor-position-left elementor-position-top elementor-vertical-align-top elementor-widget elementor-widget-image-box\" data-id=\"d6fa451\" data-element_type=\"widget\" data-widget_type=\"image-box.default\">\n\t\t\t\t<div class=\"elementor-widget-container\">\n\t\t\t\t\t<div class=\"elementor-image-box-wrapper\"><figure class=\"elementor-image-box-img\"><img loading=\"lazy\" decoding=\"async\" width=\"75\" height=\"75\" src=\"https:\/\/cerda-advocats.es\/wp-content\/uploads\/2025\/07\/63f618d60dda53369d9db37d_Maintenance-payments-9.png\" class=\"attachment-thumbnail size-thumbnail wp-image-194\" alt=\"\" \/><\/figure><div class=\"elementor-image-box-content\"><h2 class=\"elementor-image-box-title\">Demandes de filiaci\u00f3<\/h2><p class=\"elementor-image-box-description\">L'assessorem durant els processos judicials en qu\u00e8 es determina la paternitat o maternitat d'una persona. Les demandes de filiaci\u00f3 poden ser presentades tant pel pare o mare que desitja establir la seva paternitat o maternitat com pel fill o filla que desitja con\u00e8ixer els seus pares biol\u00f2gics.\nTamb\u00e9 es pot impugnar la filiaci\u00f3 d' un fill si se sospita que no s' \u00e9s el pare biol\u00f2gic. <\/p><\/div><\/div>\t\t\t\t<\/div>\n\t\t\t\t<\/div>\n\t\t\t\t<div class=\"elementor-element elementor-element-73aa03c elementor-position-left elementor-position-top elementor-vertical-align-top elementor-widget elementor-widget-image-box\" data-id=\"73aa03c\" data-element_type=\"widget\" data-widget_type=\"image-box.default\">\n\t\t\t\t<div class=\"elementor-widget-container\">\n\t\t\t\t\t<div class=\"elementor-image-box-wrapper\"><figure class=\"elementor-image-box-img\"><img loading=\"lazy\" decoding=\"async\" width=\"75\" height=\"75\" src=\"https:\/\/cerda-advocats.es\/wp-content\/uploads\/2025\/07\/63f618fd398864cce36badcc_Maintenance-payments-10.png\" class=\"attachment-thumbnail size-thumbnail wp-image-195\" alt=\"\" \/><\/figure><div class=\"elementor-image-box-content\"><h2 class=\"elementor-image-box-title\">Actualitzaci\u00f3 i reclamaci\u00f3 de pensions d' aliments<\/h2><p class=\"elementor-image-box-description\">Les pensions d' aliments s\u00f3n pagaments peri\u00f2dics que han de realitzar una de les parts a l' altra per contribuir al sosteniment econ\u00f2mic dels fills o de l' ex-parella. L' actualitzaci\u00f3 i la reclamaci\u00f3 de pensions d' aliments poden ser demanades en cas que hagin canviat les circumst\u00e0ncies personals o econ\u00f2miques d' una de les parts o si la pensi\u00f3 d' aliments establerta originalment \u00e9s insuficient per cobrir les necessitats de la part benefici\u00e0ria. <\/p><\/div><\/div>\t\t\t\t<\/div>\n\t\t\t\t<\/div>\n\t\t\t\t<\/div>\n\t\t\t\t\t<\/div>\n\t\t\t\t<\/div>\n\t\t<div class=\"elementor-element elementor-element-05dce49 e-flex e-con-boxed e-con e-parent\" data-id=\"05dce49\" data-element_type=\"container\">\n\t\t\t\t\t<div class=\"e-con-inner\">\n\t\t\t\t<div class=\"elementor-element elementor-element-decd021 elementor-widget-divider--view-line elementor-widget elementor-widget-divider\" data-id=\"decd021\" data-element_type=\"widget\" data-widget_type=\"divider.default\">\n\t\t\t\t<div class=\"elementor-widget-container\">\n\t\t\t\t\t\t\t<div class=\"elementor-divider\">\n\t\t\t<span class=\"elementor-divider-separator\">\n\t\t\t\t\t\t<\/span>\n\t\t<\/div>\n\t\t\t\t\t\t<\/div>\n\t\t\t\t<\/div>\n\t\t\t\t\t<\/div>\n\t\t\t\t<\/div>\n\t\t<div class=\"elementor-element elementor-element-2b949e8 e-flex e-con-boxed e-con e-parent\" data-id=\"2b949e8\" data-element_type=\"container\">\n\t\t\t\t\t<div class=\"e-con-inner\">\n\t\t\t\t<div class=\"elementor-element elementor-element-7571604 elementor-widget elementor-widget-text-editor\" data-id=\"7571604\" data-element_type=\"widget\" data-widget_type=\"text-editor.default\">\n\t\t\t\t<div class=\"elementor-widget-container\">\n\t\t\t\t\t\t\t\t\t<p>Si tria els nostres serveis, l&#8217;acompanyarem amb professionalitat i comprom\u00eds en un moment especial i sempre delicat en la vida de les persones.<br>A Cerd\u00e0-Advocats som advocats especialitzats en dret de fam\u00edlia i oferim una \u00e0mplia gamma de serveis legals per ajudar els nostres clients a resoldre els seus problemes familiars de manera eficient i efectiva. Si necessita assessorament o defensa en assumptes de dret de fam\u00edlia, no dubti a posar-se en contacte amb nosaltres per obtenir m\u00e9s informaci\u00f3 sobre com podem ajudar-lo.<br>El nostre equip d&#8217;advocats de dret de fam\u00edlia est\u00e0 altament qualificat i t\u00e9 una \u00e0mplia experi\u00e8ncia en la resoluci\u00f3 de conflictes familiars de tota mena, incloent-hi divorcis, separacions, cust\u00f2dies, aliments, drets de visita, patrimoni familiar, etc. Estem compromesos a brindar una assessoria clara i precisa i a defensar els drets dels nostres clients en tot moment.  <\/p><p>El Dret de Fam\u00edlia \u00e9s -m\u00e9s que cap altre- el dret de les persones. Un camp apassionant subjecte als canvis socials i des del qual es pret\u00e9n donar resposta jur\u00eddica a les noves formes familiars, de parentalitat i de relaci\u00f3 entre les persones.<br>\u200d<br>\u00c9s tamb\u00e9 el camp del Dret on es disputen les controv\u00e8rsies m\u00e9s agredol\u00e7ades i on m\u00e9s val la pena arribar a acords, tot aix\u00f2 amb la complexitat de determinar el dret aplicable, tenint en compte les m\u00faltiples situacions de relacions entre persones de diferents nacionalitats o ve\u00efnatges civils. <\/p><p>Si busca a Eivissa un despatx realment especialitzat en Dret de Fam\u00edlia, \u00e9s aquest. Estem integrats en les dues principals associacions de Dret de Fam\u00edlia: l&#8217;AEFA i la SCAF. <\/p><p>Cerd\u00e0-Advocats \u00e9s el soci 1701 de l&#8217;Associaci\u00f3 Espanyola d&#8217;Advocats de Fam\u00edlia (AEAFA), que ha distingit en dues ocasions amb el seu premi anual Joan Cerd\u00e0, que tamb\u00e9 participa activament en les activitats de la Societat Catalana d&#8217;Advocats de Fam\u00edlia (SCAF).<\/p><p>SOM ESPECIALISTES EN MODIFICACI\u00d3 DE MESURES. El nostre despatx professional est\u00e0 especialitzat en procediments de modificaci\u00f3 de mesures, sobre el qual versa la tesi doctoral del director del despatx. Aquest procediment, espec\u00edfic del Dret de Fam\u00edlia, permet ajustar les mesures en vigor (encara que al seu dia fossin adoptades de mutu acord) a les realitats canviants de la fam\u00edlia. Per exemple, canviar el mode de cust\u00f2dia, la pensi\u00f3 d&#8217;aliments o extingir l&#8217;\u00fas de l&#8217;habitatge familiar.  <\/p>\t\t\t\t\t\t\t\t<\/div>\n\t\t\t\t<\/div>\n\t\t\t\t\t<\/div>\n\t\t\t\t<\/div>\n\t\t\t\t<\/div>\n\t\t","protected":false},"excerpt":{"rendered":"<p>A Cerd\u00e0-Advocats som advocats especialitzats en dret de fam\u00edlia i oferim una \u00e0mplia gamma de serveis legals per ajudar els nostres clients a resoldre els seus problemes familiars de manera eficient i efectiva.<\/p>\n","protected":false},"author":1,"featured_media":0,"parent":650,"menu_order":0,"comment_status":"closed","ping_status":"closed","template":"","meta":{"footnotes":""},"class_list":["post-640","page","type-page","status-publish","hentry"],"yoast_head":"<!-- This site is optimized with the Yoast SEO plugin v25.8 - https:\/\/yoast.com\/wordpress\/plugins\/seo\/ -->\n<title>Advocats de Fam\u00edlia - Despacho Abogados en Ibiza | Cerda Advocats<\/title>\n<meta name=\"robots\" content=\"index, follow, max-snippet:-1, max-image-preview:large, max-video-preview:-1\" \/>\n<link rel=\"canonical\" href=\"https:\/\/cerda-advocats.es\/ca\/serveis\/advocats-de-familia\/\" \/>\n<meta property=\"og:locale\" content=\"ca_ES\" \/>\n<meta property=\"og:type\" content=\"article\" \/>\n<meta property=\"og:title\" content=\"Advocats de Fam\u00edlia - Despacho Abogados en Ibiza | Cerda Advocats\" \/>\n<meta property=\"og:description\" content=\"A Cerd\u00e0-Advocats som advocats especialitzats en dret de fam\u00edlia i oferim una \u00e0mplia gamma de serveis legals per ajudar els nostres clients a resoldre els seus problemes familiars de manera eficient i efectiva.\" \/>\n<meta property=\"og:url\" content=\"https:\/\/cerda-advocats.es\/ca\/serveis\/advocats-de-familia\/\" \/>\n<meta property=\"og:site_name\" content=\"Despacho Abogados en Ibiza | Cerda Advocats\" \/>\n<meta property=\"article:modified_time\" content=\"2025-08-08T07:52:07+00:00\" \/>\n<meta property=\"og:image\" content=\"https:\/\/cerda-advocats.es\/wp-content\/uploads\/2025\/07\/63cf292c10e34fe8a18cddb1_23.png\" \/>\n\t<meta property=\"og:image:width\" content=\"75\" \/>\n\t<meta property=\"og:image:height\" content=\"75\" \/>\n\t<meta property=\"og:image:type\" content=\"image\/png\" \/>\n<meta name=\"twitter:card\" content=\"summary_large_image\" \/>\n<script type=\"application\/ld+json\" class=\"yoast-schema-graph\">{\"@context\":\"https:\/\/schema.org\",\"@graph\":[{\"@type\":\"WebPage\",\"@id\":\"https:\/\/cerda-advocats.es\/ca\/serveis\/advocats-de-familia\/\",\"url\":\"https:\/\/cerda-advocats.es\/ca\/serveis\/advocats-de-familia\/\",\"name\":\"Advocats de Fam\u00edlia - Despacho Abogados en Ibiza | Cerda Advocats\",\"isPartOf\":{\"@id\":\"https:\/\/cerda-advocats.es\/#website\"},\"primaryImageOfPage\":{\"@id\":\"https:\/\/cerda-advocats.es\/ca\/serveis\/advocats-de-familia\/#primaryimage\"},\"image\":{\"@id\":\"https:\/\/cerda-advocats.es\/ca\/serveis\/advocats-de-familia\/#primaryimage\"},\"thumbnailUrl\":\"https:\/\/cerda-advocats.es\/wp-content\/uploads\/2025\/07\/63cf292c10e34fe8a18cddb1_23.png\",\"datePublished\":\"2025-07-09T15:10:57+00:00\",\"dateModified\":\"2025-08-08T07:52:07+00:00\",\"breadcrumb\":{\"@id\":\"https:\/\/cerda-advocats.es\/ca\/serveis\/advocats-de-familia\/#breadcrumb\"},\"inLanguage\":\"ca\",\"potentialAction\":[{\"@type\":\"ReadAction\",\"target\":[\"https:\/\/cerda-advocats.es\/ca\/serveis\/advocats-de-familia\/\"]}]},{\"@type\":\"ImageObject\",\"inLanguage\":\"ca\",\"@id\":\"https:\/\/cerda-advocats.es\/ca\/serveis\/advocats-de-familia\/#primaryimage\",\"url\":\"https:\/\/cerda-advocats.es\/wp-content\/uploads\/2025\/07\/63cf292c10e34fe8a18cddb1_23.png\",\"contentUrl\":\"https:\/\/cerda-advocats.es\/wp-content\/uploads\/2025\/07\/63cf292c10e34fe8a18cddb1_23.png\"},{\"@type\":\"BreadcrumbList\",\"@id\":\"https:\/\/cerda-advocats.es\/ca\/serveis\/advocats-de-familia\/#breadcrumb\",\"itemListElement\":[{\"@type\":\"ListItem\",\"position\":1,\"name\":\"Portada\",\"item\":\"https:\/\/cerda-advocats.es\/ca\/inici\/\"},{\"@type\":\"ListItem\",\"position\":2,\"name\":\"Serveis\",\"item\":\"https:\/\/cerda-advocats.es\/ca\/serveis\/\"},{\"@type\":\"ListItem\",\"position\":3,\"name\":\"Advocats de Fam\u00edlia\"}]},{\"@type\":\"WebSite\",\"@id\":\"https:\/\/cerda-advocats.es\/#website\",\"url\":\"https:\/\/cerda-advocats.es\/\",\"name\":\"Despacho Abogados en Ibiza | Cerda Advocats\",\"description\":\"Cerda Advocats es un despacho de abogados en Ibiza con una amplia experiencia en diversas \u00e1reas del derecho. Ofrecemos un asesoramiento integral y personalizado para resolver cualquier problema legal que pueda tener. Cont\u00e1ctanos para m\u00e1s informaci\u00f3n.\",\"publisher\":{\"@id\":\"https:\/\/cerda-advocats.es\/#organization\"},\"potentialAction\":[{\"@type\":\"SearchAction\",\"target\":{\"@type\":\"EntryPoint\",\"urlTemplate\":\"https:\/\/cerda-advocats.es\/?s={search_term_string}\"},\"query-input\":{\"@type\":\"PropertyValueSpecification\",\"valueRequired\":true,\"valueName\":\"search_term_string\"}}],\"inLanguage\":\"ca\"},{\"@type\":\"Organization\",\"@id\":\"https:\/\/cerda-advocats.es\/#organization\",\"name\":\"Despacho Abogados en Ibiza | Cerda Advocats\",\"url\":\"https:\/\/cerda-advocats.es\/\",\"logo\":{\"@type\":\"ImageObject\",\"inLanguage\":\"ca\",\"@id\":\"https:\/\/cerda-advocats.es\/#\/schema\/logo\/image\/\",\"url\":\"https:\/\/cerda-advocats.es\/wp-content\/uploads\/2025\/06\/logo_cerda_advocats.png\",\"contentUrl\":\"https:\/\/cerda-advocats.es\/wp-content\/uploads\/2025\/06\/logo_cerda_advocats.png\",\"width\":500,\"height\":83,\"caption\":\"Despacho Abogados en Ibiza | Cerda Advocats\"},\"image\":{\"@id\":\"https:\/\/cerda-advocats.es\/#\/schema\/logo\/image\/\"}}]}<\/script>\n<!-- \/ Yoast SEO plugin. -->","yoast_head_json":{"title":"Advocats de Fam\u00edlia - Despacho Abogados en Ibiza | Cerda Advocats","robots":{"index":"index","follow":"follow","max-snippet":"max-snippet:-1","max-image-preview":"max-image-preview:large","max-video-preview":"max-video-preview:-1"},"canonical":"https:\/\/cerda-advocats.es\/ca\/serveis\/advocats-de-familia\/","og_locale":"ca_ES","og_type":"article","og_title":"Advocats de Fam\u00edlia - Despacho Abogados en Ibiza | Cerda Advocats","og_description":"A Cerd\u00e0-Advocats som advocats especialitzats en dret de fam\u00edlia i oferim una \u00e0mplia gamma de serveis legals per ajudar els nostres clients a resoldre els seus problemes familiars de manera eficient i efectiva.","og_url":"https:\/\/cerda-advocats.es\/ca\/serveis\/advocats-de-familia\/","og_site_name":"Despacho Abogados en Ibiza | Cerda Advocats","article_modified_time":"2025-08-08T07:52:07+00:00","og_image":[{"width":75,"height":75,"url":"https:\/\/cerda-advocats.es\/wp-content\/uploads\/2025\/07\/63cf292c10e34fe8a18cddb1_23.png","type":"image\/png"}],"twitter_card":"summary_large_image","schema":{"@context":"https:\/\/schema.org","@graph":[{"@type":"WebPage","@id":"https:\/\/cerda-advocats.es\/ca\/serveis\/advocats-de-familia\/","url":"https:\/\/cerda-advocats.es\/ca\/serveis\/advocats-de-familia\/","name":"Advocats de Fam\u00edlia - Despacho Abogados en Ibiza | Cerda Advocats","isPartOf":{"@id":"https:\/\/cerda-advocats.es\/#website"},"primaryImageOfPage":{"@id":"https:\/\/cerda-advocats.es\/ca\/serveis\/advocats-de-familia\/#primaryimage"},"image":{"@id":"https:\/\/cerda-advocats.es\/ca\/serveis\/advocats-de-familia\/#primaryimage"},"thumbnailUrl":"https:\/\/cerda-advocats.es\/wp-content\/uploads\/2025\/07\/63cf292c10e34fe8a18cddb1_23.png","datePublished":"2025-07-09T15:10:57+00:00","dateModified":"2025-08-08T07:52:07+00:00","breadcrumb":{"@id":"https:\/\/cerda-advocats.es\/ca\/serveis\/advocats-de-familia\/#breadcrumb"},"inLanguage":"ca","potentialAction":[{"@type":"ReadAction","target":["https:\/\/cerda-advocats.es\/ca\/serveis\/advocats-de-familia\/"]}]},{"@type":"ImageObject","inLanguage":"ca","@id":"https:\/\/cerda-advocats.es\/ca\/serveis\/advocats-de-familia\/#primaryimage","url":"https:\/\/cerda-advocats.es\/wp-content\/uploads\/2025\/07\/63cf292c10e34fe8a18cddb1_23.png","contentUrl":"https:\/\/cerda-advocats.es\/wp-content\/uploads\/2025\/07\/63cf292c10e34fe8a18cddb1_23.png"},{"@type":"BreadcrumbList","@id":"https:\/\/cerda-advocats.es\/ca\/serveis\/advocats-de-familia\/#breadcrumb","itemListElement":[{"@type":"ListItem","position":1,"name":"Portada","item":"https:\/\/cerda-advocats.es\/ca\/inici\/"},{"@type":"ListItem","position":2,"name":"Serveis","item":"https:\/\/cerda-advocats.es\/ca\/serveis\/"},{"@type":"ListItem","position":3,"name":"Advocats de Fam\u00edlia"}]},{"@type":"WebSite","@id":"https:\/\/cerda-advocats.es\/#website","url":"https:\/\/cerda-advocats.es\/","name":"Despacho Abogados en Ibiza | Cerda Advocats","description":"Cerda Advocats es un despacho de abogados en Ibiza con una amplia experiencia en diversas \u00e1reas del derecho. Ofrecemos un asesoramiento integral y personalizado para resolver cualquier problema legal que pueda tener. Cont\u00e1ctanos para m\u00e1s informaci\u00f3n.","publisher":{"@id":"https:\/\/cerda-advocats.es\/#organization"},"potentialAction":[{"@type":"SearchAction","target":{"@type":"EntryPoint","urlTemplate":"https:\/\/cerda-advocats.es\/?s={search_term_string}"},"query-input":{"@type":"PropertyValueSpecification","valueRequired":true,"valueName":"search_term_string"}}],"inLanguage":"ca"},{"@type":"Organization","@id":"https:\/\/cerda-advocats.es\/#organization","name":"Despacho Abogados en Ibiza | Cerda Advocats","url":"https:\/\/cerda-advocats.es\/","logo":{"@type":"ImageObject","inLanguage":"ca","@id":"https:\/\/cerda-advocats.es\/#\/schema\/logo\/image\/","url":"https:\/\/cerda-advocats.es\/wp-content\/uploads\/2025\/06\/logo_cerda_advocats.png","contentUrl":"https:\/\/cerda-advocats.es\/wp-content\/uploads\/2025\/06\/logo_cerda_advocats.png","width":500,"height":83,"caption":"Despacho Abogados en Ibiza | Cerda Advocats"},"image":{"@id":"https:\/\/cerda-advocats.es\/#\/schema\/logo\/image\/"}}]}},"_links":{"self":[{"href":"https:\/\/cerda-advocats.es\/ca\/wp-json\/wp\/v2\/pages\/640","targetHints":{"allow":["GET"]}}],"collection":[{"href":"https:\/\/cerda-advocats.es\/ca\/wp-json\/wp\/v2\/pages"}],"about":[{"href":"https:\/\/cerda-advocats.es\/ca\/wp-json\/wp\/v2\/types\/page"}],"author":[{"embeddable":true,"href":"https:\/\/cerda-advocats.es\/ca\/wp-json\/wp\/v2\/users\/1"}],"replies":[{"embeddable":true,"href":"https:\/\/cerda-advocats.es\/ca\/wp-json\/wp\/v2\/comments?post=640"}],"version-history":[{"count":1,"href":"https:\/\/cerda-advocats.es\/ca\/wp-json\/wp\/v2\/pages\/640\/revisions"}],"predecessor-version":[{"id":641,"href":"https:\/\/cerda-advocats.es\/ca\/wp-json\/wp\/v2\/pages\/640\/revisions\/641"}],"up":[{"embeddable":true,"href":"https:\/\/cerda-advocats.es\/ca\/wp-json\/wp\/v2\/pages\/650"}],"wp:attachment":[{"href":"https:\/\/cerda-advocats.es\/ca\/wp-json\/wp\/v2\/media?parent=640"}],"curies":[{"name":"wp","href":"https:\/\/api.w.org\/{rel}","templated":true}]}}