{"id":644,"date":"2025-07-09T17:55:23","date_gmt":"2025-07-09T15:55:23","guid":{"rendered":"https:\/\/cerda-advocats.es\/desnonament-expres-la-solucio-davant-inquilins-morosos\/"},"modified":"2025-08-08T09:52:08","modified_gmt":"2025-08-08T07:52:08","slug":"desnonament-expres-la-solucio-davant-inquilins-morosos","status":"publish","type":"page","link":"https:\/\/cerda-advocats.es\/ca\/serveis\/desnonament-expres-la-solucio-davant-inquilins-morosos\/","title":{"rendered":"Desnonament Expr\u00e9s: la soluci\u00f3 davant inquilins morosos"},"content":{"rendered":"\t\t<div data-elementor-type=\"wp-page\" data-elementor-id=\"644\" class=\"elementor elementor-644 elementor-288\" data-elementor-post-type=\"page\">\n\t\t\t\t<div class=\"elementor-element elementor-element-4dd7265 e-flex e-con-boxed e-con e-parent\" data-id=\"4dd7265\" data-element_type=\"container\">\n\t\t\t\t\t<div class=\"e-con-inner\">\n\t\t<div class=\"elementor-element elementor-element-8ed466e e-con-full e-flex e-con e-child\" data-id=\"8ed466e\" data-element_type=\"container\">\n\t\t\t\t<div class=\"elementor-element elementor-element-3af44e4 elementor-widget elementor-widget-template\" data-id=\"3af44e4\" data-element_type=\"widget\" data-settings=\"{&quot;sticky&quot;:&quot;top&quot;,&quot;sticky_offset&quot;:120,&quot;sticky_parent&quot;:&quot;yes&quot;,&quot;sticky_on&quot;:[&quot;desktop&quot;,&quot;tablet&quot;,&quot;mobile&quot;],&quot;sticky_effects_offset&quot;:0,&quot;sticky_anchor_link_offset&quot;:0}\" data-widget_type=\"template.default\">\n\t\t\t\t<div class=\"elementor-widget-container\">\n\t\t\t\t\t\t\t<div class=\"elementor-template\">\n\t\t\t\t\t<div data-elementor-type=\"section\" data-elementor-id=\"169\" class=\"elementor elementor-169\" data-elementor-post-type=\"elementor_library\">\n\t\t\t<div class=\"elementor-element elementor-element-200ece0 e-flex e-con-boxed e-con e-parent\" data-id=\"200ece0\" data-element_type=\"container\">\n\t\t\t\t\t<div class=\"e-con-inner\">\n\t\t\t\t<div class=\"elementor-element elementor-element-5f0cc3c form-float elementor-button-align-stretch elementor-widget elementor-widget-form\" data-id=\"5f0cc3c\" data-element_type=\"widget\" data-settings=\"{&quot;step_next_label&quot;:&quot;Next&quot;,&quot;step_previous_label&quot;:&quot;Previous&quot;,&quot;_animation&quot;:&quot;none&quot;,&quot;button_width&quot;:&quot;100&quot;,&quot;step_type&quot;:&quot;number_text&quot;,&quot;step_icon_shape&quot;:&quot;circle&quot;}\" data-widget_type=\"form.default\">\n\t\t\t\t<div class=\"elementor-widget-container\">\n\t\t\t\t\t\t\t<form class=\"elementor-form\" method=\"post\" name=\"General\" aria-label=\"General\">\n\t\t\t<input type=\"hidden\" name=\"post_id\" value=\"169\"\/>\n\t\t\t<input type=\"hidden\" name=\"form_id\" value=\"5f0cc3c\"\/>\n\t\t\t<input type=\"hidden\" name=\"referer_title\" value=\"Abogados de Derecho Administrativo y Urban\u00edstico - Despacho Abogados en Ibiza | Cerda Advocats\" \/>\n\n\t\t\t\t\t\t\t<input type=\"hidden\" name=\"queried_id\" value=\"259\"\/>\n\t\t\t\n\t\t\t<div class=\"elementor-form-fields-wrapper elementor-labels-\">\n\t\t\t\t\t\t\t\t<div class=\"elementor-field-type-text elementor-field-group elementor-column elementor-field-group-name elementor-col-100 elementor-field-required\">\n\t\t\t\t\t\t\t\t\t\t\t\t<label for=\"form-field-name\" class=\"elementor-field-label elementor-screen-only\">\n\t\t\t\t\t\t\t\tNombre*\t\t\t\t\t\t\t<\/label>\n\t\t\t\t\t\t\t\t\t\t\t\t\t\t<input size=\"1\" type=\"text\" name=\"form_fields[name]\" id=\"form-field-name\" class=\"elementor-field elementor-size-lg  elementor-field-textual\" placeholder=\"Nombre*\" required=\"required\">\n\t\t\t\t\t\t\t\t\t\t\t<\/div>\n\t\t\t\t\t\t\t\t<div class=\"elementor-field-type-tel elementor-field-group elementor-column elementor-field-group-field_27e541e elementor-col-100 elementor-field-required\">\n\t\t\t\t\t\t\t\t\t\t\t\t<label for=\"form-field-field_27e541e\" class=\"elementor-field-label elementor-screen-only\">\n\t\t\t\t\t\t\t\tTel\u00e9fono*\t\t\t\t\t\t\t<\/label>\n\t\t\t\t\t\t\t\t<input size=\"1\" type=\"tel\" name=\"form_fields[field_27e541e]\" id=\"form-field-field_27e541e\" class=\"elementor-field elementor-size-lg  elementor-field-textual\" placeholder=\"Tel\u00e9fono*\" required=\"required\" pattern=\"[0-9()#&amp;+*-=.]+\" title=\"Only numbers and phone characters (#, -, *, etc) are accepted.\">\n\n\t\t\t\t\t\t<\/div>\n\t\t\t\t\t\t\t\t<div class=\"elementor-field-type-email elementor-field-group elementor-column elementor-field-group-email elementor-col-100 elementor-field-required\">\n\t\t\t\t\t\t\t\t\t\t\t\t<label for=\"form-field-email\" class=\"elementor-field-label elementor-screen-only\">\n\t\t\t\t\t\t\t\tEmail*\t\t\t\t\t\t\t<\/label>\n\t\t\t\t\t\t\t\t\t\t\t\t\t\t<input size=\"1\" type=\"email\" name=\"form_fields[email]\" id=\"form-field-email\" class=\"elementor-field elementor-size-lg  elementor-field-textual\" placeholder=\"Email*\" required=\"required\">\n\t\t\t\t\t\t\t\t\t\t\t<\/div>\n\t\t\t\t\t\t\t\t<div class=\"elementor-field-type-textarea elementor-field-group elementor-column elementor-field-group-message elementor-col-100 elementor-field-required\">\n\t\t\t\t\t\t\t\t\t\t\t\t<label for=\"form-field-message\" class=\"elementor-field-label elementor-screen-only\">\n\t\t\t\t\t\t\t\tMensaje*\t\t\t\t\t\t\t<\/label>\n\t\t\t\t\t\t<textarea class=\"elementor-field-textual elementor-field  elementor-size-lg\" name=\"form_fields[message]\" id=\"form-field-message\" rows=\"4\" placeholder=\"Mensaje*\" required=\"required\"><\/textarea>\t\t\t\t<\/div>\n\t\t\t\t\t\t\t\t<div class=\"elementor-field-type-acceptance elementor-field-group elementor-column elementor-field-group-field_a294e79 elementor-col-100 elementor-field-required\">\n\t\t\t\t\t\t\t<div class=\"elementor-field-subgroup\">\n\t\t\t<span class=\"elementor-field-option\">\n\t\t\t\t<input type=\"checkbox\" name=\"form_fields[field_a294e79]\" id=\"form-field-field_a294e79\" class=\"elementor-field elementor-size-lg  elementor-acceptance-field\" required=\"required\">\n\t\t\t\t<label for=\"form-field-field_a294e79\"><span>Acepto la  <a href=\"#\" target=\"_blank\">Pol\u00edtica de Privacidad<\/a>  y confirmo que mi informaci\u00f3n personal se puede utilizar de acuerdo con la ley.<\/span> <small>CERD\u00c0 ADVOCATS tratar\u00e1 sus datos personales para atender su consulta y darle respuesta lo antes posible. Tiene derecho a acceder, rectificar y suprimir sus datos, as\u00ed como a otros derechos, tal y como se explica en nuestra Pol\u00edtica de Privacidad. Para m\u00e1s informaci\u00f3n, tambi\u00e9n puede consultar dicha pol\u00edtica.<\/small><\/label>\t\t\t<\/span>\n\t\t<\/div>\n\t\t\t\t\t\t<\/div>\n\t\t\t\t\t\t\t\t<div class=\"elementor-field-type-recaptcha_v3 elementor-field-group elementor-column elementor-field-group-field_da53046 elementor-col-100 recaptcha_v3-inline\">\n\t\t\t\t\t<div class=\"elementor-field\" id=\"form-field-field_da53046\"><div class=\"elementor-g-recaptcha\" data-sitekey=\"6LcvRrMrAAAAACKuTofJaD5__GXbwoFpJei84mPt\" data-type=\"v3\" data-action=\"Form\" data-badge=\"inline\" data-size=\"invisible\"><\/div><\/div>\t\t\t\t<\/div>\n\t\t\t\t\t\t\t\t<div class=\"elementor-field-group elementor-column elementor-field-type-submit elementor-col-100 e-form__buttons\">\n\t\t\t\t\t<button class=\"elementor-button elementor-size-lg\" type=\"submit\">\n\t\t\t\t\t\t<span class=\"elementor-button-content-wrapper\">\n\t\t\t\t\t\t\t\t\t\t\t\t\t\t\t\t\t\t\t\t\t\t<span class=\"elementor-button-text\">Enviar<\/span>\n\t\t\t\t\t\t\t\t\t\t\t\t\t<\/span>\n\t\t\t\t\t<\/button>\n\t\t\t\t<\/div>\n\t\t\t<\/div>\n\t\t<\/form>\n\t\t\t\t\t\t<\/div>\n\t\t\t\t<\/div>\n\t\t\t\t\t<\/div>\n\t\t\t\t<\/div>\n\t\t\t\t<\/div>\n\t\t\t\t<\/div>\n\t\t\t\t\t\t<\/div>\n\t\t\t\t<\/div>\n\t\t\t\t<\/div>\n\t\t<div class=\"elementor-element elementor-element-52a10b2 e-con-full fix-margin-icons e-flex e-con e-child\" data-id=\"52a10b2\" data-element_type=\"container\">\n\t\t\t\t<div class=\"elementor-element elementor-element-72be72b elementor-position-left elementor-position-top elementor-vertical-align-top elementor-widget elementor-widget-image-box\" data-id=\"72be72b\" data-element_type=\"widget\" data-widget_type=\"image-box.default\">\n\t\t\t\t<div class=\"elementor-widget-container\">\n\t\t\t\t\t<div class=\"elementor-image-box-wrapper\"><figure class=\"elementor-image-box-img\"><img decoding=\"async\" width=\"128\" height=\"128\" src=\"https:\/\/cerda-advocats.es\/wp-content\/uploads\/2025\/07\/430087_check_checkmark_circle_icon.png\" class=\"attachment-thumbnail size-thumbnail wp-image-290\" alt=\"\" \/><\/figure><div class=\"elementor-image-box-content\"><h2 class=\"elementor-image-box-title\">Qu\u00e8 \u00e9s el desnonament expr\u00e9s?<\/h2><p class=\"elementor-image-box-description\">Un procediment judicial contra el llogater mor\u00f3s que permet recuperar la possessi\u00f3 de la propietat (llan\u00e7ament) i reclamar les quantitats endeutades. Un \"tot en un\" legal que es tramita en un procediment espec\u00edfic. <\/p><\/div><\/div>\t\t\t\t<\/div>\n\t\t\t\t<\/div>\n\t\t\t\t<div class=\"elementor-element elementor-element-511e39c elementor-position-left elementor-position-top elementor-vertical-align-top elementor-widget elementor-widget-image-box\" data-id=\"511e39c\" data-element_type=\"widget\" data-widget_type=\"image-box.default\">\n\t\t\t\t<div class=\"elementor-widget-container\">\n\t\t\t\t\t<div class=\"elementor-image-box-wrapper\"><figure class=\"elementor-image-box-img\"><img decoding=\"async\" width=\"128\" height=\"128\" src=\"https:\/\/cerda-advocats.es\/wp-content\/uploads\/2025\/07\/430087_check_checkmark_circle_icon.png\" class=\"attachment-thumbnail size-thumbnail wp-image-290\" alt=\"\" \/><\/figure><div class=\"elementor-image-box-content\"><h2 class=\"elementor-image-box-title\">Quant costa?: 725\u20ac<\/h2><p class=\"elementor-image-box-description\">A Cerd\u00e0-Advocats costa nom\u00e9s 725\u20ac + IVA, preu completament tancat que inclou els honoraris d'advocat i els drets del procurador. A m\u00e9s, si el llogater \u00e9s solvent pot sortir-li gratis si el jutge condemna en costes al mor\u00f3s (les despeses judicials que ha tingut el propietari).<\/p><\/div><\/div>\t\t\t\t<\/div>\n\t\t\t\t<\/div>\n\t\t\t\t<div class=\"elementor-element elementor-element-f0a3ec0 elementor-position-left elementor-position-top elementor-vertical-align-top elementor-widget elementor-widget-image-box\" data-id=\"f0a3ec0\" data-element_type=\"widget\" data-widget_type=\"image-box.default\">\n\t\t\t\t<div class=\"elementor-widget-container\">\n\t\t\t\t\t<div class=\"elementor-image-box-wrapper\"><figure class=\"elementor-image-box-img\"><img decoding=\"async\" width=\"128\" height=\"128\" src=\"https:\/\/cerda-advocats.es\/wp-content\/uploads\/2025\/07\/430087_check_checkmark_circle_icon.png\" class=\"attachment-thumbnail size-thumbnail wp-image-290\" alt=\"\" \/><\/figure><div class=\"elementor-image-box-content\"><h2 class=\"elementor-image-box-title\">Triga molt el procediment?<\/h2><p class=\"elementor-image-box-description\">Al nostre despatx hem tramitat cents de desnonaments davant els jutjats d'Eivissa i som realistes; per aix\u00f2 sabem que el termini real \u00e9s variable per\u00f2 que dif\u00edcilment passen sis mesos des que s'interposa la demanda fins que es produeix el llan\u00e7ament; en ocasions en menys de dos mesos s'ha assolit l'objectiu.<\/p><\/div><\/div>\t\t\t\t<\/div>\n\t\t\t\t<\/div>\n\t\t\t\t<div class=\"elementor-element elementor-element-c0d1f7d elementor-position-left elementor-position-top elementor-vertical-align-top elementor-widget elementor-widget-image-box\" data-id=\"c0d1f7d\" data-element_type=\"widget\" data-widget_type=\"image-box.default\">\n\t\t\t\t<div class=\"elementor-widget-container\">\n\t\t\t\t\t<div class=\"elementor-image-box-wrapper\"><figure class=\"elementor-image-box-img\"><img decoding=\"async\" width=\"128\" height=\"128\" src=\"https:\/\/cerda-advocats.es\/wp-content\/uploads\/2025\/07\/430087_check_checkmark_circle_icon.png\" class=\"attachment-thumbnail size-thumbnail wp-image-290\" alt=\"\" \/><\/figure><div class=\"elementor-image-box-content\"><h2 class=\"elementor-image-box-title\">Qu\u00e8 necessita el propietari?<\/h2><p class=\"elementor-image-box-description\">Al nostre despatx li vam demanar:\n1. Justificar la propietat o possessi\u00f3 (nota simple, rebut d'IBI...).\n2. Contracte de lloguer.\n3. Relaci\u00f3 de rendes impagades. Tamb\u00e9 es poden reclamar quantitats assimilades (electricitat, aigua...). <\/p><\/div><\/div>\t\t\t\t<\/div>\n\t\t\t\t<\/div>\n\t\t\t\t<div class=\"elementor-element elementor-element-5dbc142 elementor-position-left elementor-position-top elementor-vertical-align-top elementor-widget elementor-widget-image-box\" data-id=\"5dbc142\" data-element_type=\"widget\" data-widget_type=\"image-box.default\">\n\t\t\t\t<div class=\"elementor-widget-container\">\n\t\t\t\t\t<div class=\"elementor-image-box-wrapper\"><figure class=\"elementor-image-box-img\"><img decoding=\"async\" width=\"128\" height=\"128\" src=\"https:\/\/cerda-advocats.es\/wp-content\/uploads\/2025\/07\/430087_check_checkmark_circle_icon.png\" class=\"attachment-thumbnail size-thumbnail wp-image-290\" alt=\"\" \/><\/figure><div class=\"elementor-image-box-content\"><h2 class=\"elementor-image-box-title\">\u00c9s cert que no es pot enxampar ning\u00fa?<\/h2><p class=\"elementor-image-box-description\">En absolut. Les successives mesures per evitar el desnonament de persones vulnerables tenen molt dif\u00edcil encaix en la realitat socioecon\u00f2miques de Balears. Cert \u00e9s que la vulnerabilitat es pot al\u00b7legar; una altra cosa, i molt diferent, \u00e9s que la petici\u00f3 prosperi.  <\/p><\/div><\/div>\t\t\t\t<\/div>\n\t\t\t\t<\/div>\n\t\t\t\t<div class=\"elementor-element elementor-element-4498120 elementor-position-left elementor-position-top elementor-vertical-align-top elementor-widget elementor-widget-image-box\" data-id=\"4498120\" data-element_type=\"widget\" data-widget_type=\"image-box.default\">\n\t\t\t\t<div class=\"elementor-widget-container\">\n\t\t\t\t\t<div class=\"elementor-image-box-wrapper\"><figure class=\"elementor-image-box-img\"><img decoding=\"async\" width=\"128\" height=\"128\" src=\"https:\/\/cerda-advocats.es\/wp-content\/uploads\/2025\/07\/430087_check_checkmark_circle_icon.png\" class=\"attachment-thumbnail size-thumbnail wp-image-290\" alt=\"\" \/><\/figure><div class=\"elementor-image-box-content\"><h2 class=\"elementor-image-box-title\">Poden desnonar-se locals?<\/h2><p class=\"elementor-image-box-description\">Per descomptat. El mateix procediment, amb els mateixos costos i temps, serveix per a habitatges, locals, naus industrials.... Els requisits s\u00f3n l'exist\u00e8ncia d'un arrendament i l'impagament de la renda. <\/p><\/div><\/div>\t\t\t\t<\/div>\n\t\t\t\t<\/div>\n\t\t\t\t<div class=\"elementor-element elementor-element-34e4658 elementor-position-left elementor-position-top elementor-vertical-align-top elementor-widget elementor-widget-image-box\" data-id=\"34e4658\" data-element_type=\"widget\" data-widget_type=\"image-box.default\">\n\t\t\t\t<div class=\"elementor-widget-container\">\n\t\t\t\t\t<div class=\"elementor-image-box-wrapper\"><figure class=\"elementor-image-box-img\"><img decoding=\"async\" width=\"128\" height=\"128\" src=\"https:\/\/cerda-advocats.es\/wp-content\/uploads\/2025\/07\/430087_check_checkmark_circle_icon.png\" class=\"attachment-thumbnail size-thumbnail wp-image-290\" alt=\"\" \/><\/figure><div class=\"elementor-image-box-content\"><h2 class=\"elementor-image-box-title\">Amb quants mesos de deute es pot desnonar?<\/h2><p class=\"elementor-image-box-description\">Amb un. N'hi ha prou que el llogater deu un mes de renda per iniciar el procediment de desnonament.<br>\u00c9s el propietari el que ha de valorar quan comen\u00e7a el procediment. Al nostre despatx l'assessorarem i, si escau, farem requeriments previs.   <\/p><\/div><\/div>\t\t\t\t<\/div>\n\t\t\t\t<\/div>\n\t\t\t\t<div class=\"elementor-element elementor-element-4fd16c2 elementor-position-left elementor-position-top elementor-vertical-align-top elementor-widget elementor-widget-image-box\" data-id=\"4fd16c2\" data-element_type=\"widget\" data-widget_type=\"image-box.default\">\n\t\t\t\t<div class=\"elementor-widget-container\">\n\t\t\t\t\t<div class=\"elementor-image-box-wrapper\"><figure class=\"elementor-image-box-img\"><img decoding=\"async\" width=\"128\" height=\"128\" src=\"https:\/\/cerda-advocats.es\/wp-content\/uploads\/2025\/07\/430087_check_checkmark_circle_icon.png\" class=\"attachment-thumbnail size-thumbnail wp-image-290\" alt=\"\" \/><\/figure><div class=\"elementor-image-box-content\"><h2 class=\"elementor-image-box-title\">Qu\u00e8 \u00e9s l'enervaci\u00f3?<\/h2><p class=\"elementor-image-box-description\">L'enervaci\u00f3 es produeix quan el llogater paga -dins dels terminis legals- el deute un cop s'ha iniciat el procediment de desnonament. Llavors el procediment s' ap\u00e9n i el llogater ha d' abonar les despeses jur\u00eddiques en qu\u00e8 ha incorregut el propietari.\nPer\u00f2 l'enervaci\u00f3 nom\u00e9s es pot produir una vegada. <\/p><\/div><\/div>\t\t\t\t<\/div>\n\t\t\t\t<\/div>\n\t\t\t\t<div class=\"elementor-element elementor-element-a6aaeac elementor-position-left elementor-position-top elementor-vertical-align-top elementor-widget elementor-widget-image-box\" data-id=\"a6aaeac\" data-element_type=\"widget\" data-widget_type=\"image-box.default\">\n\t\t\t\t<div class=\"elementor-widget-container\">\n\t\t\t\t\t<div class=\"elementor-image-box-wrapper\"><figure class=\"elementor-image-box-img\"><img decoding=\"async\" width=\"128\" height=\"128\" src=\"https:\/\/cerda-advocats.es\/wp-content\/uploads\/2025\/07\/430087_check_checkmark_circle_icon.png\" class=\"attachment-thumbnail size-thumbnail wp-image-290\" alt=\"\" \/><\/figure><div class=\"elementor-image-box-content\"><h2 class=\"elementor-image-box-title\">Es poden reclamar altres despeses a m\u00e9s de la renda?<\/h2><p class=\"elementor-image-box-description\">S\u00ed. Es pot reclamar el que s'anomena \"despeses assimilades\", que solen ser consums (electricitat, aigua...) o, per exemple, despeses ordin\u00e0ries de la Comunitat de Propietaris; aix\u00f2 sempre que l'abonament d'aquestes despeses pel llogater es contempli en el contracte. <\/p><\/div><\/div>\t\t\t\t<\/div>\n\t\t\t\t<\/div>\n\t\t\t\t<div class=\"elementor-element elementor-element-8f1a328 elementor-position-left elementor-position-top elementor-vertical-align-top elementor-widget elementor-widget-image-box\" data-id=\"8f1a328\" data-element_type=\"widget\" data-widget_type=\"image-box.default\">\n\t\t\t\t<div class=\"elementor-widget-container\">\n\t\t\t\t\t<div class=\"elementor-image-box-wrapper\"><figure class=\"elementor-image-box-img\"><img decoding=\"async\" width=\"128\" height=\"128\" src=\"https:\/\/cerda-advocats.es\/wp-content\/uploads\/2025\/07\/430087_check_checkmark_circle_icon.png\" class=\"attachment-thumbnail size-thumbnail wp-image-290\" alt=\"\" \/><\/figure><div class=\"elementor-image-box-content\"><h2 class=\"elementor-image-box-title\">\u00bfEs pot desnonar un 'okupa'?<\/h2><p class=\"elementor-image-box-description\">Per suposat, per\u00f2 no a trav\u00e9s del procediment del desnonament expr\u00e9s.\nAl nostre despatx trobar\u00e0 el consell legal idoni si t\u00e9 la seva propietat 'okupada', sigui per un desconegut o, com passa en moltes ocasions, per un conegut.<\/p><\/div><\/div>\t\t\t\t<\/div>\n\t\t\t\t<\/div>\n\t\t\t\t<\/div>\n\t\t\t\t\t<\/div>\n\t\t\t\t<\/div>\n\t\t<div class=\"elementor-element elementor-element-485e4e5 e-flex e-con-boxed e-con e-parent\" data-id=\"485e4e5\" data-element_type=\"container\">\n\t\t\t\t\t<div class=\"e-con-inner\">\n\t\t\t\t<div class=\"elementor-element elementor-element-7757da4 elementor-widget-divider--view-line elementor-widget elementor-widget-divider\" data-id=\"7757da4\" data-element_type=\"widget\" data-widget_type=\"divider.default\">\n\t\t\t\t<div class=\"elementor-widget-container\">\n\t\t\t\t\t\t\t<div class=\"elementor-divider\">\n\t\t\t<span class=\"elementor-divider-separator\">\n\t\t\t\t\t\t<\/span>\n\t\t<\/div>\n\t\t\t\t\t\t<\/div>\n\t\t\t\t<\/div>\n\t\t\t\t\t<\/div>\n\t\t\t\t<\/div>\n\t\t<div class=\"elementor-element elementor-element-9b93978 e-flex e-con-boxed e-con e-parent\" data-id=\"9b93978\" data-element_type=\"container\">\n\t\t\t\t\t<div class=\"e-con-inner\">\n\t\t<div class=\"elementor-element elementor-element-1de6395 e-con-full e-flex e-con e-child\" data-id=\"1de6395\" data-element_type=\"container\">\n\t\t\t\t<div class=\"elementor-element elementor-element-2266cfd elementor-widget elementor-widget-text-editor\" data-id=\"2266cfd\" data-element_type=\"widget\" data-widget_type=\"text-editor.default\">\n\t\t\t\t<div class=\"elementor-widget-container\">\n\t\t\t\t\t\t\t\t\t<p>ADMINISTRATIU GENERAL<br>\u200d<br>Contractes amb l&#8217;Administraci\u00f3, Urbanisme, Sancions, Expropiacions &#8230; s\u00f3n alguns dels \u00e0mbits d&#8217; actuaci\u00f3. Tramitem assumptes relacionats amb la Llei d&#8217;estrangeria (permisos de resid\u00e8ncia, reagrupaci\u00f3 familiar &#8230;). A trav\u00e9s de les Reclamacions Patrimonials defensem els drets dels nostres clients pel mal funcionament dels serveis p\u00fablics (sanitat, carreteres, aeroports &#8230;). I defensem tamb\u00e9 els drets dels funcionaris en casos de moobing, trasllats, sancions, oposicions, falta de promoci\u00f3 &#8230;<br>\u200d<br>\u21d2 Assessorament davant l&#8217; Administraci\u00f3.<br>\u21d2 Personaci\u00f3 en expedients sancionadors de qualsevol tipus (turisme, consum, urbanisme.) &#8230;<br>\u21d2 Cadastre.<br>\u21d2 Recursos contenciosos administratius.<br>\u21d2 Responsabilitat Patrimonial l&#8217; Administraci\u00f3.<br>\u21d2 Inspeccions fiscals<\/p>\t\t\t\t\t\t\t\t<\/div>\n\t\t\t\t<\/div>\n\t\t\t\t<\/div>\n\t\t<div class=\"elementor-element elementor-element-e5861ec e-con-full e-flex e-con e-child\" data-id=\"e5861ec\" data-element_type=\"container\">\n\t\t\t\t<div class=\"elementor-element elementor-element-2b2f930 elementor-widget elementor-widget-text-editor\" data-id=\"2b2f930\" data-element_type=\"widget\" data-widget_type=\"text-editor.default\">\n\t\t\t\t<div class=\"elementor-widget-container\">\n\t\t\t\t\t\t\t\t\t<p>URBANISME<br>\u200d<br>La complexitat de la regulaci\u00f3 urban\u00edstica a Eivissa i Formentera requereix de l&#8217;assessorament i la implicaci\u00f3 de professionals qualificats, experts i implicats amb el client.<\/p><p>L&#8217; assessorament que oferim compr\u00e8n tot el proc\u00e9s necessari per al complet desenvolupament de qualsevol activitat immobili\u00e0ria, des de la construcci\u00f3 d&#8217; un habitatge unifamiliar en zones amb elevat \u00edndex de protecci\u00f3 al desenvolupament de complexos urban\u00edstics.<\/p><p><br>\u21d2 Assessorament i defensa davant l&#8217; obertura d&#8217; expedients per infracci\u00f3 urban\u00edstica.<br>\u21d2 Elaboraci\u00f3 d&#8217; informes sobre les possibilitats edificat\u00f2ries d&#8217; un terreny o solar.<br>\u21d2 Estudi del planejament en vigor.<br>\u21d2 Gesti\u00f3 del s\u00f2l.<br>\u21d2 Negociacions amb l&#8217; Administraci\u00f3.<br>\u21d2 Convenis urban\u00edstics i la seva negociaci\u00f3.<br>\u21d2 Assessorament i planificaci\u00f3 fiscal de la inversi\u00f3 immobili\u00e0ria.<br>\u21d2 Recursos contenciosos administratius en mat\u00e8ria urban\u00edstica.<\/p>\t\t\t\t\t\t\t\t<\/div>\n\t\t\t\t<\/div>\n\t\t\t\t<\/div>\n\t\t\t\t\t<\/div>\n\t\t\t\t<\/div>\n\t\t\t\t<\/div>\n\t\t","protected":false},"excerpt":{"rendered":"<p>A Cerd\u00e0-Advocats tenim la soluci\u00f3 legal si el seu inquil\u00ed no li paga: el desnonament expr\u00e9s. Gestionem amb \u00e8xit cents de procediments, per la qual cosa tenim l&#8217;experi\u00e8ncia i el coneixement que posem al servei dels nostres clients. I, a m\u00e9s, aix\u00f2 ens permet oferir un preu imbatible: 725\u20ac (+IVA), incl\u00f2s advocat i procurador.  <\/p>\n","protected":false},"author":1,"featured_media":0,"parent":650,"menu_order":0,"comment_status":"closed","ping_status":"closed","template":"","meta":{"footnotes":""},"class_list":["post-644","page","type-page","status-publish","hentry"],"yoast_head":"<!-- This site is optimized with the Yoast SEO plugin v25.8 - https:\/\/yoast.com\/wordpress\/plugins\/seo\/ -->\n<title>Desnonament Expr\u00e9s: la soluci\u00f3 davant inquilins morosos - Despacho Abogados en Ibiza | Cerda Advocats<\/title>\n<meta name=\"robots\" content=\"index, follow, max-snippet:-1, max-image-preview:large, max-video-preview:-1\" \/>\n<link rel=\"canonical\" href=\"https:\/\/cerda-advocats.es\/ca\/serveis\/desnonament-expres-la-solucio-davant-inquilins-morosos\/\" \/>\n<meta property=\"og:locale\" content=\"ca_ES\" \/>\n<meta property=\"og:type\" content=\"article\" \/>\n<meta property=\"og:title\" content=\"Desnonament Expr\u00e9s: la soluci\u00f3 davant inquilins morosos - Despacho Abogados en Ibiza | Cerda Advocats\" \/>\n<meta property=\"og:description\" content=\"A Cerd\u00e0-Advocats tenim la soluci\u00f3 legal si el seu inquil\u00ed no li paga: el desnonament expr\u00e9s. Gestionem amb \u00e8xit cents de procediments, per la qual cosa tenim l&#039;experi\u00e8ncia i el coneixement que posem al servei dels nostres clients. I, a m\u00e9s, aix\u00f2 ens permet oferir un preu imbatible: 725\u20ac (+IVA), incl\u00f2s advocat i procurador.\" \/>\n<meta property=\"og:url\" content=\"https:\/\/cerda-advocats.es\/ca\/serveis\/desnonament-expres-la-solucio-davant-inquilins-morosos\/\" \/>\n<meta property=\"og:site_name\" content=\"Despacho Abogados en Ibiza | Cerda Advocats\" \/>\n<meta property=\"article:modified_time\" content=\"2025-08-08T07:52:08+00:00\" \/>\n<meta property=\"og:image\" content=\"https:\/\/cerda-advocats.es\/wp-content\/uploads\/2025\/07\/430087_check_checkmark_circle_icon.png\" \/>\n\t<meta property=\"og:image:width\" content=\"128\" \/>\n\t<meta property=\"og:image:height\" content=\"128\" \/>\n\t<meta property=\"og:image:type\" content=\"image\/png\" \/>\n<meta name=\"twitter:card\" content=\"summary_large_image\" \/>\n<script type=\"application\/ld+json\" class=\"yoast-schema-graph\">{\"@context\":\"https:\/\/schema.org\",\"@graph\":[{\"@type\":\"WebPage\",\"@id\":\"https:\/\/cerda-advocats.es\/ca\/serveis\/desnonament-expres-la-solucio-davant-inquilins-morosos\/\",\"url\":\"https:\/\/cerda-advocats.es\/ca\/serveis\/desnonament-expres-la-solucio-davant-inquilins-morosos\/\",\"name\":\"Desnonament Expr\u00e9s: la soluci\u00f3 davant inquilins morosos - Despacho Abogados en Ibiza | Cerda Advocats\",\"isPartOf\":{\"@id\":\"https:\/\/cerda-advocats.es\/#website\"},\"primaryImageOfPage\":{\"@id\":\"https:\/\/cerda-advocats.es\/ca\/serveis\/desnonament-expres-la-solucio-davant-inquilins-morosos\/#primaryimage\"},\"image\":{\"@id\":\"https:\/\/cerda-advocats.es\/ca\/serveis\/desnonament-expres-la-solucio-davant-inquilins-morosos\/#primaryimage\"},\"thumbnailUrl\":\"https:\/\/cerda-advocats.es\/wp-content\/uploads\/2025\/07\/430087_check_checkmark_circle_icon.png\",\"datePublished\":\"2025-07-09T15:55:23+00:00\",\"dateModified\":\"2025-08-08T07:52:08+00:00\",\"breadcrumb\":{\"@id\":\"https:\/\/cerda-advocats.es\/ca\/serveis\/desnonament-expres-la-solucio-davant-inquilins-morosos\/#breadcrumb\"},\"inLanguage\":\"ca\",\"potentialAction\":[{\"@type\":\"ReadAction\",\"target\":[\"https:\/\/cerda-advocats.es\/ca\/serveis\/desnonament-expres-la-solucio-davant-inquilins-morosos\/\"]}]},{\"@type\":\"ImageObject\",\"inLanguage\":\"ca\",\"@id\":\"https:\/\/cerda-advocats.es\/ca\/serveis\/desnonament-expres-la-solucio-davant-inquilins-morosos\/#primaryimage\",\"url\":\"https:\/\/cerda-advocats.es\/wp-content\/uploads\/2025\/07\/430087_check_checkmark_circle_icon.png\",\"contentUrl\":\"https:\/\/cerda-advocats.es\/wp-content\/uploads\/2025\/07\/430087_check_checkmark_circle_icon.png\"},{\"@type\":\"BreadcrumbList\",\"@id\":\"https:\/\/cerda-advocats.es\/ca\/serveis\/desnonament-expres-la-solucio-davant-inquilins-morosos\/#breadcrumb\",\"itemListElement\":[{\"@type\":\"ListItem\",\"position\":1,\"name\":\"Portada\",\"item\":\"https:\/\/cerda-advocats.es\/ca\/inici\/\"},{\"@type\":\"ListItem\",\"position\":2,\"name\":\"Serveis\",\"item\":\"https:\/\/cerda-advocats.es\/ca\/serveis\/\"},{\"@type\":\"ListItem\",\"position\":3,\"name\":\"Desnonament Expr\u00e9s: la soluci\u00f3 davant inquilins morosos\"}]},{\"@type\":\"WebSite\",\"@id\":\"https:\/\/cerda-advocats.es\/#website\",\"url\":\"https:\/\/cerda-advocats.es\/\",\"name\":\"Despacho Abogados en Ibiza | Cerda Advocats\",\"description\":\"Cerda Advocats es un despacho de abogados en Ibiza con una amplia experiencia en diversas \u00e1reas del derecho. Ofrecemos un asesoramiento integral y personalizado para resolver cualquier problema legal que pueda tener. Cont\u00e1ctanos para m\u00e1s informaci\u00f3n.\",\"publisher\":{\"@id\":\"https:\/\/cerda-advocats.es\/#organization\"},\"potentialAction\":[{\"@type\":\"SearchAction\",\"target\":{\"@type\":\"EntryPoint\",\"urlTemplate\":\"https:\/\/cerda-advocats.es\/?s={search_term_string}\"},\"query-input\":{\"@type\":\"PropertyValueSpecification\",\"valueRequired\":true,\"valueName\":\"search_term_string\"}}],\"inLanguage\":\"ca\"},{\"@type\":\"Organization\",\"@id\":\"https:\/\/cerda-advocats.es\/#organization\",\"name\":\"Despacho Abogados en Ibiza | Cerda Advocats\",\"url\":\"https:\/\/cerda-advocats.es\/\",\"logo\":{\"@type\":\"ImageObject\",\"inLanguage\":\"ca\",\"@id\":\"https:\/\/cerda-advocats.es\/#\/schema\/logo\/image\/\",\"url\":\"https:\/\/cerda-advocats.es\/wp-content\/uploads\/2025\/06\/logo_cerda_advocats.png\",\"contentUrl\":\"https:\/\/cerda-advocats.es\/wp-content\/uploads\/2025\/06\/logo_cerda_advocats.png\",\"width\":500,\"height\":83,\"caption\":\"Despacho Abogados en Ibiza | Cerda Advocats\"},\"image\":{\"@id\":\"https:\/\/cerda-advocats.es\/#\/schema\/logo\/image\/\"}}]}<\/script>\n<!-- \/ Yoast SEO plugin. -->","yoast_head_json":{"title":"Desnonament Expr\u00e9s: la soluci\u00f3 davant inquilins morosos - Despacho Abogados en Ibiza | Cerda Advocats","robots":{"index":"index","follow":"follow","max-snippet":"max-snippet:-1","max-image-preview":"max-image-preview:large","max-video-preview":"max-video-preview:-1"},"canonical":"https:\/\/cerda-advocats.es\/ca\/serveis\/desnonament-expres-la-solucio-davant-inquilins-morosos\/","og_locale":"ca_ES","og_type":"article","og_title":"Desnonament Expr\u00e9s: la soluci\u00f3 davant inquilins morosos - Despacho Abogados en Ibiza | Cerda Advocats","og_description":"A Cerd\u00e0-Advocats tenim la soluci\u00f3 legal si el seu inquil\u00ed no li paga: el desnonament expr\u00e9s. Gestionem amb \u00e8xit cents de procediments, per la qual cosa tenim l'experi\u00e8ncia i el coneixement que posem al servei dels nostres clients. I, a m\u00e9s, aix\u00f2 ens permet oferir un preu imbatible: 725\u20ac (+IVA), incl\u00f2s advocat i procurador.","og_url":"https:\/\/cerda-advocats.es\/ca\/serveis\/desnonament-expres-la-solucio-davant-inquilins-morosos\/","og_site_name":"Despacho Abogados en Ibiza | Cerda Advocats","article_modified_time":"2025-08-08T07:52:08+00:00","og_image":[{"width":128,"height":128,"url":"https:\/\/cerda-advocats.es\/wp-content\/uploads\/2025\/07\/430087_check_checkmark_circle_icon.png","type":"image\/png"}],"twitter_card":"summary_large_image","schema":{"@context":"https:\/\/schema.org","@graph":[{"@type":"WebPage","@id":"https:\/\/cerda-advocats.es\/ca\/serveis\/desnonament-expres-la-solucio-davant-inquilins-morosos\/","url":"https:\/\/cerda-advocats.es\/ca\/serveis\/desnonament-expres-la-solucio-davant-inquilins-morosos\/","name":"Desnonament Expr\u00e9s: la soluci\u00f3 davant inquilins morosos - Despacho Abogados en Ibiza | Cerda Advocats","isPartOf":{"@id":"https:\/\/cerda-advocats.es\/#website"},"primaryImageOfPage":{"@id":"https:\/\/cerda-advocats.es\/ca\/serveis\/desnonament-expres-la-solucio-davant-inquilins-morosos\/#primaryimage"},"image":{"@id":"https:\/\/cerda-advocats.es\/ca\/serveis\/desnonament-expres-la-solucio-davant-inquilins-morosos\/#primaryimage"},"thumbnailUrl":"https:\/\/cerda-advocats.es\/wp-content\/uploads\/2025\/07\/430087_check_checkmark_circle_icon.png","datePublished":"2025-07-09T15:55:23+00:00","dateModified":"2025-08-08T07:52:08+00:00","breadcrumb":{"@id":"https:\/\/cerda-advocats.es\/ca\/serveis\/desnonament-expres-la-solucio-davant-inquilins-morosos\/#breadcrumb"},"inLanguage":"ca","potentialAction":[{"@type":"ReadAction","target":["https:\/\/cerda-advocats.es\/ca\/serveis\/desnonament-expres-la-solucio-davant-inquilins-morosos\/"]}]},{"@type":"ImageObject","inLanguage":"ca","@id":"https:\/\/cerda-advocats.es\/ca\/serveis\/desnonament-expres-la-solucio-davant-inquilins-morosos\/#primaryimage","url":"https:\/\/cerda-advocats.es\/wp-content\/uploads\/2025\/07\/430087_check_checkmark_circle_icon.png","contentUrl":"https:\/\/cerda-advocats.es\/wp-content\/uploads\/2025\/07\/430087_check_checkmark_circle_icon.png"},{"@type":"BreadcrumbList","@id":"https:\/\/cerda-advocats.es\/ca\/serveis\/desnonament-expres-la-solucio-davant-inquilins-morosos\/#breadcrumb","itemListElement":[{"@type":"ListItem","position":1,"name":"Portada","item":"https:\/\/cerda-advocats.es\/ca\/inici\/"},{"@type":"ListItem","position":2,"name":"Serveis","item":"https:\/\/cerda-advocats.es\/ca\/serveis\/"},{"@type":"ListItem","position":3,"name":"Desnonament Expr\u00e9s: la soluci\u00f3 davant inquilins morosos"}]},{"@type":"WebSite","@id":"https:\/\/cerda-advocats.es\/#website","url":"https:\/\/cerda-advocats.es\/","name":"Despacho Abogados en Ibiza | Cerda Advocats","description":"Cerda Advocats es un despacho de abogados en Ibiza con una amplia experiencia en diversas \u00e1reas del derecho. Ofrecemos un asesoramiento integral y personalizado para resolver cualquier problema legal que pueda tener. Cont\u00e1ctanos para m\u00e1s informaci\u00f3n.","publisher":{"@id":"https:\/\/cerda-advocats.es\/#organization"},"potentialAction":[{"@type":"SearchAction","target":{"@type":"EntryPoint","urlTemplate":"https:\/\/cerda-advocats.es\/?s={search_term_string}"},"query-input":{"@type":"PropertyValueSpecification","valueRequired":true,"valueName":"search_term_string"}}],"inLanguage":"ca"},{"@type":"Organization","@id":"https:\/\/cerda-advocats.es\/#organization","name":"Despacho Abogados en Ibiza | Cerda Advocats","url":"https:\/\/cerda-advocats.es\/","logo":{"@type":"ImageObject","inLanguage":"ca","@id":"https:\/\/cerda-advocats.es\/#\/schema\/logo\/image\/","url":"https:\/\/cerda-advocats.es\/wp-content\/uploads\/2025\/06\/logo_cerda_advocats.png","contentUrl":"https:\/\/cerda-advocats.es\/wp-content\/uploads\/2025\/06\/logo_cerda_advocats.png","width":500,"height":83,"caption":"Despacho Abogados en Ibiza | Cerda Advocats"},"image":{"@id":"https:\/\/cerda-advocats.es\/#\/schema\/logo\/image\/"}}]}},"_links":{"self":[{"href":"https:\/\/cerda-advocats.es\/ca\/wp-json\/wp\/v2\/pages\/644","targetHints":{"allow":["GET"]}}],"collection":[{"href":"https:\/\/cerda-advocats.es\/ca\/wp-json\/wp\/v2\/pages"}],"about":[{"href":"https:\/\/cerda-advocats.es\/ca\/wp-json\/wp\/v2\/types\/page"}],"author":[{"embeddable":true,"href":"https:\/\/cerda-advocats.es\/ca\/wp-json\/wp\/v2\/users\/1"}],"replies":[{"embeddable":true,"href":"https:\/\/cerda-advocats.es\/ca\/wp-json\/wp\/v2\/comments?post=644"}],"version-history":[{"count":1,"href":"https:\/\/cerda-advocats.es\/ca\/wp-json\/wp\/v2\/pages\/644\/revisions"}],"predecessor-version":[{"id":645,"href":"https:\/\/cerda-advocats.es\/ca\/wp-json\/wp\/v2\/pages\/644\/revisions\/645"}],"up":[{"embeddable":true,"href":"https:\/\/cerda-advocats.es\/ca\/wp-json\/wp\/v2\/pages\/650"}],"wp:attachment":[{"href":"https:\/\/cerda-advocats.es\/ca\/wp-json\/wp\/v2\/media?parent=644"}],"curies":[{"name":"wp","href":"https:\/\/api.w.org\/{rel}","templated":true}]}}