{"id":646,"date":"2025-07-11T14:55:14","date_gmt":"2025-07-11T12:55:14","guid":{"rendered":"https:\/\/cerda-advocats.es\/administrador-de-finques\/"},"modified":"2025-08-08T09:49:29","modified_gmt":"2025-08-08T07:49:29","slug":"administrador-de-finques","status":"publish","type":"page","link":"https:\/\/cerda-advocats.es\/ca\/administrador-de-finques\/","title":{"rendered":"Administrador de finques"},"content":{"rendered":"\t\t<div data-elementor-type=\"wp-page\" data-elementor-id=\"646\" class=\"elementor elementor-646 elementor-413\" data-elementor-post-type=\"page\">\n\t\t\t\t<div class=\"elementor-element elementor-element-4dd7265 e-flex e-con-boxed e-con e-parent\" data-id=\"4dd7265\" data-element_type=\"container\">\n\t\t\t\t\t<div class=\"e-con-inner\">\n\t\t<div class=\"elementor-element elementor-element-8ed466e e-con-full e-flex e-con e-child\" data-id=\"8ed466e\" data-element_type=\"container\">\n\t\t\t\t<div class=\"elementor-element elementor-element-3af44e4 elementor-widget elementor-widget-template\" data-id=\"3af44e4\" data-element_type=\"widget\" data-settings=\"{&quot;sticky&quot;:&quot;top&quot;,&quot;sticky_offset&quot;:120,&quot;sticky_parent&quot;:&quot;yes&quot;,&quot;sticky_on&quot;:[&quot;desktop&quot;,&quot;tablet&quot;,&quot;mobile&quot;],&quot;sticky_effects_offset&quot;:0,&quot;sticky_anchor_link_offset&quot;:0}\" data-widget_type=\"template.default\">\n\t\t\t\t<div class=\"elementor-widget-container\">\n\t\t\t\t\t\t\t<div class=\"elementor-template\">\n\t\t\t\t\t<div data-elementor-type=\"section\" data-elementor-id=\"169\" class=\"elementor elementor-169\" data-elementor-post-type=\"elementor_library\">\n\t\t\t<div class=\"elementor-element elementor-element-200ece0 e-flex e-con-boxed e-con e-parent\" data-id=\"200ece0\" data-element_type=\"container\">\n\t\t\t\t\t<div class=\"e-con-inner\">\n\t\t\t\t<div class=\"elementor-element elementor-element-5f0cc3c form-float elementor-button-align-stretch elementor-widget elementor-widget-form\" data-id=\"5f0cc3c\" data-element_type=\"widget\" data-settings=\"{&quot;step_next_label&quot;:&quot;Next&quot;,&quot;step_previous_label&quot;:&quot;Previous&quot;,&quot;_animation&quot;:&quot;none&quot;,&quot;button_width&quot;:&quot;100&quot;,&quot;step_type&quot;:&quot;number_text&quot;,&quot;step_icon_shape&quot;:&quot;circle&quot;}\" data-widget_type=\"form.default\">\n\t\t\t\t<div class=\"elementor-widget-container\">\n\t\t\t\t\t\t\t<form class=\"elementor-form\" method=\"post\" name=\"General\" aria-label=\"General\">\n\t\t\t<input type=\"hidden\" name=\"post_id\" value=\"169\"\/>\n\t\t\t<input type=\"hidden\" name=\"form_id\" value=\"5f0cc3c\"\/>\n\t\t\t<input type=\"hidden\" name=\"referer_title\" value=\"Abogados de Derecho Administrativo y Urban\u00edstico - Despacho Abogados en Ibiza | Cerda Advocats\" \/>\n\n\t\t\t\t\t\t\t<input type=\"hidden\" name=\"queried_id\" value=\"259\"\/>\n\t\t\t\n\t\t\t<div class=\"elementor-form-fields-wrapper elementor-labels-\">\n\t\t\t\t\t\t\t\t<div class=\"elementor-field-type-text elementor-field-group elementor-column elementor-field-group-name elementor-col-100 elementor-field-required\">\n\t\t\t\t\t\t\t\t\t\t\t\t<label for=\"form-field-name\" class=\"elementor-field-label elementor-screen-only\">\n\t\t\t\t\t\t\t\tNombre*\t\t\t\t\t\t\t<\/label>\n\t\t\t\t\t\t\t\t\t\t\t\t\t\t<input size=\"1\" type=\"text\" name=\"form_fields[name]\" id=\"form-field-name\" class=\"elementor-field elementor-size-lg  elementor-field-textual\" placeholder=\"Nombre*\" required=\"required\">\n\t\t\t\t\t\t\t\t\t\t\t<\/div>\n\t\t\t\t\t\t\t\t<div class=\"elementor-field-type-tel elementor-field-group elementor-column elementor-field-group-field_27e541e elementor-col-100 elementor-field-required\">\n\t\t\t\t\t\t\t\t\t\t\t\t<label for=\"form-field-field_27e541e\" class=\"elementor-field-label elementor-screen-only\">\n\t\t\t\t\t\t\t\tTel\u00e9fono*\t\t\t\t\t\t\t<\/label>\n\t\t\t\t\t\t\t\t<input size=\"1\" type=\"tel\" name=\"form_fields[field_27e541e]\" id=\"form-field-field_27e541e\" class=\"elementor-field elementor-size-lg  elementor-field-textual\" placeholder=\"Tel\u00e9fono*\" required=\"required\" pattern=\"[0-9()#&amp;+*-=.]+\" title=\"Only numbers and phone characters (#, -, *, etc) are accepted.\">\n\n\t\t\t\t\t\t<\/div>\n\t\t\t\t\t\t\t\t<div class=\"elementor-field-type-email elementor-field-group elementor-column elementor-field-group-email elementor-col-100 elementor-field-required\">\n\t\t\t\t\t\t\t\t\t\t\t\t<label for=\"form-field-email\" class=\"elementor-field-label elementor-screen-only\">\n\t\t\t\t\t\t\t\tEmail*\t\t\t\t\t\t\t<\/label>\n\t\t\t\t\t\t\t\t\t\t\t\t\t\t<input size=\"1\" type=\"email\" name=\"form_fields[email]\" id=\"form-field-email\" class=\"elementor-field elementor-size-lg  elementor-field-textual\" placeholder=\"Email*\" required=\"required\">\n\t\t\t\t\t\t\t\t\t\t\t<\/div>\n\t\t\t\t\t\t\t\t<div class=\"elementor-field-type-textarea elementor-field-group elementor-column elementor-field-group-message elementor-col-100 elementor-field-required\">\n\t\t\t\t\t\t\t\t\t\t\t\t<label for=\"form-field-message\" class=\"elementor-field-label elementor-screen-only\">\n\t\t\t\t\t\t\t\tMensaje*\t\t\t\t\t\t\t<\/label>\n\t\t\t\t\t\t<textarea class=\"elementor-field-textual elementor-field  elementor-size-lg\" name=\"form_fields[message]\" id=\"form-field-message\" rows=\"4\" placeholder=\"Mensaje*\" required=\"required\"><\/textarea>\t\t\t\t<\/div>\n\t\t\t\t\t\t\t\t<div class=\"elementor-field-type-acceptance elementor-field-group elementor-column elementor-field-group-field_a294e79 elementor-col-100 elementor-field-required\">\n\t\t\t\t\t\t\t<div class=\"elementor-field-subgroup\">\n\t\t\t<span class=\"elementor-field-option\">\n\t\t\t\t<input type=\"checkbox\" name=\"form_fields[field_a294e79]\" id=\"form-field-field_a294e79\" class=\"elementor-field elementor-size-lg  elementor-acceptance-field\" required=\"required\">\n\t\t\t\t<label for=\"form-field-field_a294e79\"><span>Acepto la  <a href=\"#\" target=\"_blank\">Pol\u00edtica de Privacidad<\/a>  y confirmo que mi informaci\u00f3n personal se puede utilizar de acuerdo con la ley.<\/span> <small>CERD\u00c0 ADVOCATS tratar\u00e1 sus datos personales para atender su consulta y darle respuesta lo antes posible. Tiene derecho a acceder, rectificar y suprimir sus datos, as\u00ed como a otros derechos, tal y como se explica en nuestra Pol\u00edtica de Privacidad. Para m\u00e1s informaci\u00f3n, tambi\u00e9n puede consultar dicha pol\u00edtica.<\/small><\/label>\t\t\t<\/span>\n\t\t<\/div>\n\t\t\t\t\t\t<\/div>\n\t\t\t\t\t\t\t\t<div class=\"elementor-field-type-recaptcha_v3 elementor-field-group elementor-column elementor-field-group-field_da53046 elementor-col-100 recaptcha_v3-inline\">\n\t\t\t\t\t<div class=\"elementor-field\" id=\"form-field-field_da53046\"><div class=\"elementor-g-recaptcha\" data-sitekey=\"6LcvRrMrAAAAACKuTofJaD5__GXbwoFpJei84mPt\" data-type=\"v3\" data-action=\"Form\" data-badge=\"inline\" data-size=\"invisible\"><\/div><\/div>\t\t\t\t<\/div>\n\t\t\t\t\t\t\t\t<div class=\"elementor-field-group elementor-column elementor-field-type-submit elementor-col-100 e-form__buttons\">\n\t\t\t\t\t<button class=\"elementor-button elementor-size-lg\" type=\"submit\">\n\t\t\t\t\t\t<span class=\"elementor-button-content-wrapper\">\n\t\t\t\t\t\t\t\t\t\t\t\t\t\t\t\t\t\t\t\t\t\t<span class=\"elementor-button-text\">Enviar<\/span>\n\t\t\t\t\t\t\t\t\t\t\t\t\t<\/span>\n\t\t\t\t\t<\/button>\n\t\t\t\t<\/div>\n\t\t\t<\/div>\n\t\t<\/form>\n\t\t\t\t\t\t<\/div>\n\t\t\t\t<\/div>\n\t\t\t\t\t<\/div>\n\t\t\t\t<\/div>\n\t\t\t\t<\/div>\n\t\t\t\t<\/div>\n\t\t\t\t\t\t<\/div>\n\t\t\t\t<\/div>\n\t\t\t\t<\/div>\n\t\t<div class=\"elementor-element elementor-element-52a10b2 e-con-full e-flex e-con e-child\" data-id=\"52a10b2\" data-element_type=\"container\">\n\t\t\t\t<div class=\"elementor-element elementor-element-bbabdc8 elementor-widget elementor-widget-heading\" data-id=\"bbabdc8\" data-element_type=\"widget\" data-widget_type=\"heading.default\">\n\t\t\t\t<div class=\"elementor-widget-container\">\n\t\t\t\t\t<h3 class=\"elementor-heading-title elementor-size-default\">Serveis:<\/h3>\t\t\t\t<\/div>\n\t\t\t\t<\/div>\n\t\t\t\t<div class=\"elementor-element elementor-element-b6df57f elementor-icon-list--layout-traditional elementor-list-item-link-full_width elementor-widget elementor-widget-icon-list\" data-id=\"b6df57f\" data-element_type=\"widget\" data-widget_type=\"icon-list.default\">\n\t\t\t\t<div class=\"elementor-widget-container\">\n\t\t\t\t\t\t\t<ul class=\"elementor-icon-list-items\">\n\t\t\t\t\t\t\t<li class=\"elementor-icon-list-item\">\n\t\t\t\t\t\t\t\t\t\t\t<span class=\"elementor-icon-list-icon\">\n\t\t\t\t\t\t\t<svg aria-hidden=\"true\" class=\"e-font-icon-svg e-fas-check\" viewBox=\"0 0 512 512\" xmlns=\"http:\/\/www.w3.org\/2000\/svg\"><path d=\"M173.898 439.404l-166.4-166.4c-9.997-9.997-9.997-26.206 0-36.204l36.203-36.204c9.997-9.998 26.207-9.998 36.204 0L192 312.69 432.095 72.596c9.997-9.997 26.207-9.997 36.204 0l36.203 36.204c9.997 9.997 9.997 26.206 0 36.204l-294.4 294.401c-9.998 9.997-26.207 9.997-36.204-.001z\"><\/path><\/svg>\t\t\t\t\t\t<\/span>\n\t\t\t\t\t\t\t\t\t\t<span class=\"elementor-icon-list-text\">Juntes per videoconfer\u00e8ncia o presencials<\/span>\n\t\t\t\t\t\t\t\t\t<\/li>\n\t\t\t\t\t\t\t\t<li class=\"elementor-icon-list-item\">\n\t\t\t\t\t\t\t\t\t\t\t<span class=\"elementor-icon-list-icon\">\n\t\t\t\t\t\t\t<svg aria-hidden=\"true\" class=\"e-font-icon-svg e-fas-check\" viewBox=\"0 0 512 512\" xmlns=\"http:\/\/www.w3.org\/2000\/svg\"><path d=\"M173.898 439.404l-166.4-166.4c-9.997-9.997-9.997-26.206 0-36.204l36.203-36.204c9.997-9.998 26.207-9.998 36.204 0L192 312.69 432.095 72.596c9.997-9.997 26.207-9.997 36.204 0l36.203 36.204c9.997 9.997 9.997 26.206 0 36.204l-294.4 294.401c-9.998 9.997-26.207 9.997-36.204-.001z\"><\/path><\/svg>\t\t\t\t\t\t<\/span>\n\t\t\t\t\t\t\t\t\t\t<span class=\"elementor-icon-list-text\">La seva Comunitat en una App<\/span>\n\t\t\t\t\t\t\t\t\t<\/li>\n\t\t\t\t\t\t\t\t<li class=\"elementor-icon-list-item\">\n\t\t\t\t\t\t\t\t\t\t\t<span class=\"elementor-icon-list-icon\">\n\t\t\t\t\t\t\t<svg aria-hidden=\"true\" class=\"e-font-icon-svg e-fas-check\" viewBox=\"0 0 512 512\" xmlns=\"http:\/\/www.w3.org\/2000\/svg\"><path d=\"M173.898 439.404l-166.4-166.4c-9.997-9.997-9.997-26.206 0-36.204l36.203-36.204c9.997-9.998 26.207-9.998 36.204 0L192 312.69 432.095 72.596c9.997-9.997 26.207-9.997 36.204 0l36.203 36.204c9.997 9.997 9.997 26.206 0 36.204l-294.4 294.401c-9.998 9.997-26.207 9.997-36.204-.001z\"><\/path><\/svg>\t\t\t\t\t\t<\/span>\n\t\t\t\t\t\t\t\t\t\t<span class=\"elementor-icon-list-text\">Cobrament de morosos sense despeses pr\u00e8vies<\/span>\n\t\t\t\t\t\t\t\t\t<\/li>\n\t\t\t\t\t\t<\/ul>\n\t\t\t\t\t\t<\/div>\n\t\t\t\t<\/div>\n\t\t\t\t<div class=\"elementor-element elementor-element-69a5570 elementor-widget elementor-widget-heading\" data-id=\"69a5570\" data-element_type=\"widget\" data-widget_type=\"heading.default\">\n\t\t\t\t<div class=\"elementor-widget-container\">\n\t\t\t\t\t<h3 class=\"elementor-heading-title elementor-size-default\">Confiem en el programari d'administraci\u00f3 de finques m\u00e9s senzill i f\u00e0cil d'utilitzar<\/h3>\t\t\t\t<\/div>\n\t\t\t\t<\/div>\n\t\t\t\t<div class=\"elementor-element elementor-element-4cd8016 elementor-arrows-position-inside elementor-pagination-position-outside elementor-widget elementor-widget-image-carousel\" data-id=\"4cd8016\" data-element_type=\"widget\" data-settings=\"{&quot;slides_to_show&quot;:&quot;2&quot;,&quot;lazyload&quot;:&quot;yes&quot;,&quot;navigation&quot;:&quot;both&quot;,&quot;autoplay&quot;:&quot;yes&quot;,&quot;pause_on_hover&quot;:&quot;yes&quot;,&quot;pause_on_interaction&quot;:&quot;yes&quot;,&quot;autoplay_speed&quot;:5000,&quot;infinite&quot;:&quot;yes&quot;,&quot;speed&quot;:500}\" data-widget_type=\"image-carousel.default\">\n\t\t\t\t<div class=\"elementor-widget-container\">\n\t\t\t\t\t\t\t<div class=\"elementor-image-carousel-wrapper swiper\" role=\"region\" aria-roledescription=\"carousel\" aria-label=\"Carrusel de im\u00e1genes\" dir=\"ltr\">\n\t\t\t<div class=\"elementor-image-carousel swiper-wrapper\" aria-live=\"off\">\n\t\t\t\t\t\t\t\t<div class=\"swiper-slide\" role=\"group\" aria-roledescription=\"slide\" aria-label=\"1 de 6\"><figure class=\"swiper-slide-inner\"><img class=\"swiper-slide-image swiper-lazy\" data-src=\"https:\/\/cerda-advocats.es\/wp-content\/uploads\/2025\/07\/63cfe96111690073315383f0_04mipropiedad-1.png\" alt=\"63cfe96111690073315383f0_04mipropiedad-1\" \/><div class=\"swiper-lazy-preloader\"><\/div><\/figure><\/div><div class=\"swiper-slide\" role=\"group\" aria-roledescription=\"slide\" aria-label=\"2 de 6\"><figure class=\"swiper-slide-inner\"><img class=\"swiper-slide-image swiper-lazy\" data-src=\"https:\/\/cerda-advocats.es\/wp-content\/uploads\/2025\/07\/63cfe9623262a014851dca5e_03comunidad-2.png\" alt=\"63cfe9623262a014851dca5e_03comunidad-2\" \/><div class=\"swiper-lazy-preloader\"><\/div><\/figure><\/div><div class=\"swiper-slide\" role=\"group\" aria-roledescription=\"slide\" aria-label=\"3 de 6\"><figure class=\"swiper-slide-inner\"><img class=\"swiper-slide-image swiper-lazy\" data-src=\"https:\/\/cerda-advocats.es\/wp-content\/uploads\/2025\/07\/63cfe961ccf6301eba2260e7_04propiedades.png\" alt=\"63cfe961ccf6301eba2260e7_04propiedades\" \/><div class=\"swiper-lazy-preloader\"><\/div><\/figure><\/div><div class=\"swiper-slide\" role=\"group\" aria-roledescription=\"slide\" aria-label=\"4 de 6\"><figure class=\"swiper-slide-inner\"><img class=\"swiper-slide-image swiper-lazy\" data-src=\"https:\/\/cerda-advocats.es\/wp-content\/uploads\/2025\/07\/63cfe96189ae176cfdacc461_01menu-2.png\" alt=\"63cfe96189ae176cfdacc461_01menu-2\" \/><div class=\"swiper-lazy-preloader\"><\/div><\/figure><\/div><div class=\"swiper-slide\" role=\"group\" aria-roledescription=\"slide\" aria-label=\"5 de 6\"><figure class=\"swiper-slide-inner\"><img class=\"swiper-slide-image swiper-lazy\" data-src=\"https:\/\/cerda-advocats.es\/wp-content\/uploads\/2025\/07\/63cfe961011b3494e6b37179_02inicio-1.png\" alt=\"63cfe961011b3494e6b37179_02inicio-1\" \/><div class=\"swiper-lazy-preloader\"><\/div><\/figure><\/div><div class=\"swiper-slide\" role=\"group\" aria-roledescription=\"slide\" aria-label=\"6 de 6\"><figure class=\"swiper-slide-inner\"><img class=\"swiper-slide-image swiper-lazy\" data-src=\"https:\/\/cerda-advocats.es\/wp-content\/uploads\/2025\/07\/63cfe9617ca26a7ef59f593d_02proveedores.png\" alt=\"63cfe9617ca26a7ef59f593d_02proveedores\" \/><div class=\"swiper-lazy-preloader\"><\/div><\/figure><\/div>\t\t\t<\/div>\n\t\t\t\t\t\t\t\t\t\t\t\t<div class=\"elementor-swiper-button elementor-swiper-button-prev\" role=\"button\" tabindex=\"0\">\n\t\t\t\t\t\t<svg aria-hidden=\"true\" class=\"e-font-icon-svg e-eicon-chevron-left\" viewBox=\"0 0 1000 1000\" xmlns=\"http:\/\/www.w3.org\/2000\/svg\"><path d=\"M646 125C629 125 613 133 604 142L308 442C296 454 292 471 292 487 292 504 296 521 308 533L604 854C617 867 629 875 646 875 663 875 679 871 692 858 704 846 713 829 713 812 713 796 708 779 692 767L438 487 692 225C700 217 708 204 708 187 708 171 704 154 692 142 675 129 663 125 646 125Z\"><\/path><\/svg>\t\t\t\t\t<\/div>\n\t\t\t\t\t<div class=\"elementor-swiper-button elementor-swiper-button-next\" role=\"button\" tabindex=\"0\">\n\t\t\t\t\t\t<svg aria-hidden=\"true\" class=\"e-font-icon-svg e-eicon-chevron-right\" viewBox=\"0 0 1000 1000\" xmlns=\"http:\/\/www.w3.org\/2000\/svg\"><path d=\"M696 533C708 521 713 504 713 487 713 471 708 454 696 446L400 146C388 133 375 125 354 125 338 125 325 129 313 142 300 154 292 171 292 187 292 204 296 221 308 233L563 492 304 771C292 783 288 800 288 817 288 833 296 850 308 863 321 871 338 875 354 875 371 875 388 867 400 854L696 533Z\"><\/path><\/svg>\t\t\t\t\t<\/div>\n\t\t\t\t\n\t\t\t\t\t\t\t\t\t<div class=\"swiper-pagination\"><\/div>\n\t\t\t\t\t\t\t\t\t<\/div>\n\t\t\t\t\t\t<\/div>\n\t\t\t\t<\/div>\n\t\t\t\t<div class=\"elementor-element elementor-element-184a51e elementor-position-left elementor-position-top elementor-vertical-align-top elementor-widget elementor-widget-image-box\" data-id=\"184a51e\" data-element_type=\"widget\" data-widget_type=\"image-box.default\">\n\t\t\t\t<div class=\"elementor-widget-container\">\n\t\t\t\t\t<div class=\"elementor-image-box-wrapper\"><figure class=\"elementor-image-box-img\"><img decoding=\"async\" width=\"115\" height=\"111\" src=\"https:\/\/cerda-advocats.es\/wp-content\/uploads\/2025\/07\/638b3b6544a03fc4e898785b_Business-Image1.png\" class=\"attachment-thumbnail size-thumbnail wp-image-439\" alt=\"\" \/><\/figure><div class=\"elementor-image-box-content\"><h2 class=\"elementor-image-box-title\">Servei i atenci\u00f3 adequades al moment present<\/h2><p class=\"elementor-image-box-description\">Apliquem al nostre treball les tecnologies del nostre temps: comunicacions electr\u00f2niques, acc\u00e9s online dels propietaris a tota la documentaci\u00f3 de la Comunitat, possibilitat de fer o participar en les juntes a trav\u00e9s de videoconfer\u00e8ncia i una novedosa App. Amb ser important,tot aix\u00f2 no suposaria res d'especial si no an\u00e9s acompanyat de la relaci\u00f3 amb els nostres clients de la qual els mitjans electr\u00f2nics s\u00f3n nom\u00e9s la manera de fer m\u00e9s f\u00e0cil el contacte hum\u00e0. <\/p><\/div><\/div>\t\t\t\t<\/div>\n\t\t\t\t<\/div>\n\t\t\t\t<div class=\"elementor-element elementor-element-72be72b elementor-position-left elementor-position-top elementor-vertical-align-top elementor-widget elementor-widget-image-box\" data-id=\"72be72b\" data-element_type=\"widget\" data-widget_type=\"image-box.default\">\n\t\t\t\t<div class=\"elementor-widget-container\">\n\t\t\t\t\t<div class=\"elementor-image-box-wrapper\"><figure class=\"elementor-image-box-img\"><img decoding=\"async\" width=\"107\" height=\"111\" src=\"https:\/\/cerda-advocats.es\/wp-content\/uploads\/2025\/07\/638b3b6544a03f833798785c_Business-Image2.png\" class=\"attachment-thumbnail size-thumbnail wp-image-440\" alt=\"\" \/><\/figure><div class=\"elementor-image-box-content\"><h2 class=\"elementor-image-box-title\">Despreoc\u00fapese de l'administraci\u00f3 i c\u00e8ntrese en el m\u00e9s important<\/h2><p class=\"elementor-image-box-description\">Des de fa m\u00e9s de 12 anys administrem comunitats de propietaris a Eivissa, prioritzant les necessitats de les comunitats i orientant el nostre despatx a la nova realitat de les comunitats.\nAix\u00f2 ens permet rebaixar la morositat d'un 40% i l'import total de les despeses fixes de les comunitats en un 10%.<\/p><\/div><\/div>\t\t\t\t<\/div>\n\t\t\t\t<\/div>\n\t\t\t\t<div class=\"elementor-element elementor-element-f643535 elementor-widget elementor-widget-heading\" data-id=\"f643535\" data-element_type=\"widget\" data-widget_type=\"heading.default\">\n\t\t\t\t<div class=\"elementor-widget-container\">\n\t\t\t\t\t<h3 class=\"elementor-heading-title elementor-size-default\">Qu\u00e8 ens fa ser la millor soluci\u00f3?\n<\/h3>\t\t\t\t<\/div>\n\t\t\t\t<\/div>\n\t\t\t\t<div class=\"elementor-element elementor-element-e5c0247 elementor-widget elementor-widget-n-accordion\" data-id=\"e5c0247\" data-element_type=\"widget\" data-settings=\"{&quot;default_state&quot;:&quot;expanded&quot;,&quot;max_items_expended&quot;:&quot;one&quot;,&quot;n_accordion_animation_duration&quot;:{&quot;unit&quot;:&quot;ms&quot;,&quot;size&quot;:400,&quot;sizes&quot;:[]}}\" data-widget_type=\"nested-accordion.default\">\n\t\t\t\t<div class=\"elementor-widget-container\">\n\t\t\t\t\t\t\t<div class=\"e-n-accordion\" aria-label=\"Accordion. Open links with Enter or Space, close with Escape, and navigate with Arrow Keys\">\n\t\t\t\t\t\t<details id=\"e-n-accordion-item-2400\" class=\"e-n-accordion-item\" open>\n\t\t\t\t<summary class=\"e-n-accordion-item-title\" data-accordion-index=\"1\" tabindex=\"0\" aria-expanded=\"true\" aria-controls=\"e-n-accordion-item-2400\" >\n\t\t\t\t\t<span class='e-n-accordion-item-title-header'><div class=\"e-n-accordion-item-title-text\"> Doble Garantia <\/div><\/span>\n\t\t\t\t\t\t\t<span class='e-n-accordion-item-title-icon'>\n\t\t\t<span class='e-opened' ><svg aria-hidden=\"true\" class=\"e-font-icon-svg e-fas-minus\" viewBox=\"0 0 448 512\" xmlns=\"http:\/\/www.w3.org\/2000\/svg\"><path d=\"M416 208H32c-17.67 0-32 14.33-32 32v32c0 17.67 14.33 32 32 32h384c17.67 0 32-14.33 32-32v-32c0-17.67-14.33-32-32-32z\"><\/path><\/svg><\/span>\n\t\t\t<span class='e-closed'><svg aria-hidden=\"true\" class=\"e-font-icon-svg e-fas-plus\" viewBox=\"0 0 448 512\" xmlns=\"http:\/\/www.w3.org\/2000\/svg\"><path d=\"M416 208H272V64c0-17.67-14.33-32-32-32h-32c-17.67 0-32 14.33-32 32v144H32c-17.67 0-32 14.33-32 32v32c0 17.67 14.33 32 32 32h144v144c0 17.67 14.33 32 32 32h32c17.67 0 32-14.33 32-32V304h144c17.67 0 32-14.33 32-32v-32c0-17.67-14.33-32-32-32z\"><\/path><\/svg><\/span>\n\t\t<\/span>\n\n\t\t\t\t\t\t<\/summary>\n\t\t\t\t<div role=\"region\" aria-labelledby=\"e-n-accordion-item-2400\" class=\"elementor-element elementor-element-ecc7cd0 e-con-full e-flex e-con e-child\" data-id=\"ecc7cd0\" data-element_type=\"container\">\n\t\t\t\t<div class=\"elementor-element elementor-element-14ff92b elementor-widget elementor-widget-text-editor\" data-id=\"14ff92b\" data-element_type=\"widget\" data-widget_type=\"text-editor.default\">\n\t\t\t\t<div class=\"elementor-widget-container\">\n\t\t\t\t\t\t\t\t\t<p>Cerd\u00e0Fincas forma part de Cerd\u00e0Advocats, la qual cosa suposa que els propietaris tindran el consell d&#8217;un advocat i la garantia d&#8217;una administradora de finques col\u00b7legiada: Mar\u00eda Jaquies M\u00e9ndez (col\u00b7legiada 988 CAFBAL)<\/p>\t\t\t\t\t\t\t\t<\/div>\n\t\t\t\t<\/div>\n\t\t\t\t<\/div>\n\t\t\t\t\t<\/details>\n\t\t\t\t\t\t<details id=\"e-n-accordion-item-2401\" class=\"e-n-accordion-item\" >\n\t\t\t\t<summary class=\"e-n-accordion-item-title\" data-accordion-index=\"2\" tabindex=\"-1\" aria-expanded=\"false\" aria-controls=\"e-n-accordion-item-2401\" >\n\t\t\t\t\t<span class='e-n-accordion-item-title-header'><div class=\"e-n-accordion-item-title-text\"> Les juntes es poden fer per videoconfer\u00e8ncia <\/div><\/span>\n\t\t\t\t\t\t\t<span class='e-n-accordion-item-title-icon'>\n\t\t\t<span class='e-opened' ><svg aria-hidden=\"true\" class=\"e-font-icon-svg e-fas-minus\" viewBox=\"0 0 448 512\" xmlns=\"http:\/\/www.w3.org\/2000\/svg\"><path d=\"M416 208H32c-17.67 0-32 14.33-32 32v32c0 17.67 14.33 32 32 32h384c17.67 0 32-14.33 32-32v-32c0-17.67-14.33-32-32-32z\"><\/path><\/svg><\/span>\n\t\t\t<span class='e-closed'><svg aria-hidden=\"true\" class=\"e-font-icon-svg e-fas-plus\" viewBox=\"0 0 448 512\" xmlns=\"http:\/\/www.w3.org\/2000\/svg\"><path d=\"M416 208H272V64c0-17.67-14.33-32-32-32h-32c-17.67 0-32 14.33-32 32v144H32c-17.67 0-32 14.33-32 32v32c0 17.67 14.33 32 32 32h144v144c0 17.67 14.33 32 32 32h32c17.67 0 32-14.33 32-32V304h144c17.67 0 32-14.33 32-32v-32c0-17.67-14.33-32-32-32z\"><\/path><\/svg><\/span>\n\t\t<\/span>\n\n\t\t\t\t\t\t<\/summary>\n\t\t\t\t<div role=\"region\" aria-labelledby=\"e-n-accordion-item-2401\" class=\"elementor-element elementor-element-3423f27 e-con-full e-flex e-con e-child\" data-id=\"3423f27\" data-element_type=\"container\">\n\t\t\t\t<div class=\"elementor-element elementor-element-b2c9f76 elementor-widget elementor-widget-text-editor\" data-id=\"b2c9f76\" data-element_type=\"widget\" data-widget_type=\"text-editor.default\">\n\t\t\t\t<div class=\"elementor-widget-container\">\n\t\t\t\t\t\t\t\t\t<p>Quan sigui necessari o aix\u00ed ho desitgi la comunitat, les Juntes podran celebrar-se a trav\u00e9s d&#8217; un sistema propi i segur de videoconfer\u00e8ncia, que els propietaris que ho desitgin podran seguir des del nostre despatx.<\/p>\t\t\t\t\t\t\t\t<\/div>\n\t\t\t\t<\/div>\n\t\t\t\t<\/div>\n\t\t\t\t\t<\/details>\n\t\t\t\t\t\t<details id=\"e-n-accordion-item-2402\" class=\"e-n-accordion-item\" >\n\t\t\t\t<summary class=\"e-n-accordion-item-title\" data-accordion-index=\"3\" tabindex=\"-1\" aria-expanded=\"false\" aria-controls=\"e-n-accordion-item-2402\" >\n\t\t\t\t\t<span class='e-n-accordion-item-title-header'><div class=\"e-n-accordion-item-title-text\"> Sense despeses en el cobrament de morosos <\/div><\/span>\n\t\t\t\t\t\t\t<span class='e-n-accordion-item-title-icon'>\n\t\t\t<span class='e-opened' ><svg aria-hidden=\"true\" class=\"e-font-icon-svg e-fas-minus\" viewBox=\"0 0 448 512\" xmlns=\"http:\/\/www.w3.org\/2000\/svg\"><path d=\"M416 208H32c-17.67 0-32 14.33-32 32v32c0 17.67 14.33 32 32 32h384c17.67 0 32-14.33 32-32v-32c0-17.67-14.33-32-32-32z\"><\/path><\/svg><\/span>\n\t\t\t<span class='e-closed'><svg aria-hidden=\"true\" class=\"e-font-icon-svg e-fas-plus\" viewBox=\"0 0 448 512\" xmlns=\"http:\/\/www.w3.org\/2000\/svg\"><path d=\"M416 208H272V64c0-17.67-14.33-32-32-32h-32c-17.67 0-32 14.33-32 32v144H32c-17.67 0-32 14.33-32 32v32c0 17.67 14.33 32 32 32h144v144c0 17.67 14.33 32 32 32h32c17.67 0 32-14.33 32-32V304h144c17.67 0 32-14.33 32-32v-32c0-17.67-14.33-32-32-32z\"><\/path><\/svg><\/span>\n\t\t<\/span>\n\n\t\t\t\t\t\t<\/summary>\n\t\t\t\t<div role=\"region\" aria-labelledby=\"e-n-accordion-item-2402\" class=\"elementor-element elementor-element-6f47896 e-con-full e-flex e-con e-child\" data-id=\"6f47896\" data-element_type=\"container\">\n\t\t\t\t<div class=\"elementor-element elementor-element-2dce836 elementor-widget elementor-widget-text-editor\" data-id=\"2dce836\" data-element_type=\"widget\" data-widget_type=\"text-editor.default\">\n\t\t\t\t<div class=\"elementor-widget-container\">\n\t\t\t\t\t\t\t\t\t<p>Cerd\u00e0Fincas gestionar\u00e0 els procediments judicials que s&#8217;acordin contra els propietaris morosos SENSE DEMANAR PROVISI\u00d3 DE FONS ALGUNA sempre que la quantitat reclamada sigui superior a 2.000\u20ac<\/p>\t\t\t\t\t\t\t\t<\/div>\n\t\t\t\t<\/div>\n\t\t\t\t<\/div>\n\t\t\t\t\t<\/details>\n\t\t\t\t\t\t<details id=\"e-n-accordion-item-2403\" class=\"e-n-accordion-item\" >\n\t\t\t\t<summary class=\"e-n-accordion-item-title\" data-accordion-index=\"4\" tabindex=\"-1\" aria-expanded=\"false\" aria-controls=\"e-n-accordion-item-2403\" >\n\t\t\t\t\t<span class='e-n-accordion-item-title-header'><div class=\"e-n-accordion-item-title-text\"> No som comissionistes <\/div><\/span>\n\t\t\t\t\t\t\t<span class='e-n-accordion-item-title-icon'>\n\t\t\t<span class='e-opened' ><svg aria-hidden=\"true\" class=\"e-font-icon-svg e-fas-minus\" viewBox=\"0 0 448 512\" xmlns=\"http:\/\/www.w3.org\/2000\/svg\"><path d=\"M416 208H32c-17.67 0-32 14.33-32 32v32c0 17.67 14.33 32 32 32h384c17.67 0 32-14.33 32-32v-32c0-17.67-14.33-32-32-32z\"><\/path><\/svg><\/span>\n\t\t\t<span class='e-closed'><svg aria-hidden=\"true\" class=\"e-font-icon-svg e-fas-plus\" viewBox=\"0 0 448 512\" xmlns=\"http:\/\/www.w3.org\/2000\/svg\"><path d=\"M416 208H272V64c0-17.67-14.33-32-32-32h-32c-17.67 0-32 14.33-32 32v144H32c-17.67 0-32 14.33-32 32v32c0 17.67 14.33 32 32 32h144v144c0 17.67 14.33 32 32 32h32c17.67 0 32-14.33 32-32V304h144c17.67 0 32-14.33 32-32v-32c0-17.67-14.33-32-32-32z\"><\/path><\/svg><\/span>\n\t\t<\/span>\n\n\t\t\t\t\t\t<\/summary>\n\t\t\t\t<div role=\"region\" aria-labelledby=\"e-n-accordion-item-2403\" class=\"elementor-element elementor-element-1d6a73c e-flex e-con-boxed e-con e-child\" data-id=\"1d6a73c\" data-element_type=\"container\">\n\t\t\t\t\t<div class=\"e-con-inner\">\n\t\t\t\t<div class=\"elementor-element elementor-element-1cbe66d elementor-widget elementor-widget-text-editor\" data-id=\"1cbe66d\" data-element_type=\"widget\" data-widget_type=\"text-editor.default\">\n\t\t\t\t<div class=\"elementor-widget-container\">\n\t\t\t\t\t\t\t\t\t<p>No ens relaxem en l&#8217;optimitzaci\u00f3 de la gesti\u00f3. NO COBREM COMISSIONS dels prove\u00efdors ni ens acomodem amb els contractes de serveis i subministraments. <\/p>\t\t\t\t\t\t\t\t<\/div>\n\t\t\t\t<\/div>\n\t\t\t\t\t<\/div>\n\t\t\t\t<\/div>\n\t\t\t\t\t<\/details>\n\t\t\t\t\t\t<details id=\"e-n-accordion-item-2404\" class=\"e-n-accordion-item\" >\n\t\t\t\t<summary class=\"e-n-accordion-item-title\" data-accordion-index=\"5\" tabindex=\"-1\" aria-expanded=\"false\" aria-controls=\"e-n-accordion-item-2404\" >\n\t\t\t\t\t<span class='e-n-accordion-item-title-header'><div class=\"e-n-accordion-item-title-text\"> 12 anys administrant comunitats <\/div><\/span>\n\t\t\t\t\t\t\t<span class='e-n-accordion-item-title-icon'>\n\t\t\t<span class='e-opened' ><svg aria-hidden=\"true\" class=\"e-font-icon-svg e-fas-minus\" viewBox=\"0 0 448 512\" xmlns=\"http:\/\/www.w3.org\/2000\/svg\"><path d=\"M416 208H32c-17.67 0-32 14.33-32 32v32c0 17.67 14.33 32 32 32h384c17.67 0 32-14.33 32-32v-32c0-17.67-14.33-32-32-32z\"><\/path><\/svg><\/span>\n\t\t\t<span class='e-closed'><svg aria-hidden=\"true\" class=\"e-font-icon-svg e-fas-plus\" viewBox=\"0 0 448 512\" xmlns=\"http:\/\/www.w3.org\/2000\/svg\"><path d=\"M416 208H272V64c0-17.67-14.33-32-32-32h-32c-17.67 0-32 14.33-32 32v144H32c-17.67 0-32 14.33-32 32v32c0 17.67 14.33 32 32 32h144v144c0 17.67 14.33 32 32 32h32c17.67 0 32-14.33 32-32V304h144c17.67 0 32-14.33 32-32v-32c0-17.67-14.33-32-32-32z\"><\/path><\/svg><\/span>\n\t\t<\/span>\n\n\t\t\t\t\t\t<\/summary>\n\t\t\t\t<div role=\"region\" aria-labelledby=\"e-n-accordion-item-2404\" class=\"elementor-element elementor-element-134d804 e-flex e-con-boxed e-con e-child\" data-id=\"134d804\" data-element_type=\"container\">\n\t\t\t\t\t<div class=\"e-con-inner\">\n\t\t\t\t<div class=\"elementor-element elementor-element-b5b5523 elementor-widget elementor-widget-text-editor\" data-id=\"b5b5523\" data-element_type=\"widget\" data-widget_type=\"text-editor.default\">\n\t\t\t\t<div class=\"elementor-widget-container\">\n\t\t\t\t\t\t\t\t\t<p>Des de fa m\u00e9s de 12 anys administrem comunitats de propietaris a Eivissa, prioritzant les necessitats dels propietaris i orientant el nostre despatx a la nova realitat de les comunitats. Aix\u00f2 ens permet rebaixar la morositat d&#8217;un 40% i l&#8217;import total de les despeses fixes de les comunitats en un 10%. <\/p>\t\t\t\t\t\t\t\t<\/div>\n\t\t\t\t<\/div>\n\t\t\t\t\t<\/div>\n\t\t\t\t<\/div>\n\t\t\t\t\t<\/details>\n\t\t\t\t\t<\/div>\n\t\t\t\t\t\t<\/div>\n\t\t\t\t<\/div>\n\t\t\t\t<\/div>\n\t\t\t\t\t<\/div>\n\t\t\t\t<\/div>\n\t\t\t\t<\/div>\n\t\t","protected":false},"excerpt":{"rendered":"<p>Administrem la seva Comunitat amb transpar\u00e8ncia i professionalitat<\/p>\n","protected":false},"author":1,"featured_media":0,"parent":0,"menu_order":0,"comment_status":"closed","ping_status":"closed","template":"","meta":{"footnotes":""},"class_list":["post-646","page","type-page","status-publish","hentry"],"yoast_head":"<!-- This site is optimized with the Yoast SEO plugin v25.8 - https:\/\/yoast.com\/wordpress\/plugins\/seo\/ -->\n<title>Administrador de finques - Despacho Abogados en Ibiza | Cerda Advocats<\/title>\n<meta name=\"robots\" content=\"index, follow, max-snippet:-1, max-image-preview:large, max-video-preview:-1\" \/>\n<link rel=\"canonical\" href=\"https:\/\/cerda-advocats.es\/ca\/administrador-de-finques\/\" \/>\n<meta property=\"og:locale\" content=\"ca_ES\" \/>\n<meta property=\"og:type\" content=\"article\" \/>\n<meta property=\"og:title\" content=\"Administrador de finques - Despacho Abogados en Ibiza | Cerda Advocats\" \/>\n<meta property=\"og:description\" content=\"Administrem la seva Comunitat amb transpar\u00e8ncia i professionalitat\" \/>\n<meta property=\"og:url\" content=\"https:\/\/cerda-advocats.es\/ca\/administrador-de-finques\/\" \/>\n<meta property=\"og:site_name\" content=\"Despacho Abogados en Ibiza | Cerda Advocats\" \/>\n<meta property=\"article:modified_time\" content=\"2025-08-08T07:49:29+00:00\" \/>\n<meta property=\"og:image\" content=\"https:\/\/cerda-advocats.es\/wp-content\/uploads\/2025\/07\/63cfe96111690073315383f0_04mipropiedad-1.png\" \/>\n<meta name=\"twitter:card\" content=\"summary_large_image\" \/>\n<script type=\"application\/ld+json\" class=\"yoast-schema-graph\">{\"@context\":\"https:\/\/schema.org\",\"@graph\":[{\"@type\":\"WebPage\",\"@id\":\"https:\/\/cerda-advocats.es\/ca\/administrador-de-finques\/\",\"url\":\"https:\/\/cerda-advocats.es\/ca\/administrador-de-finques\/\",\"name\":\"Administrador de finques - Despacho Abogados en Ibiza | Cerda Advocats\",\"isPartOf\":{\"@id\":\"https:\/\/cerda-advocats.es\/#website\"},\"primaryImageOfPage\":{\"@id\":\"https:\/\/cerda-advocats.es\/ca\/administrador-de-finques\/#primaryimage\"},\"image\":{\"@id\":\"https:\/\/cerda-advocats.es\/ca\/administrador-de-finques\/#primaryimage\"},\"thumbnailUrl\":\"https:\/\/cerda-advocats.es\/wp-content\/uploads\/2025\/07\/63cfe96111690073315383f0_04mipropiedad-1.png\",\"datePublished\":\"2025-07-11T12:55:14+00:00\",\"dateModified\":\"2025-08-08T07:49:29+00:00\",\"breadcrumb\":{\"@id\":\"https:\/\/cerda-advocats.es\/ca\/administrador-de-finques\/#breadcrumb\"},\"inLanguage\":\"ca\",\"potentialAction\":[{\"@type\":\"ReadAction\",\"target\":[\"https:\/\/cerda-advocats.es\/ca\/administrador-de-finques\/\"]}]},{\"@type\":\"ImageObject\",\"inLanguage\":\"ca\",\"@id\":\"https:\/\/cerda-advocats.es\/ca\/administrador-de-finques\/#primaryimage\",\"url\":\"https:\/\/cerda-advocats.es\/wp-content\/uploads\/2025\/07\/63cfe96111690073315383f0_04mipropiedad-1.png\",\"contentUrl\":\"https:\/\/cerda-advocats.es\/wp-content\/uploads\/2025\/07\/63cfe96111690073315383f0_04mipropiedad-1.png\"},{\"@type\":\"BreadcrumbList\",\"@id\":\"https:\/\/cerda-advocats.es\/ca\/administrador-de-finques\/#breadcrumb\",\"itemListElement\":[{\"@type\":\"ListItem\",\"position\":1,\"name\":\"Portada\",\"item\":\"https:\/\/cerda-advocats.es\/ca\/inici\/\"},{\"@type\":\"ListItem\",\"position\":2,\"name\":\"Administrador de finques\"}]},{\"@type\":\"WebSite\",\"@id\":\"https:\/\/cerda-advocats.es\/#website\",\"url\":\"https:\/\/cerda-advocats.es\/\",\"name\":\"Despacho Abogados en Ibiza | Cerda Advocats\",\"description\":\"Cerda Advocats es un despacho de abogados en Ibiza con una amplia experiencia en diversas \u00e1reas del derecho. Ofrecemos un asesoramiento integral y personalizado para resolver cualquier problema legal que pueda tener. Cont\u00e1ctanos para m\u00e1s informaci\u00f3n.\",\"publisher\":{\"@id\":\"https:\/\/cerda-advocats.es\/#organization\"},\"potentialAction\":[{\"@type\":\"SearchAction\",\"target\":{\"@type\":\"EntryPoint\",\"urlTemplate\":\"https:\/\/cerda-advocats.es\/?s={search_term_string}\"},\"query-input\":{\"@type\":\"PropertyValueSpecification\",\"valueRequired\":true,\"valueName\":\"search_term_string\"}}],\"inLanguage\":\"ca\"},{\"@type\":\"Organization\",\"@id\":\"https:\/\/cerda-advocats.es\/#organization\",\"name\":\"Despacho Abogados en Ibiza | Cerda Advocats\",\"url\":\"https:\/\/cerda-advocats.es\/\",\"logo\":{\"@type\":\"ImageObject\",\"inLanguage\":\"ca\",\"@id\":\"https:\/\/cerda-advocats.es\/#\/schema\/logo\/image\/\",\"url\":\"https:\/\/cerda-advocats.es\/wp-content\/uploads\/2025\/06\/logo_cerda_advocats.png\",\"contentUrl\":\"https:\/\/cerda-advocats.es\/wp-content\/uploads\/2025\/06\/logo_cerda_advocats.png\",\"width\":500,\"height\":83,\"caption\":\"Despacho Abogados en Ibiza | Cerda Advocats\"},\"image\":{\"@id\":\"https:\/\/cerda-advocats.es\/#\/schema\/logo\/image\/\"}}]}<\/script>\n<!-- \/ Yoast SEO plugin. -->","yoast_head_json":{"title":"Administrador de finques - Despacho Abogados en Ibiza | Cerda Advocats","robots":{"index":"index","follow":"follow","max-snippet":"max-snippet:-1","max-image-preview":"max-image-preview:large","max-video-preview":"max-video-preview:-1"},"canonical":"https:\/\/cerda-advocats.es\/ca\/administrador-de-finques\/","og_locale":"ca_ES","og_type":"article","og_title":"Administrador de finques - Despacho Abogados en Ibiza | Cerda Advocats","og_description":"Administrem la seva Comunitat amb transpar\u00e8ncia i professionalitat","og_url":"https:\/\/cerda-advocats.es\/ca\/administrador-de-finques\/","og_site_name":"Despacho Abogados en Ibiza | Cerda Advocats","article_modified_time":"2025-08-08T07:49:29+00:00","og_image":[{"url":"https:\/\/cerda-advocats.es\/wp-content\/uploads\/2025\/07\/63cfe96111690073315383f0_04mipropiedad-1.png","type":"","width":"","height":""}],"twitter_card":"summary_large_image","schema":{"@context":"https:\/\/schema.org","@graph":[{"@type":"WebPage","@id":"https:\/\/cerda-advocats.es\/ca\/administrador-de-finques\/","url":"https:\/\/cerda-advocats.es\/ca\/administrador-de-finques\/","name":"Administrador de finques - Despacho Abogados en Ibiza | Cerda Advocats","isPartOf":{"@id":"https:\/\/cerda-advocats.es\/#website"},"primaryImageOfPage":{"@id":"https:\/\/cerda-advocats.es\/ca\/administrador-de-finques\/#primaryimage"},"image":{"@id":"https:\/\/cerda-advocats.es\/ca\/administrador-de-finques\/#primaryimage"},"thumbnailUrl":"https:\/\/cerda-advocats.es\/wp-content\/uploads\/2025\/07\/63cfe96111690073315383f0_04mipropiedad-1.png","datePublished":"2025-07-11T12:55:14+00:00","dateModified":"2025-08-08T07:49:29+00:00","breadcrumb":{"@id":"https:\/\/cerda-advocats.es\/ca\/administrador-de-finques\/#breadcrumb"},"inLanguage":"ca","potentialAction":[{"@type":"ReadAction","target":["https:\/\/cerda-advocats.es\/ca\/administrador-de-finques\/"]}]},{"@type":"ImageObject","inLanguage":"ca","@id":"https:\/\/cerda-advocats.es\/ca\/administrador-de-finques\/#primaryimage","url":"https:\/\/cerda-advocats.es\/wp-content\/uploads\/2025\/07\/63cfe96111690073315383f0_04mipropiedad-1.png","contentUrl":"https:\/\/cerda-advocats.es\/wp-content\/uploads\/2025\/07\/63cfe96111690073315383f0_04mipropiedad-1.png"},{"@type":"BreadcrumbList","@id":"https:\/\/cerda-advocats.es\/ca\/administrador-de-finques\/#breadcrumb","itemListElement":[{"@type":"ListItem","position":1,"name":"Portada","item":"https:\/\/cerda-advocats.es\/ca\/inici\/"},{"@type":"ListItem","position":2,"name":"Administrador de finques"}]},{"@type":"WebSite","@id":"https:\/\/cerda-advocats.es\/#website","url":"https:\/\/cerda-advocats.es\/","name":"Despacho Abogados en Ibiza | Cerda Advocats","description":"Cerda Advocats es un despacho de abogados en Ibiza con una amplia experiencia en diversas \u00e1reas del derecho. Ofrecemos un asesoramiento integral y personalizado para resolver cualquier problema legal que pueda tener. Cont\u00e1ctanos para m\u00e1s informaci\u00f3n.","publisher":{"@id":"https:\/\/cerda-advocats.es\/#organization"},"potentialAction":[{"@type":"SearchAction","target":{"@type":"EntryPoint","urlTemplate":"https:\/\/cerda-advocats.es\/?s={search_term_string}"},"query-input":{"@type":"PropertyValueSpecification","valueRequired":true,"valueName":"search_term_string"}}],"inLanguage":"ca"},{"@type":"Organization","@id":"https:\/\/cerda-advocats.es\/#organization","name":"Despacho Abogados en Ibiza | Cerda Advocats","url":"https:\/\/cerda-advocats.es\/","logo":{"@type":"ImageObject","inLanguage":"ca","@id":"https:\/\/cerda-advocats.es\/#\/schema\/logo\/image\/","url":"https:\/\/cerda-advocats.es\/wp-content\/uploads\/2025\/06\/logo_cerda_advocats.png","contentUrl":"https:\/\/cerda-advocats.es\/wp-content\/uploads\/2025\/06\/logo_cerda_advocats.png","width":500,"height":83,"caption":"Despacho Abogados en Ibiza | Cerda Advocats"},"image":{"@id":"https:\/\/cerda-advocats.es\/#\/schema\/logo\/image\/"}}]}},"_links":{"self":[{"href":"https:\/\/cerda-advocats.es\/ca\/wp-json\/wp\/v2\/pages\/646","targetHints":{"allow":["GET"]}}],"collection":[{"href":"https:\/\/cerda-advocats.es\/ca\/wp-json\/wp\/v2\/pages"}],"about":[{"href":"https:\/\/cerda-advocats.es\/ca\/wp-json\/wp\/v2\/types\/page"}],"author":[{"embeddable":true,"href":"https:\/\/cerda-advocats.es\/ca\/wp-json\/wp\/v2\/users\/1"}],"replies":[{"embeddable":true,"href":"https:\/\/cerda-advocats.es\/ca\/wp-json\/wp\/v2\/comments?post=646"}],"version-history":[{"count":1,"href":"https:\/\/cerda-advocats.es\/ca\/wp-json\/wp\/v2\/pages\/646\/revisions"}],"predecessor-version":[{"id":647,"href":"https:\/\/cerda-advocats.es\/ca\/wp-json\/wp\/v2\/pages\/646\/revisions\/647"}],"wp:attachment":[{"href":"https:\/\/cerda-advocats.es\/ca\/wp-json\/wp\/v2\/media?parent=646"}],"curies":[{"name":"wp","href":"https:\/\/api.w.org\/{rel}","templated":true}]}}