{"id":666,"date":"2025-08-08T09:57:43","date_gmt":"2025-08-08T07:57:43","guid":{"rendered":"https:\/\/cerda-advocats.es\/aviso-legal\/"},"modified":"2025-08-08T10:02:59","modified_gmt":"2025-08-08T08:02:59","slug":"aviso-legal","status":"publish","type":"page","link":"https:\/\/cerda-advocats.es\/ca\/aviso-legal\/","title":{"rendered":"Aviso Legal"},"content":{"rendered":"<div class=\"row\">\n<div class=\"col col-xl-10 mx-auto\">\n<div class=\"paper\">\n<header class=\"text-center\">\n<h2>DADES IDENTIFICATIVES:<\/h2>\n<p>\u200d<br \/>\nComplint el deure d&#8217;informaci\u00f3 recollit a l&#8217;article 10 de la Llei 34\/2002, d&#8217;11 de juliol, de Serveis de la Societat de la Informaci\u00f3 i del Comer\u00e7 Electr\u00f2nic, li comuniquem que el titular \u00e9s CERD\u00c0 ADVOCATS SL, amb domicili a Carrer Germans Torres i Tur, 7 de 07800-Eivissa , amb n\u00famero de C.I.F B67745315 i el correu electr\u00f2nic de contacte del qual \u00e9s oficina@cerda-advocats.com.<\/p>\n<h2>\u200d<\/h2>\n<h2>\u200d<br \/>\nUSUARIS:<\/h2>\n<p>\u200d<br \/>\nL&#8217;acc\u00e9s i\/o \u00fas a aquesta p\u00e0gina atribueix la condici\u00f3 d&#8217;USUARI, que accepta, des d&#8217;aquest acc\u00e9s i\/o \u00fas, les Condicions Generals d&#8217;\u00das aqu\u00ed reflectides.<\/p>\n<h2>\u200d<\/h2>\n<h2>\u200d<br \/>\n\u00daS DE LA P\u00c0GINA WEB:<\/h2>\n<p>\u200d<br \/>\nL&#8217; usuari es compromet a fer un \u00fas adequat dels continguts i serveis, i, en concret:<br \/>\nNo inc\u00f3rrer en activitats il\u00b7l\u00edcites, il\u00b7legals o contr\u00e0ries a la bona fe i a l&#8217;ordre p\u00fablic.<br \/>\nNo difondre continguts o propaganda de car\u00e0cter racista, xen\u00f2fob, pornogr\u00e0fic-il\u00b7legal, d&#8217;apologia del terrorisme o atemptatotori contra els drets humans.<br \/>\nNo provocar danys en aquesta p\u00e0gina web, introduir o difondre en la xarxa virus inform\u00e0tics o qualssevol altres sistemes f\u00edsics o l\u00f2gics que siguin susceptibles de provocar els danys anteriorment esmentats.<br \/>\nTots aquells actes que vulnerin o transgredeixin l&#8217; honor, la intimitat personal o familiar i a la imatge de les persones, dels drets de propietat i de tota altra naturalesa pertanyents a un tercer com a conseq\u00fc\u00e8ncia de la transmissi\u00f3, difusi\u00f3, emmagatzematge, posada a disposici\u00f3, recepci\u00f3, obtenci\u00f3 o acc\u00e9s als continguts o la imatge de tercers.<br \/>\nLa realitzaci\u00f3 d&#8217; actes de compet\u00e8ncia deslleial i publicitat il\u00b7l\u00edcita com a conseq\u00fc\u00e8ncia de la transmissi\u00f3, difusi\u00f3, emmagatzematge, posada a disposici\u00f3, recepci\u00f3, obtenci\u00f3 o acc\u00e9s als continguts.<br \/>\nLa falta de veracitat, exactitud, exhaustivitat, pertin\u00e8ncia i\/o actualitat dels continguts deixant l&#8217;usuari, en tot cas, indemne el responsable del portal davant qualsevol reclamaci\u00f3, judicial o extrajudicial.<\/p>\n<h2>\u200d<\/h2>\n<h2>\u200d<br \/>\nPROPIETAT INTEL\u00b7LECTUAL I INDUSTRIAL:<\/h2>\n<p>\u200d<br \/>\nCERD\u00c0 ADVOCATS SL per si mateix o com a cessionari, \u00e9s titular de tots els drets de propietat intel\u00b7lectual i industrial de la seva p\u00e0gina web, aix\u00ed com dels elements continguts en el mateix (a t\u00edtol enunciatiu, imatges, so, \u00e0udio, v\u00eddeo, programari o textos; marques o logotips, combinacions de colors, estructura i disseny, selecci\u00f3 de materials usats, programes d&#8217;ordinador necessaris per al seu funcionament, acc\u00e9s i \u00fas, etc&#8230;.), titularitat de CERD\u00c0 ADVOCATS SL o b\u00e9 dels seus llicenciants.<br \/>\nEl contingut d&#8217; aquesta p\u00e0gina podr\u00e0 ser reprodu\u00eft lliurement per qualsevol usuari, sempre que aquesta reproducci\u00f3 no podr\u00e0 ser objecte de cap comercialitzaci\u00f3.<\/p>\n<p>\u200d<\/p>\n<h2>\u200d<br \/>\nPOL\u00cdTICA DE PRIVACITAT I PROTECCI\u00d3 DE DADES:<\/h2>\n<p>\u200d<br \/>\nEl responsable protegeix les dades personals segons el que estableix la Llei Org\u00e0nica 3\/2018, de 5 de desembre, de Protecci\u00f3 de Dades Personals i garantia dels drets digitals. La informaci\u00f3 sobre la protecci\u00f3 de dades personals es troba recollida en la Pol\u00edtica de Privacitat seg\u00fcent:<\/p>\n<ol role=\"list\">\n<li>INFORMACI\u00d3 B\u00c0SICA. Mitjan\u00e7ant aquest av\u00eds, i en compliment de la Llei Org\u00e0nica 3\/2018, de 5 de desembre, de Protecci\u00f3 de Dades Personals i garantia dels drets digitals. (en endavant, LOPDGDD), CERD\u00c0 ADVOCATS SL informa als usuaris d&#8217;aquesta p\u00e0gina web que les dades personals que ens facilitin a trav\u00e9s dels formularis de contacte que podr\u00e0 trobar al portal seran tractades confidencialment conforme a l&#8217;esmentada LOPD.<\/li>\n<li>RESPONSABLE DEL TRACTAMENT. Les dades de car\u00e0cter personal que es poguessin recaptar directament de l&#8217; interessat seran tractades de forma confidencial i quedaran incorporades a la corresponent activitat de tractament titularitat de CERD\u00c0 ADVOCATS SL.<\/li>\n<li>FINALITAT. La finalitat del tractament de les dades correspon a cadascuna de les activitats de tractament que realitza CERD\u00c0 ADVOCATS SL i que es troben relacionades directament amb la prestaci\u00f3 del servei que s&#8217; oferta.<\/li>\n<li>LEGITIMACI\u00d3. El tractament de dades es realitza per al compliment de la prestaci\u00f3 del servei que s&#8217; oferta.<\/li>\n<li>CONSERVACI\u00d3 DE DADES. Les dades personals proporcionades es conservaran durant el temps necessari per complir amb la finalitat per a la qual han estat recaptades i per determinar les possibles responsabilitats que es poguessin derivar de la finalitat, tenint en compte igual els terminis relatius a arxius de documents.<\/li>\n<li>COMUNICACI\u00d3 DE DADES. Amb car\u00e0cter general no es comunicaran les dades personals a tercers, llevat d&#8217;obligaci\u00f3 legal, entre les quals pot estar a Jutges i Tribunals .<\/li>\n<li>DRETS DELS INTERESSATS. Aix\u00ed mateix, l&#8217;informem que podr\u00e0 exercir els seus drets d&#8217;acc\u00e9s, rectificaci\u00f3, cancel\u00b7laci\u00f3, oposici\u00f3, portabilitat, i limitaci\u00f3 del tractament, conforme a la LOPD, per escrit a l&#8217;adre\u00e7a: Carrer Germans Torres i Tur, 7 de 07800-Eivissa .<\/li>\n<li>COOKIES. Finalment, l&#8217;informem que la present p\u00e0gina web utilitza cookies. En compliment de la Llei 34\/2002, de Serveis de la Societat de la Informaci\u00f3 i de Comer\u00e7 Electr\u00f2nic, disposa d&#8217;un Av\u00eds de Cookies que per informar l&#8217;usuari al respecte.<\/li>\n<\/ol>\n<p>\u200d<\/p>\n<p>\u200d<\/p>\n<h2>COOKIES:<\/h2>\n<p>\u200d<br \/>\nL&#8217;informem que la present p\u00e0gina web utilitza cookies.<br \/>\nEn compliment de la Llei 34\/2002, de Serveis de la Societat de la Informaci\u00f3 i de Comer\u00e7 Electr\u00f2nic, aquesta p\u00e0gina disposa d&#8217;un Av\u00eds de Cookies per informar l&#8217;usuari al respecte.<br \/>\nLEGISLACI\u00d3 APLICABLE:<br \/>\nEl present Av\u00eds Legal es regeix en tots i cadascun dels seus extrems per la legislaci\u00f3 espanyola.<\/p>\n<p>\u200d<\/p>\n<\/header>\n<\/div>\n<\/div>\n<\/div>\n","protected":false},"excerpt":{"rendered":"<p>DADES IDENTIFICATIVES: \u200d Complint el deure d&#8217;informaci\u00f3 recollit a l&#8217;article 10 de la Llei 34\/2002, d&#8217;11 de juliol, de Serveis de la Societat de la Informaci\u00f3 i del Comer\u00e7 Electr\u00f2nic, li comuniquem que el titular \u00e9s CERD\u00c0 ADVOCATS SL, amb domicili a Carrer Germans Torres i Tur, 7 de 07800-Eivissa , amb n\u00famero de C.I.F [&hellip;]<\/p>\n","protected":false},"author":1,"featured_media":0,"parent":0,"menu_order":0,"comment_status":"closed","ping_status":"closed","template":"","meta":{"footnotes":""},"class_list":["post-666","page","type-page","status-publish","hentry"],"yoast_head":"<!-- This site is optimized with the Yoast SEO plugin v25.8 - https:\/\/yoast.com\/wordpress\/plugins\/seo\/ -->\n<title>Aviso Legal - Despacho Abogados en Ibiza | Cerda Advocats<\/title>\n<meta name=\"robots\" content=\"index, follow, max-snippet:-1, max-image-preview:large, max-video-preview:-1\" \/>\n<link rel=\"canonical\" href=\"https:\/\/cerda-advocats.es\/ca\/aviso-legal\/\" \/>\n<meta property=\"og:locale\" content=\"ca_ES\" \/>\n<meta property=\"og:type\" content=\"article\" \/>\n<meta property=\"og:title\" content=\"Aviso Legal - Despacho Abogados en Ibiza | Cerda Advocats\" \/>\n<meta property=\"og:description\" content=\"DADES IDENTIFICATIVES: \u200d Complint el deure d&#8217;informaci\u00f3 recollit a l&#8217;article 10 de la Llei 34\/2002, d&#8217;11 de juliol, de Serveis de la Societat de la Informaci\u00f3 i del Comer\u00e7 Electr\u00f2nic, li comuniquem que el titular \u00e9s CERD\u00c0 ADVOCATS SL, amb domicili a Carrer Germans Torres i Tur, 7 de 07800-Eivissa , amb n\u00famero de C.I.F [&hellip;]\" \/>\n<meta property=\"og:url\" content=\"https:\/\/cerda-advocats.es\/ca\/aviso-legal\/\" \/>\n<meta property=\"og:site_name\" content=\"Despacho Abogados en Ibiza | Cerda Advocats\" \/>\n<meta property=\"article:modified_time\" content=\"2025-08-08T08:02:59+00:00\" \/>\n<meta name=\"twitter:card\" content=\"summary_large_image\" \/>\n<script type=\"application\/ld+json\" class=\"yoast-schema-graph\">{\"@context\":\"https:\/\/schema.org\",\"@graph\":[{\"@type\":\"WebPage\",\"@id\":\"https:\/\/cerda-advocats.es\/ca\/aviso-legal\/\",\"url\":\"https:\/\/cerda-advocats.es\/ca\/aviso-legal\/\",\"name\":\"Aviso Legal - Despacho Abogados en Ibiza | Cerda Advocats\",\"isPartOf\":{\"@id\":\"https:\/\/cerda-advocats.es\/#website\"},\"datePublished\":\"2025-08-08T07:57:43+00:00\",\"dateModified\":\"2025-08-08T08:02:59+00:00\",\"breadcrumb\":{\"@id\":\"https:\/\/cerda-advocats.es\/ca\/aviso-legal\/#breadcrumb\"},\"inLanguage\":\"ca\",\"potentialAction\":[{\"@type\":\"ReadAction\",\"target\":[\"https:\/\/cerda-advocats.es\/ca\/aviso-legal\/\"]}]},{\"@type\":\"BreadcrumbList\",\"@id\":\"https:\/\/cerda-advocats.es\/ca\/aviso-legal\/#breadcrumb\",\"itemListElement\":[{\"@type\":\"ListItem\",\"position\":1,\"name\":\"Portada\",\"item\":\"https:\/\/cerda-advocats.es\/ca\/inici\/\"},{\"@type\":\"ListItem\",\"position\":2,\"name\":\"Aviso Legal\"}]},{\"@type\":\"WebSite\",\"@id\":\"https:\/\/cerda-advocats.es\/#website\",\"url\":\"https:\/\/cerda-advocats.es\/\",\"name\":\"Despacho Abogados en Ibiza | Cerda Advocats\",\"description\":\"Cerda Advocats es un despacho de abogados en Ibiza con una amplia experiencia en diversas \u00e1reas del derecho. Ofrecemos un asesoramiento integral y personalizado para resolver cualquier problema legal que pueda tener. Cont\u00e1ctanos para m\u00e1s informaci\u00f3n.\",\"publisher\":{\"@id\":\"https:\/\/cerda-advocats.es\/#organization\"},\"potentialAction\":[{\"@type\":\"SearchAction\",\"target\":{\"@type\":\"EntryPoint\",\"urlTemplate\":\"https:\/\/cerda-advocats.es\/?s={search_term_string}\"},\"query-input\":{\"@type\":\"PropertyValueSpecification\",\"valueRequired\":true,\"valueName\":\"search_term_string\"}}],\"inLanguage\":\"ca\"},{\"@type\":\"Organization\",\"@id\":\"https:\/\/cerda-advocats.es\/#organization\",\"name\":\"Despacho Abogados en Ibiza | Cerda Advocats\",\"url\":\"https:\/\/cerda-advocats.es\/\",\"logo\":{\"@type\":\"ImageObject\",\"inLanguage\":\"ca\",\"@id\":\"https:\/\/cerda-advocats.es\/#\/schema\/logo\/image\/\",\"url\":\"https:\/\/cerda-advocats.es\/wp-content\/uploads\/2025\/06\/logo_cerda_advocats.png\",\"contentUrl\":\"https:\/\/cerda-advocats.es\/wp-content\/uploads\/2025\/06\/logo_cerda_advocats.png\",\"width\":500,\"height\":83,\"caption\":\"Despacho Abogados en Ibiza | Cerda Advocats\"},\"image\":{\"@id\":\"https:\/\/cerda-advocats.es\/#\/schema\/logo\/image\/\"}}]}<\/script>\n<!-- \/ Yoast SEO plugin. -->","yoast_head_json":{"title":"Aviso Legal - Despacho Abogados en Ibiza | Cerda Advocats","robots":{"index":"index","follow":"follow","max-snippet":"max-snippet:-1","max-image-preview":"max-image-preview:large","max-video-preview":"max-video-preview:-1"},"canonical":"https:\/\/cerda-advocats.es\/ca\/aviso-legal\/","og_locale":"ca_ES","og_type":"article","og_title":"Aviso Legal - Despacho Abogados en Ibiza | Cerda Advocats","og_description":"DADES IDENTIFICATIVES: \u200d Complint el deure d&#8217;informaci\u00f3 recollit a l&#8217;article 10 de la Llei 34\/2002, d&#8217;11 de juliol, de Serveis de la Societat de la Informaci\u00f3 i del Comer\u00e7 Electr\u00f2nic, li comuniquem que el titular \u00e9s CERD\u00c0 ADVOCATS SL, amb domicili a Carrer Germans Torres i Tur, 7 de 07800-Eivissa , amb n\u00famero de C.I.F [&hellip;]","og_url":"https:\/\/cerda-advocats.es\/ca\/aviso-legal\/","og_site_name":"Despacho Abogados en Ibiza | Cerda Advocats","article_modified_time":"2025-08-08T08:02:59+00:00","twitter_card":"summary_large_image","schema":{"@context":"https:\/\/schema.org","@graph":[{"@type":"WebPage","@id":"https:\/\/cerda-advocats.es\/ca\/aviso-legal\/","url":"https:\/\/cerda-advocats.es\/ca\/aviso-legal\/","name":"Aviso Legal - Despacho Abogados en Ibiza | Cerda Advocats","isPartOf":{"@id":"https:\/\/cerda-advocats.es\/#website"},"datePublished":"2025-08-08T07:57:43+00:00","dateModified":"2025-08-08T08:02:59+00:00","breadcrumb":{"@id":"https:\/\/cerda-advocats.es\/ca\/aviso-legal\/#breadcrumb"},"inLanguage":"ca","potentialAction":[{"@type":"ReadAction","target":["https:\/\/cerda-advocats.es\/ca\/aviso-legal\/"]}]},{"@type":"BreadcrumbList","@id":"https:\/\/cerda-advocats.es\/ca\/aviso-legal\/#breadcrumb","itemListElement":[{"@type":"ListItem","position":1,"name":"Portada","item":"https:\/\/cerda-advocats.es\/ca\/inici\/"},{"@type":"ListItem","position":2,"name":"Aviso Legal"}]},{"@type":"WebSite","@id":"https:\/\/cerda-advocats.es\/#website","url":"https:\/\/cerda-advocats.es\/","name":"Despacho Abogados en Ibiza | Cerda Advocats","description":"Cerda Advocats es un despacho de abogados en Ibiza con una amplia experiencia en diversas \u00e1reas del derecho. Ofrecemos un asesoramiento integral y personalizado para resolver cualquier problema legal que pueda tener. Cont\u00e1ctanos para m\u00e1s informaci\u00f3n.","publisher":{"@id":"https:\/\/cerda-advocats.es\/#organization"},"potentialAction":[{"@type":"SearchAction","target":{"@type":"EntryPoint","urlTemplate":"https:\/\/cerda-advocats.es\/?s={search_term_string}"},"query-input":{"@type":"PropertyValueSpecification","valueRequired":true,"valueName":"search_term_string"}}],"inLanguage":"ca"},{"@type":"Organization","@id":"https:\/\/cerda-advocats.es\/#organization","name":"Despacho Abogados en Ibiza | Cerda Advocats","url":"https:\/\/cerda-advocats.es\/","logo":{"@type":"ImageObject","inLanguage":"ca","@id":"https:\/\/cerda-advocats.es\/#\/schema\/logo\/image\/","url":"https:\/\/cerda-advocats.es\/wp-content\/uploads\/2025\/06\/logo_cerda_advocats.png","contentUrl":"https:\/\/cerda-advocats.es\/wp-content\/uploads\/2025\/06\/logo_cerda_advocats.png","width":500,"height":83,"caption":"Despacho Abogados en Ibiza | Cerda Advocats"},"image":{"@id":"https:\/\/cerda-advocats.es\/#\/schema\/logo\/image\/"}}]}},"_links":{"self":[{"href":"https:\/\/cerda-advocats.es\/ca\/wp-json\/wp\/v2\/pages\/666","targetHints":{"allow":["GET"]}}],"collection":[{"href":"https:\/\/cerda-advocats.es\/ca\/wp-json\/wp\/v2\/pages"}],"about":[{"href":"https:\/\/cerda-advocats.es\/ca\/wp-json\/wp\/v2\/types\/page"}],"author":[{"embeddable":true,"href":"https:\/\/cerda-advocats.es\/ca\/wp-json\/wp\/v2\/users\/1"}],"replies":[{"embeddable":true,"href":"https:\/\/cerda-advocats.es\/ca\/wp-json\/wp\/v2\/comments?post=666"}],"version-history":[{"count":2,"href":"https:\/\/cerda-advocats.es\/ca\/wp-json\/wp\/v2\/pages\/666\/revisions"}],"predecessor-version":[{"id":670,"href":"https:\/\/cerda-advocats.es\/ca\/wp-json\/wp\/v2\/pages\/666\/revisions\/670"}],"wp:attachment":[{"href":"https:\/\/cerda-advocats.es\/ca\/wp-json\/wp\/v2\/media?parent=666"}],"curies":[{"name":"wp","href":"https:\/\/api.w.org\/{rel}","templated":true}]}}